{"id":16619,"date":"2025-03-11T11:45:37","date_gmt":"2025-03-11T10:45:37","guid":{"rendered":"https:\/\/lamaletadelili.com\/?post_type=tribe_events&#038;p=16619"},"modified":"2025-06-17T09:44:33","modified_gmt":"2025-06-17T07:44:33","slug":"petit-tullet-2","status":"publish","type":"tribe_events","link":"https:\/\/lamaletadelili.com\/ca\/agenda\/petit-tullet-2\/","title":{"rendered":"Petit Tullet"},"content":{"rendered":"<p>Els llibres d\u2019<strong>Herv\u00e8 Tullet<\/strong> en cartr\u00f3 especialment editats per les edats primerenques son l\u2019eix d\u2019aquesta proposta experimental.<\/p>\n<p>L\u2019espai es divideix entre cinc-sis estores on cadascuna d\u2019elles trobareu diferents llibres relacionats amb una caracter\u00edstica comuna que es conjunten amb materials delicats i de qualitat oferint diferents possibilitats de descoberta, de joc creatiu i de lectures compartides.<\/p>\n","protected":false},"excerpt":{"rendered":"<p>Dins de la programaci\u00f3 de &#8220;Ludivers amb xancletes 2025&#8221; participen amb la proposta de joc i literatura basada als llibres d&#8217;Herv\u00e9 Tullet i adre\u00e7ada a fam\u00edlies amb infants de 1 a 3 anys.<\/p>\n","protected":false},"author":2,"featured_media":16636,"template":"","meta":{"_uag_custom_page_level_css":"","site-sidebar-layout":"default","site-content-layout":"","ast-site-content-layout":"default","site-content-style":"default","site-sidebar-style":"default","ast-global-header-display":"","ast-banner-title-visibility":"","ast-main-header-display":"","ast-hfb-above-header-display":"","ast-hfb-below-header-display":"","ast-hfb-mobile-header-display":"","site-post-title":"","ast-breadcrumbs-content":"","ast-featured-img":"","footer-sml-layout":"","ast-disable-related-posts":"","theme-transparent-header-meta":"default","adv-header-id-meta":"","stick-header-meta":"default","header-above-stick-meta":"","header-main-stick-meta":"","header-below-stick-meta":"","astra-migrate-meta-layouts":"set","ast-page-background-enabled":"default","ast-page-background-meta":{"desktop":{"background-color":"var(--ast-global-color-4)","background-image":"","background-repeat":"repeat","background-position":"center center","background-size":"auto","background-attachment":"scroll","background-type":"","background-media":"","overlay-type":"","overlay-color":"","overlay-opacity":"","overlay-gradient":""},"tablet":{"background-color":"","background-image":"","background-repeat":"repeat","background-position":"center center","background-size":"auto","background-attachment":"scroll","background-type":"","background-media":"","overlay-type":"","overlay-color":"","overlay-opacity":"","overlay-gradient":""},"mobile":{"background-color":"","background-image":"","background-repeat":"repeat","background-position":"center center","background-size":"auto","background-attachment":"scroll","background-type":"","background-media":"","overlay-type":"","overlay-color":"","overlay-opacity":"","overlay-gradient":""}},"ast-content-background-meta":{"desktop":{"background-color":"var(--ast-global-color-5)","background-image":"","background-repeat":"repeat","background-position":"center center","background-size":"auto","background-attachment":"scroll","background-type":"","background-media":"","overlay-type":"","overlay-color":"","overlay-opacity":"","overlay-gradient":""},"tablet":{"background-color":"var(--ast-global-color-5)","background-image":"","background-repeat":"repeat","background-position":"center center","background-size":"auto","background-attachment":"scroll","background-type":"","background-media":"","overlay-type":"","overlay-color":"","overlay-opacity":"","overlay-gradient":""},"mobile":{"background-color":"var(--ast-global-color-5)","background-image":"","background-repeat":"repeat","background-position":"center center","background-size":"auto","background-attachment":"scroll","background-type":"","background-media":"","overlay-type":"","overlay-color":"","overlay-opacity":"","overlay-gradient":""}},"_tribe_events_status":"","_tribe_events_status_reason":"","footnotes":""},"tags":[815,790],"tribe_events_cat":[798],"class_list":["post-16619","tribe_events","type-tribe_events","status-publish","has-post-thumbnail","hentry","tag-agenda","tag-festival-ludivers","tribe_events_cat-festivals-i-fires","cat_festivals-i-fires"],"yoast_head":"<!-- This site is optimized with the Yoast SEO plugin v27.4 - https:\/\/yoast.com\/product\/yoast-seo-wordpress\/ -->\n<title>Petit Tullet - La maleta de Lili<\/title>\n<meta name=\"description\" content=\"Proposta de literatura i joc dins de la programaci\u00f3 &quot;Amb xancletes&quot; de Ludivers quee es realitzen al Centre C\u00edvic Barri Vell\" \/>\n<meta name=\"robots\" content=\"index, follow, max-snippet:-1, max-image-preview:large, max-video-preview:-1\" \/>\n<link rel=\"canonical\" href=\"https:\/\/lamaletadelili.com\/ca\/agenda\/petit-tullet-2\/\" \/>\n<meta property=\"og:locale\" content=\"ca_ES\" \/>\n<meta property=\"og:type\" content=\"article\" \/>\n<meta property=\"og:title\" content=\"Petit Tullet - La maleta de Lili\" \/>\n<meta property=\"og:description\" content=\"Proposta de literatura i joc dins de la programaci\u00f3 &quot;Amb xancletes&quot; de Ludivers quee es realitzen al Centre C\u00edvic Barri Vell\" \/>\n<meta property=\"og:url\" content=\"https:\/\/lamaletadelili.com\/ca\/agenda\/petit-tullet-2\/\" \/>\n<meta property=\"og:site_name\" content=\"La maleta de Lili\" \/>\n<meta property=\"article:modified_time\" content=\"2025-06-17T07:44:33+00:00\" \/>\n<meta property=\"og:image\" content=\"https:\/\/lamaletadelili.com\/wp-content\/uploads\/2025\/03\/Petit-Tullet-1.jpg\" \/>\n\t<meta property=\"og:image:width\" content=\"900\" \/>\n\t<meta property=\"og:image:height\" content=\"482\" \/>\n\t<meta property=\"og:image:type\" content=\"image\/jpeg\" \/>\n<meta name=\"twitter:card\" content=\"summary_large_image\" \/>\n<meta name=\"twitter:label1\" content=\"Temps estimat de lectura\" \/>\n\t<meta name=\"twitter:data1\" content=\"1 minut\" \/>\n<script type=\"application\/ld+json\" class=\"yoast-schema-graph\">{\"@context\":\"https:\\\/\\\/schema.org\",\"@graph\":[{\"@type\":\"WebPage\",\"@id\":\"https:\\\/\\\/lamaletadelili.com\\\/ca\\\/agenda\\\/petit-tullet-2\\\/\",\"url\":\"https:\\\/\\\/lamaletadelili.com\\\/ca\\\/agenda\\\/petit-tullet-2\\\/\",\"name\":\"Petit Tullet - La maleta de Lili\",\"isPartOf\":{\"@id\":\"https:\\\/\\\/lamaletadelili.com\\\/#website\"},\"primaryImageOfPage\":{\"@id\":\"https:\\\/\\\/lamaletadelili.com\\\/ca\\\/agenda\\\/petit-tullet-2\\\/#primaryimage\"},\"image\":{\"@id\":\"https:\\\/\\\/lamaletadelili.com\\\/ca\\\/agenda\\\/petit-tullet-2\\\/#primaryimage\"},\"thumbnailUrl\":\"https:\\\/\\\/lamaletadelili.com\\\/wp-content\\\/uploads\\\/2025\\\/03\\\/Petit-Tullet-1.jpg\",\"datePublished\":\"2025-03-11T10:45:37+00:00\",\"dateModified\":\"2025-06-17T07:44:33+00:00\",\"description\":\"Proposta de literatura i joc dins de la programaci\u00f3 \\\"Amb xancletes\\\" de Ludivers quee es realitzen al Centre C\u00edvic Barri Vell\",\"breadcrumb\":{\"@id\":\"https:\\\/\\\/lamaletadelili.com\\\/ca\\\/agenda\\\/petit-tullet-2\\\/#breadcrumb\"},\"inLanguage\":\"ca\",\"potentialAction\":[{\"@type\":\"ReadAction\",\"target\":[\"https:\\\/\\\/lamaletadelili.com\\\/ca\\\/agenda\\\/petit-tullet-2\\\/\"]}]},{\"@type\":\"ImageObject\",\"inLanguage\":\"ca\",\"@id\":\"https:\\\/\\\/lamaletadelili.com\\\/ca\\\/agenda\\\/petit-tullet-2\\\/#primaryimage\",\"url\":\"https:\\\/\\\/lamaletadelili.com\\\/wp-content\\\/uploads\\\/2025\\\/03\\\/Petit-Tullet-1.jpg\",\"contentUrl\":\"https:\\\/\\\/lamaletadelili.com\\\/wp-content\\\/uploads\\\/2025\\\/03\\\/Petit-Tullet-1.jpg\",\"width\":900,\"height\":482,\"caption\":\"LLibres de Tullet per jugar amb la literatura\"},{\"@type\":\"BreadcrumbList\",\"@id\":\"https:\\\/\\\/lamaletadelili.com\\\/ca\\\/agenda\\\/petit-tullet-2\\\/#breadcrumb\",\"itemListElement\":[{\"@type\":\"ListItem\",\"position\":1,\"name\":\"Portada\",\"item\":\"https:\\\/\\\/lamaletadelili.com\\\/ca\\\/\"},{\"@type\":\"ListItem\",\"position\":2,\"name\":\"Esdeveniments\",\"item\":\"https:\\\/\\\/lamaletadelili.com\\\/ca\\\/eventos\\\/\"},{\"@type\":\"ListItem\",\"position\":3,\"name\":\"Petit Tullet\"}]},{\"@type\":\"WebSite\",\"@id\":\"https:\\\/\\\/lamaletadelili.com\\\/#website\",\"url\":\"https:\\\/\\\/lamaletadelili.com\\\/\",\"name\":\"La maleta de Lili\",\"description\":\"Cuenta cuentos\",\"publisher\":{\"@id\":\"https:\\\/\\\/lamaletadelili.com\\\/#organization\"},\"potentialAction\":[{\"@type\":\"SearchAction\",\"target\":{\"@type\":\"EntryPoint\",\"urlTemplate\":\"https:\\\/\\\/lamaletadelili.com\\\/?s={search_term_string}\"},\"query-input\":{\"@type\":\"PropertyValueSpecification\",\"valueRequired\":true,\"valueName\":\"search_term_string\"}}],\"inLanguage\":\"ca\"},{\"@type\":\"Organization\",\"@id\":\"https:\\\/\\\/lamaletadelili.com\\\/#organization\",\"name\":\"La maleta de Lili\",\"url\":\"https:\\\/\\\/lamaletadelili.com\\\/\",\"logo\":{\"@type\":\"ImageObject\",\"inLanguage\":\"ca\",\"@id\":\"https:\\\/\\\/lamaletadelili.com\\\/#\\\/schema\\\/logo\\\/image\\\/\",\"url\":\"https:\\\/\\\/lamaletadelili.com\\\/wp-content\\\/uploads\\\/2019\\\/07\\\/LOGO-La-maleta-de-Lili-catalan.png\",\"contentUrl\":\"https:\\\/\\\/lamaletadelili.com\\\/wp-content\\\/uploads\\\/2019\\\/07\\\/LOGO-La-maleta-de-Lili-catalan.png\",\"width\":450,\"height\":177,\"caption\":\"La maleta de Lili\"},\"image\":{\"@id\":\"https:\\\/\\\/lamaletadelili.com\\\/#\\\/schema\\\/logo\\\/image\\\/\"}}]}<\/script>\n<!-- \/ Yoast SEO plugin. -->","yoast_head_json":{"title":"Petit Tullet - La maleta de Lili","description":"Proposta de literatura i joc dins de la programaci\u00f3 \"Amb xancletes\" de Ludivers quee es realitzen al Centre C\u00edvic Barri Vell","robots":{"index":"index","follow":"follow","max-snippet":"max-snippet:-1","max-image-preview":"max-image-preview:large","max-video-preview":"max-video-preview:-1"},"canonical":"https:\/\/lamaletadelili.com\/ca\/agenda\/petit-tullet-2\/","og_locale":"ca_ES","og_type":"article","og_title":"Petit Tullet - La maleta de Lili","og_description":"Proposta de literatura i joc dins de la programaci\u00f3 \"Amb xancletes\" de Ludivers quee es realitzen al Centre C\u00edvic Barri Vell","og_url":"https:\/\/lamaletadelili.com\/ca\/agenda\/petit-tullet-2\/","og_site_name":"La maleta de Lili","article_modified_time":"2025-06-17T07:44:33+00:00","og_image":[{"width":900,"height":482,"url":"https:\/\/lamaletadelili.com\/wp-content\/uploads\/2025\/03\/Petit-Tullet-1.jpg","type":"image\/jpeg"}],"twitter_card":"summary_large_image","twitter_misc":{"Temps estimat de lectura":"1 minut"},"schema":{"@context":"https:\/\/schema.org","@graph":[{"@type":"WebPage","@id":"https:\/\/lamaletadelili.com\/ca\/agenda\/petit-tullet-2\/","url":"https:\/\/lamaletadelili.com\/ca\/agenda\/petit-tullet-2\/","name":"Petit Tullet - La maleta de Lili","isPartOf":{"@id":"https:\/\/lamaletadelili.com\/#website"},"primaryImageOfPage":{"@id":"https:\/\/lamaletadelili.com\/ca\/agenda\/petit-tullet-2\/#primaryimage"},"image":{"@id":"https:\/\/lamaletadelili.com\/ca\/agenda\/petit-tullet-2\/#primaryimage"},"thumbnailUrl":"https:\/\/lamaletadelili.com\/wp-content\/uploads\/2025\/03\/Petit-Tullet-1.jpg","datePublished":"2025-03-11T10:45:37+00:00","dateModified":"2025-06-17T07:44:33+00:00","description":"Proposta de literatura i joc dins de la programaci\u00f3 \"Amb xancletes\" de Ludivers quee es realitzen al Centre C\u00edvic Barri Vell","breadcrumb":{"@id":"https:\/\/lamaletadelili.com\/ca\/agenda\/petit-tullet-2\/#breadcrumb"},"inLanguage":"ca","potentialAction":[{"@type":"ReadAction","target":["https:\/\/lamaletadelili.com\/ca\/agenda\/petit-tullet-2\/"]}]},{"@type":"ImageObject","inLanguage":"ca","@id":"https:\/\/lamaletadelili.com\/ca\/agenda\/petit-tullet-2\/#primaryimage","url":"https:\/\/lamaletadelili.com\/wp-content\/uploads\/2025\/03\/Petit-Tullet-1.jpg","contentUrl":"https:\/\/lamaletadelili.com\/wp-content\/uploads\/2025\/03\/Petit-Tullet-1.jpg","width":900,"height":482,"caption":"LLibres de Tullet per jugar amb la literatura"},{"@type":"BreadcrumbList","@id":"https:\/\/lamaletadelili.com\/ca\/agenda\/petit-tullet-2\/#breadcrumb","itemListElement":[{"@type":"ListItem","position":1,"name":"Portada","item":"https:\/\/lamaletadelili.com\/ca\/"},{"@type":"ListItem","position":2,"name":"Esdeveniments","item":"https:\/\/lamaletadelili.com\/ca\/eventos\/"},{"@type":"ListItem","position":3,"name":"Petit Tullet"}]},{"@type":"WebSite","@id":"https:\/\/lamaletadelili.com\/#website","url":"https:\/\/lamaletadelili.com\/","name":"La maleta de Lili","description":"Cuenta cuentos","publisher":{"@id":"https:\/\/lamaletadelili.com\/#organization"},"potentialAction":[{"@type":"SearchAction","target":{"@type":"EntryPoint","urlTemplate":"https:\/\/lamaletadelili.com\/?s={search_term_string}"},"query-input":{"@type":"PropertyValueSpecification","valueRequired":true,"valueName":"search_term_string"}}],"inLanguage":"ca"},{"@type":"Organization","@id":"https:\/\/lamaletadelili.com\/#organization","name":"La maleta de Lili","url":"https:\/\/lamaletadelili.com\/","logo":{"@type":"ImageObject","inLanguage":"ca","@id":"https:\/\/lamaletadelili.com\/#\/schema\/logo\/image\/","url":"https:\/\/lamaletadelili.com\/wp-content\/uploads\/2019\/07\/LOGO-La-maleta-de-Lili-catalan.png","contentUrl":"https:\/\/lamaletadelili.com\/wp-content\/uploads\/2019\/07\/LOGO-La-maleta-de-Lili-catalan.png","width":450,"height":177,"caption":"La maleta de Lili"},"image":{"@id":"https:\/\/lamaletadelili.com\/#\/schema\/logo\/image\/"}}]}},"uagb_featured_image_src":{"full":["https:\/\/lamaletadelili.com\/wp-content\/uploads\/2025\/03\/Petit-Tullet-1.jpg",900,482,false],"thumbnail":["https:\/\/lamaletadelili.com\/wp-content\/uploads\/2025\/03\/Petit-Tullet-1-150x150.jpg",150,150,true],"medium":["https:\/\/lamaletadelili.com\/wp-content\/uploads\/2025\/03\/Petit-Tullet-1-380x204.jpg",380,204,true],"medium_large":["https:\/\/lamaletadelili.com\/wp-content\/uploads\/2025\/03\/Petit-Tullet-1-768x411.jpg",768,411,true],"large":["https:\/\/lamaletadelili.com\/wp-content\/uploads\/2025\/03\/Petit-Tullet-1-800x428.jpg",800,428,true],"1536x1536":["https:\/\/lamaletadelili.com\/wp-content\/uploads\/2025\/03\/Petit-Tullet-1.jpg",900,482,false],"2048x2048":["https:\/\/lamaletadelili.com\/wp-content\/uploads\/2025\/03\/Petit-Tullet-1.jpg",900,482,false]},"uagb_author_info":{"display_name":"Lili","author_link":"https:\/\/lamaletadelili.com\/ca\/author\/lili\/"},"uagb_comment_info":0,"uagb_excerpt":"Dins de la programaci\u00f3 de \"Ludivers amb xancletes 2025\" participen amb la proposta de joc i literatura basada als llibres d'Herv\u00e9 Tullet i adre\u00e7ada a fam\u00edlies amb infants de 1 a 3 anys.","_links":{"self":[{"href":"https:\/\/lamaletadelili.com\/ca\/wp-json\/wp\/v2\/tribe_events\/16619","targetHints":{"allow":["GET"]}}],"collection":[{"href":"https:\/\/lamaletadelili.com\/ca\/wp-json\/wp\/v2\/tribe_events"}],"about":[{"href":"https:\/\/lamaletadelili.com\/ca\/wp-json\/wp\/v2\/types\/tribe_events"}],"author":[{"embeddable":true,"href":"https:\/\/lamaletadelili.com\/ca\/wp-json\/wp\/v2\/users\/2"}],"version-history":[{"count":0,"href":"https:\/\/lamaletadelili.com\/ca\/wp-json\/wp\/v2\/tribe_events\/16619\/revisions"}],"wp:featuredmedia":[{"embeddable":true,"href":"https:\/\/lamaletadelili.com\/ca\/wp-json\/wp\/v2\/media\/16636"}],"wp:attachment":[{"href":"https:\/\/lamaletadelili.com\/ca\/wp-json\/wp\/v2\/media?parent=16619"}],"wp:term":[{"taxonomy":"post_tag","embeddable":true,"href":"https:\/\/lamaletadelili.com\/ca\/wp-json\/wp\/v2\/tags?post=16619"},{"taxonomy":"tribe_events_cat","embeddable":true,"href":"https:\/\/lamaletadelili.com\/ca\/wp-json\/wp\/v2\/tribe_events_cat?post=16619"}],"curies":[{"name":"wp","href":"https:\/\/api.w.org\/{rel}","templated":true}]}}