{"id":16546,"date":"2025-02-05T10:09:29","date_gmt":"2025-02-05T09:09:29","guid":{"rendered":"https:\/\/lamaletadelili.com\/?post_type=tribe_events&#038;p=16546"},"modified":"2026-01-18T08:46:29","modified_gmt":"2026-01-18T07:46:29","slug":"la-rinxols-dor-i-els-tres-ossos-9","status":"publish","type":"tribe_events","link":"https:\/\/lamaletadelili.com\/ca\/agenda\/la-rinxols-dor-i-els-tres-ossos-9\/","title":{"rendered":"La R\u00ednxols d&#8217;Or i els tres \u00f3ssos"},"content":{"rendered":"<div class=\"xdj266r x11i5rnm xat24cr x1mh8g0r x1vvkbs\"><strong>Una fam\u00edlia d\u2019\u00f3ssos i una nena<\/strong> que es fica dins de casa seva seran els protagonistes de la sessi\u00f3 de Contes dins de la programaci\u00f3 de la <a href=\"https:\/\/bibliotecavirtual.diba.cat\/es\/martorelles-biblioteca-lolita-mila\"><strong>Biblioteca Lolita Mil\u00e0<\/strong><\/a> de Martorelles.<\/div>\n<div class=\"x11i5rnm xat24cr x1mh8g0r x1vvkbs xtlvy1s\">Aquest conte cl\u00e0ssic surt a escena, representat pels seus personatges i la seva hist\u00f2ria acompanyada de les tonalitats d\u2019un instrument musical.<\/div>\n","protected":false},"excerpt":{"rendered":"<p>Una combinaci\u00f3 de la narraci\u00f3 oral del conte cl\u00e0ssic \u201cLa R\u00ednxols d\u2019Or i els tres ossos\u201d en la que els seus personatges escenifiquen la hist\u00f2ria acompanyada de les tonalitats d\u2019un instrument musical.<\/p>\n","protected":false},"author":2,"featured_media":16547,"template":"","meta":{"_uag_custom_page_level_css":"","site-sidebar-layout":"default","site-content-layout":"","ast-site-content-layout":"default","site-content-style":"default","site-sidebar-style":"default","ast-global-header-display":"","ast-banner-title-visibility":"","ast-main-header-display":"","ast-hfb-above-header-display":"","ast-hfb-below-header-display":"","ast-hfb-mobile-header-display":"","site-post-title":"","ast-breadcrumbs-content":"","ast-featured-img":"","footer-sml-layout":"","ast-disable-related-posts":"","theme-transparent-header-meta":"default","adv-header-id-meta":"","stick-header-meta":"default","header-above-stick-meta":"","header-main-stick-meta":"","header-below-stick-meta":"","astra-migrate-meta-layouts":"set","ast-page-background-enabled":"default","ast-page-background-meta":{"desktop":{"background-color":"var(--ast-global-color-4)","background-image":"","background-repeat":"repeat","background-position":"center center","background-size":"auto","background-attachment":"scroll","background-type":"","background-media":"","overlay-type":"","overlay-color":"","overlay-opacity":"","overlay-gradient":""},"tablet":{"background-color":"","background-image":"","background-repeat":"repeat","background-position":"center center","background-size":"auto","background-attachment":"scroll","background-type":"","background-media":"","overlay-type":"","overlay-color":"","overlay-opacity":"","overlay-gradient":""},"mobile":{"background-color":"","background-image":"","background-repeat":"repeat","background-position":"center center","background-size":"auto","background-attachment":"scroll","background-type":"","background-media":"","overlay-type":"","overlay-color":"","overlay-opacity":"","overlay-gradient":""}},"ast-content-background-meta":{"desktop":{"background-color":"var(--ast-global-color-5)","background-image":"","background-repeat":"repeat","background-position":"center center","background-size":"auto","background-attachment":"scroll","background-type":"","background-media":"","overlay-type":"","overlay-color":"","overlay-opacity":"","overlay-gradient":""},"tablet":{"background-color":"var(--ast-global-color-5)","background-image":"","background-repeat":"repeat","background-position":"center center","background-size":"auto","background-attachment":"scroll","background-type":"","background-media":"","overlay-type":"","overlay-color":"","overlay-opacity":"","overlay-gradient":""},"mobile":{"background-color":"var(--ast-global-color-5)","background-image":"","background-repeat":"repeat","background-position":"center center","background-size":"auto","background-attachment":"scroll","background-type":"","background-media":"","overlay-type":"","overlay-color":"","overlay-opacity":"","overlay-gradient":""}},"_tribe_events_status":"","_tribe_events_status_reason":"","footnotes":""},"tags":[815,928],"tribe_events_cat":[860],"class_list":["post-16546","tribe_events","type-tribe_events","status-publish","has-post-thumbnail","hentry","tag-agenda","tag-bbiblioteca-lolita-mila","tribe_events_cat-lhora-menuda","cat_lhora-menuda"],"yoast_head":"<!-- This site is optimized with the Yoast SEO plugin v27.4 - https:\/\/yoast.com\/product\/yoast-seo-wordpress\/ -->\n<title>La R\u00ednxols d&#039;Or i els tres \u00f3ssos - La maleta de Lili<\/title>\n<meta name=\"description\" content=\"El conte cl\u00e0ssic &quot;La R\u00ednxors d&#039;or i els tres \u00f3ssos&quot; amb m\u00fasica en directe us espera a la Biblioteca Lolita Mil\u00e0 de Martorelles.\" \/>\n<meta name=\"robots\" content=\"index, follow, max-snippet:-1, max-image-preview:large, max-video-preview:-1\" \/>\n<link rel=\"canonical\" href=\"https:\/\/lamaletadelili.com\/ca\/agenda\/la-rinxols-dor-i-els-tres-ossos-9\/\" \/>\n<meta property=\"og:locale\" content=\"ca_ES\" \/>\n<meta property=\"og:type\" content=\"article\" \/>\n<meta property=\"og:title\" content=\"La R\u00ednxols d&#039;Or i els tres \u00f3ssos - La maleta de Lili\" \/>\n<meta property=\"og:description\" content=\"El conte cl\u00e0ssic &quot;La R\u00ednxors d&#039;or i els tres \u00f3ssos&quot; amb m\u00fasica en directe us espera a la Biblioteca Lolita Mil\u00e0 de Martorelles.\" \/>\n<meta property=\"og:url\" content=\"https:\/\/lamaletadelili.com\/ca\/agenda\/la-rinxols-dor-i-els-tres-ossos-9\/\" \/>\n<meta property=\"og:site_name\" content=\"La maleta de Lili\" \/>\n<meta property=\"article:modified_time\" content=\"2026-01-18T07:46:29+00:00\" \/>\n<meta property=\"og:image\" content=\"https:\/\/lamaletadelili.com\/wp-content\/uploads\/2025\/02\/La-Rinxols-dOr-i-els-tres-ossos.jpg\" \/>\n\t<meta property=\"og:image:width\" content=\"900\" \/>\n\t<meta property=\"og:image:height\" content=\"677\" \/>\n\t<meta property=\"og:image:type\" content=\"image\/jpeg\" \/>\n<meta name=\"twitter:card\" content=\"summary_large_image\" \/>\n<meta name=\"twitter:label1\" content=\"Temps estimat de lectura\" \/>\n\t<meta name=\"twitter:data1\" content=\"1 minut\" \/>\n<script type=\"application\/ld+json\" class=\"yoast-schema-graph\">{\"@context\":\"https:\\\/\\\/schema.org\",\"@graph\":[{\"@type\":\"WebPage\",\"@id\":\"https:\\\/\\\/lamaletadelili.com\\\/ca\\\/agenda\\\/la-rinxols-dor-i-els-tres-ossos-9\\\/\",\"url\":\"https:\\\/\\\/lamaletadelili.com\\\/ca\\\/agenda\\\/la-rinxols-dor-i-els-tres-ossos-9\\\/\",\"name\":\"La R\u00ednxols d'Or i els tres \u00f3ssos - La maleta de Lili\",\"isPartOf\":{\"@id\":\"https:\\\/\\\/lamaletadelili.com\\\/#website\"},\"primaryImageOfPage\":{\"@id\":\"https:\\\/\\\/lamaletadelili.com\\\/ca\\\/agenda\\\/la-rinxols-dor-i-els-tres-ossos-9\\\/#primaryimage\"},\"image\":{\"@id\":\"https:\\\/\\\/lamaletadelili.com\\\/ca\\\/agenda\\\/la-rinxols-dor-i-els-tres-ossos-9\\\/#primaryimage\"},\"thumbnailUrl\":\"https:\\\/\\\/lamaletadelili.com\\\/wp-content\\\/uploads\\\/2025\\\/02\\\/La-Rinxols-dOr-i-els-tres-ossos.jpg\",\"datePublished\":\"2025-02-05T09:09:29+00:00\",\"dateModified\":\"2026-01-18T07:46:29+00:00\",\"description\":\"El conte cl\u00e0ssic \\\"La R\u00ednxors d'or i els tres \u00f3ssos\\\" amb m\u00fasica en directe us espera a la Biblioteca Lolita Mil\u00e0 de Martorelles.\",\"breadcrumb\":{\"@id\":\"https:\\\/\\\/lamaletadelili.com\\\/ca\\\/agenda\\\/la-rinxols-dor-i-els-tres-ossos-9\\\/#breadcrumb\"},\"inLanguage\":\"ca\",\"potentialAction\":[{\"@type\":\"ReadAction\",\"target\":[\"https:\\\/\\\/lamaletadelili.com\\\/ca\\\/agenda\\\/la-rinxols-dor-i-els-tres-ossos-9\\\/\"]}]},{\"@type\":\"ImageObject\",\"inLanguage\":\"ca\",\"@id\":\"https:\\\/\\\/lamaletadelili.com\\\/ca\\\/agenda\\\/la-rinxols-dor-i-els-tres-ossos-9\\\/#primaryimage\",\"url\":\"https:\\\/\\\/lamaletadelili.com\\\/wp-content\\\/uploads\\\/2025\\\/02\\\/La-Rinxols-dOr-i-els-tres-ossos.jpg\",\"contentUrl\":\"https:\\\/\\\/lamaletadelili.com\\\/wp-content\\\/uploads\\\/2025\\\/02\\\/La-Rinxols-dOr-i-els-tres-ossos.jpg\",\"width\":900,\"height\":677,\"caption\":\"La R\u00ednxols d'Or i els tres \u00f3ssos\"},{\"@type\":\"BreadcrumbList\",\"@id\":\"https:\\\/\\\/lamaletadelili.com\\\/ca\\\/agenda\\\/la-rinxols-dor-i-els-tres-ossos-9\\\/#breadcrumb\",\"itemListElement\":[{\"@type\":\"ListItem\",\"position\":1,\"name\":\"Portada\",\"item\":\"https:\\\/\\\/lamaletadelili.com\\\/ca\\\/\"},{\"@type\":\"ListItem\",\"position\":2,\"name\":\"Esdeveniments\",\"item\":\"https:\\\/\\\/lamaletadelili.com\\\/ca\\\/eventos\\\/\"},{\"@type\":\"ListItem\",\"position\":3,\"name\":\"La R\u00ednxols d&#8217;Or i els tres \u00f3ssos\"}]},{\"@type\":\"WebSite\",\"@id\":\"https:\\\/\\\/lamaletadelili.com\\\/#website\",\"url\":\"https:\\\/\\\/lamaletadelili.com\\\/\",\"name\":\"La maleta de Lili\",\"description\":\"Cuenta cuentos\",\"publisher\":{\"@id\":\"https:\\\/\\\/lamaletadelili.com\\\/#organization\"},\"potentialAction\":[{\"@type\":\"SearchAction\",\"target\":{\"@type\":\"EntryPoint\",\"urlTemplate\":\"https:\\\/\\\/lamaletadelili.com\\\/?s={search_term_string}\"},\"query-input\":{\"@type\":\"PropertyValueSpecification\",\"valueRequired\":true,\"valueName\":\"search_term_string\"}}],\"inLanguage\":\"ca\"},{\"@type\":\"Organization\",\"@id\":\"https:\\\/\\\/lamaletadelili.com\\\/#organization\",\"name\":\"La maleta de Lili\",\"url\":\"https:\\\/\\\/lamaletadelili.com\\\/\",\"logo\":{\"@type\":\"ImageObject\",\"inLanguage\":\"ca\",\"@id\":\"https:\\\/\\\/lamaletadelili.com\\\/#\\\/schema\\\/logo\\\/image\\\/\",\"url\":\"https:\\\/\\\/lamaletadelili.com\\\/wp-content\\\/uploads\\\/2019\\\/07\\\/LOGO-La-maleta-de-Lili-catalan.png\",\"contentUrl\":\"https:\\\/\\\/lamaletadelili.com\\\/wp-content\\\/uploads\\\/2019\\\/07\\\/LOGO-La-maleta-de-Lili-catalan.png\",\"width\":450,\"height\":177,\"caption\":\"La maleta de Lili\"},\"image\":{\"@id\":\"https:\\\/\\\/lamaletadelili.com\\\/#\\\/schema\\\/logo\\\/image\\\/\"}}]}<\/script>\n<!-- \/ Yoast SEO plugin. -->","yoast_head_json":{"title":"La R\u00ednxols d'Or i els tres \u00f3ssos - La maleta de Lili","description":"El conte cl\u00e0ssic \"La R\u00ednxors d'or i els tres \u00f3ssos\" amb m\u00fasica en directe us espera a la Biblioteca Lolita Mil\u00e0 de Martorelles.","robots":{"index":"index","follow":"follow","max-snippet":"max-snippet:-1","max-image-preview":"max-image-preview:large","max-video-preview":"max-video-preview:-1"},"canonical":"https:\/\/lamaletadelili.com\/ca\/agenda\/la-rinxols-dor-i-els-tres-ossos-9\/","og_locale":"ca_ES","og_type":"article","og_title":"La R\u00ednxols d'Or i els tres \u00f3ssos - La maleta de Lili","og_description":"El conte cl\u00e0ssic \"La R\u00ednxors d'or i els tres \u00f3ssos\" amb m\u00fasica en directe us espera a la Biblioteca Lolita Mil\u00e0 de Martorelles.","og_url":"https:\/\/lamaletadelili.com\/ca\/agenda\/la-rinxols-dor-i-els-tres-ossos-9\/","og_site_name":"La maleta de Lili","article_modified_time":"2026-01-18T07:46:29+00:00","og_image":[{"width":900,"height":677,"url":"https:\/\/lamaletadelili.com\/wp-content\/uploads\/2025\/02\/La-Rinxols-dOr-i-els-tres-ossos.jpg","type":"image\/jpeg"}],"twitter_card":"summary_large_image","twitter_misc":{"Temps estimat de lectura":"1 minut"},"schema":{"@context":"https:\/\/schema.org","@graph":[{"@type":"WebPage","@id":"https:\/\/lamaletadelili.com\/ca\/agenda\/la-rinxols-dor-i-els-tres-ossos-9\/","url":"https:\/\/lamaletadelili.com\/ca\/agenda\/la-rinxols-dor-i-els-tres-ossos-9\/","name":"La R\u00ednxols d'Or i els tres \u00f3ssos - La maleta de Lili","isPartOf":{"@id":"https:\/\/lamaletadelili.com\/#website"},"primaryImageOfPage":{"@id":"https:\/\/lamaletadelili.com\/ca\/agenda\/la-rinxols-dor-i-els-tres-ossos-9\/#primaryimage"},"image":{"@id":"https:\/\/lamaletadelili.com\/ca\/agenda\/la-rinxols-dor-i-els-tres-ossos-9\/#primaryimage"},"thumbnailUrl":"https:\/\/lamaletadelili.com\/wp-content\/uploads\/2025\/02\/La-Rinxols-dOr-i-els-tres-ossos.jpg","datePublished":"2025-02-05T09:09:29+00:00","dateModified":"2026-01-18T07:46:29+00:00","description":"El conte cl\u00e0ssic \"La R\u00ednxors d'or i els tres \u00f3ssos\" amb m\u00fasica en directe us espera a la Biblioteca Lolita Mil\u00e0 de Martorelles.","breadcrumb":{"@id":"https:\/\/lamaletadelili.com\/ca\/agenda\/la-rinxols-dor-i-els-tres-ossos-9\/#breadcrumb"},"inLanguage":"ca","potentialAction":[{"@type":"ReadAction","target":["https:\/\/lamaletadelili.com\/ca\/agenda\/la-rinxols-dor-i-els-tres-ossos-9\/"]}]},{"@type":"ImageObject","inLanguage":"ca","@id":"https:\/\/lamaletadelili.com\/ca\/agenda\/la-rinxols-dor-i-els-tres-ossos-9\/#primaryimage","url":"https:\/\/lamaletadelili.com\/wp-content\/uploads\/2025\/02\/La-Rinxols-dOr-i-els-tres-ossos.jpg","contentUrl":"https:\/\/lamaletadelili.com\/wp-content\/uploads\/2025\/02\/La-Rinxols-dOr-i-els-tres-ossos.jpg","width":900,"height":677,"caption":"La R\u00ednxols d'Or i els tres \u00f3ssos"},{"@type":"BreadcrumbList","@id":"https:\/\/lamaletadelili.com\/ca\/agenda\/la-rinxols-dor-i-els-tres-ossos-9\/#breadcrumb","itemListElement":[{"@type":"ListItem","position":1,"name":"Portada","item":"https:\/\/lamaletadelili.com\/ca\/"},{"@type":"ListItem","position":2,"name":"Esdeveniments","item":"https:\/\/lamaletadelili.com\/ca\/eventos\/"},{"@type":"ListItem","position":3,"name":"La R\u00ednxols d&#8217;Or i els tres \u00f3ssos"}]},{"@type":"WebSite","@id":"https:\/\/lamaletadelili.com\/#website","url":"https:\/\/lamaletadelili.com\/","name":"La maleta de Lili","description":"Cuenta cuentos","publisher":{"@id":"https:\/\/lamaletadelili.com\/#organization"},"potentialAction":[{"@type":"SearchAction","target":{"@type":"EntryPoint","urlTemplate":"https:\/\/lamaletadelili.com\/?s={search_term_string}"},"query-input":{"@type":"PropertyValueSpecification","valueRequired":true,"valueName":"search_term_string"}}],"inLanguage":"ca"},{"@type":"Organization","@id":"https:\/\/lamaletadelili.com\/#organization","name":"La maleta de Lili","url":"https:\/\/lamaletadelili.com\/","logo":{"@type":"ImageObject","inLanguage":"ca","@id":"https:\/\/lamaletadelili.com\/#\/schema\/logo\/image\/","url":"https:\/\/lamaletadelili.com\/wp-content\/uploads\/2019\/07\/LOGO-La-maleta-de-Lili-catalan.png","contentUrl":"https:\/\/lamaletadelili.com\/wp-content\/uploads\/2019\/07\/LOGO-La-maleta-de-Lili-catalan.png","width":450,"height":177,"caption":"La maleta de Lili"},"image":{"@id":"https:\/\/lamaletadelili.com\/#\/schema\/logo\/image\/"}}]}},"uagb_featured_image_src":{"full":["https:\/\/lamaletadelili.com\/wp-content\/uploads\/2025\/02\/La-Rinxols-dOr-i-els-tres-ossos.jpg",900,677,false],"thumbnail":["https:\/\/lamaletadelili.com\/wp-content\/uploads\/2025\/02\/La-Rinxols-dOr-i-els-tres-ossos-150x150.jpg",150,150,true],"medium":["https:\/\/lamaletadelili.com\/wp-content\/uploads\/2025\/02\/La-Rinxols-dOr-i-els-tres-ossos-286x215.jpg",286,215,true],"medium_large":["https:\/\/lamaletadelili.com\/wp-content\/uploads\/2025\/02\/La-Rinxols-dOr-i-els-tres-ossos-768x578.jpg",768,578,true],"large":["https:\/\/lamaletadelili.com\/wp-content\/uploads\/2025\/02\/La-Rinxols-dOr-i-els-tres-ossos-598x450.jpg",598,450,true],"1536x1536":["https:\/\/lamaletadelili.com\/wp-content\/uploads\/2025\/02\/La-Rinxols-dOr-i-els-tres-ossos.jpg",900,677,false],"2048x2048":["https:\/\/lamaletadelili.com\/wp-content\/uploads\/2025\/02\/La-Rinxols-dOr-i-els-tres-ossos.jpg",900,677,false]},"uagb_author_info":{"display_name":"Lili","author_link":"https:\/\/lamaletadelili.com\/ca\/author\/lili\/"},"uagb_comment_info":0,"uagb_excerpt":"Una combinaci\u00f3 de la narraci\u00f3 oral del conte cl\u00e0ssic \u201cLa R\u00ednxols d\u2019Or i els tres ossos\u201d en la que els seus personatges escenifiquen la hist\u00f2ria acompanyada de les tonalitats d\u2019un instrument musical.","_links":{"self":[{"href":"https:\/\/lamaletadelili.com\/ca\/wp-json\/wp\/v2\/tribe_events\/16546","targetHints":{"allow":["GET"]}}],"collection":[{"href":"https:\/\/lamaletadelili.com\/ca\/wp-json\/wp\/v2\/tribe_events"}],"about":[{"href":"https:\/\/lamaletadelili.com\/ca\/wp-json\/wp\/v2\/types\/tribe_events"}],"author":[{"embeddable":true,"href":"https:\/\/lamaletadelili.com\/ca\/wp-json\/wp\/v2\/users\/2"}],"version-history":[{"count":0,"href":"https:\/\/lamaletadelili.com\/ca\/wp-json\/wp\/v2\/tribe_events\/16546\/revisions"}],"wp:featuredmedia":[{"embeddable":true,"href":"https:\/\/lamaletadelili.com\/ca\/wp-json\/wp\/v2\/media\/16547"}],"wp:attachment":[{"href":"https:\/\/lamaletadelili.com\/ca\/wp-json\/wp\/v2\/media?parent=16546"}],"wp:term":[{"taxonomy":"post_tag","embeddable":true,"href":"https:\/\/lamaletadelili.com\/ca\/wp-json\/wp\/v2\/tags?post=16546"},{"taxonomy":"tribe_events_cat","embeddable":true,"href":"https:\/\/lamaletadelili.com\/ca\/wp-json\/wp\/v2\/tribe_events_cat?post=16546"}],"curies":[{"name":"wp","href":"https:\/\/api.w.org\/{rel}","templated":true}]}}