{"id":16476,"date":"2024-12-12T10:25:41","date_gmt":"2024-12-12T09:25:41","guid":{"rendered":"https:\/\/lamaletadelili.com\/?post_type=tribe_events&#038;p=16476"},"modified":"2026-01-23T11:48:50","modified_gmt":"2026-01-23T10:48:50","slug":"les-disfresses-del-sr-prudenci-2","status":"publish","type":"tribe_events","link":"https:\/\/lamaletadelili.com\/ca\/agenda\/les-disfresses-del-sr-prudenci-2\/","title":{"rendered":"Les disfresses del Sr. Prudenci"},"content":{"rendered":"<div><\/div>\n<div class=\"xdj266r x11i5rnm xat24cr x1mh8g0r x1vvkbs\"><strong>El senyor Prudenci<\/strong> era un home gris amb una vida molt\u00a0<a class=\"x1i10hfl xjbqb8w x1ejq31n xd10rxx x1sy0etr x17r0tee x972fbf xcfux6l x1qhh985 xm0m39n x9f619 x1ypdohk xt0psk2 xe8uvvx xdj266r x11i5rnm xat24cr x1mh8g0r xexx8yu x4uap5 x18d9i69 xkhd6sd x16tdsg8 x1hl2dhg xggy1nq x1a2a7pz x1sur9pj xkrqix3 x1fey0fg x1s688f\" tabindex=\"0\" role=\"link\" href=\"https:\/\/l.facebook.com\/l.php?u=http%3A%2F%2Ftranquil.la%2F%3Ffbclid%3DIwZXh0bgNhZW0CMTAAAR2KQTajXFvi1GWRZfeMrdT4FdGZ4o-yjtSuBwd4IsCn9mvWdJBstUjIiB8_aem_LrCE94UGVJCTkmYTEAtjCQ&amp;h=AT0yvDTnRJjGVxCBll19CfE17dl6RvP_1_dMHX0daanoMr3t8u7v0XDHOYC67GYY6eTpyAY09viLJGgzZQIg8OdKJ5Fb7zYRvdFPr9y2HBrWraFcSjrRcFOIQLE9vD2TcEM0&amp;__tn__=q&amp;c[0]=AT30glhRnIvTF_sUolU08HFyUsoWTG55mMOK_CEk1ZFkR3SIksY1oiP3kbbQO2FDxvlelsBenbQzEEjFL9fi9kPJy2fFt4YSICQqV4xltt5O8IWPYWQ-jzPHRM4e5yPruOi51xXZRmjMfJatkkEYcSRlWN-vIx8veTSXxQ\" target=\"_blank\" rel=\"nofollow noopener noreferrer\">tranquil.la<\/a>\u00a0fins que amb l&#8217;arrivada del <strong>Carnestoltes<\/strong> es trasformava.<br class=\"html-br\" \/>Primer es va disfressa de flor, despr\u00e9s de vampir, de dolent! per\u00f2 tot li sortia malament fins que es va emprovar un vestit de pallasso.<\/div>\n<div><\/div>\n<div class=\"x11i5rnm xat24cr x1mh8g0r x1vvkbs xtlvy1s\">Partint d&#8217;aquest personatge tan singular, escoltarem la seva hist\u00f2ria i jugarem amb el personatge posant-li les diferents disfresses a la <strong>Sala Infantil<\/strong> de la <a href=\"https:\/\/bibliotecavirtual.diba.cat\/es\/sant-sadurni-d-anoia-biblioteca-ramon-bosch-de-noya\"><strong>Biblioteca Ramon Bosch de Noya<\/strong><\/a> (Sant Sadurn\u00ed d&#8217;anoia).<\/div>\n","protected":false},"excerpt":{"rendered":"<p>Per Carnetoltes tot si hi val!!, i el Sr. Prudenci li agrada tant disfra\u00e7ar-se que ho fa de diferents formes totes causant situacions una mica complicades.<br \/>\nUs conviden a descobrir quina ser\u00e0 la seva disfressa definitiva i al taller qu\u00e8 farem relacionat.<\/p>\n","protected":false},"author":2,"featured_media":14253,"template":"","meta":{"_uag_custom_page_level_css":"","site-sidebar-layout":"default","site-content-layout":"","ast-site-content-layout":"default","site-content-style":"default","site-sidebar-style":"default","ast-global-header-display":"","ast-banner-title-visibility":"","ast-main-header-display":"","ast-hfb-above-header-display":"","ast-hfb-below-header-display":"","ast-hfb-mobile-header-display":"","site-post-title":"","ast-breadcrumbs-content":"","ast-featured-img":"","footer-sml-layout":"","ast-disable-related-posts":"","theme-transparent-header-meta":"default","adv-header-id-meta":"","stick-header-meta":"default","header-above-stick-meta":"","header-main-stick-meta":"","header-below-stick-meta":"","astra-migrate-meta-layouts":"set","ast-page-background-enabled":"default","ast-page-background-meta":{"desktop":{"background-color":"var(--ast-global-color-4)","background-image":"","background-repeat":"repeat","background-position":"center center","background-size":"auto","background-attachment":"scroll","background-type":"","background-media":"","overlay-type":"","overlay-color":"","overlay-opacity":"","overlay-gradient":""},"tablet":{"background-color":"","background-image":"","background-repeat":"repeat","background-position":"center center","background-size":"auto","background-attachment":"scroll","background-type":"","background-media":"","overlay-type":"","overlay-color":"","overlay-opacity":"","overlay-gradient":""},"mobile":{"background-color":"","background-image":"","background-repeat":"repeat","background-position":"center center","background-size":"auto","background-attachment":"scroll","background-type":"","background-media":"","overlay-type":"","overlay-color":"","overlay-opacity":"","overlay-gradient":""}},"ast-content-background-meta":{"desktop":{"background-color":"var(--ast-global-color-5)","background-image":"","background-repeat":"repeat","background-position":"center center","background-size":"auto","background-attachment":"scroll","background-type":"","background-media":"","overlay-type":"","overlay-color":"","overlay-opacity":"","overlay-gradient":""},"tablet":{"background-color":"var(--ast-global-color-5)","background-image":"","background-repeat":"repeat","background-position":"center center","background-size":"auto","background-attachment":"scroll","background-type":"","background-media":"","overlay-type":"","overlay-color":"","overlay-opacity":"","overlay-gradient":""},"mobile":{"background-color":"var(--ast-global-color-5)","background-image":"","background-repeat":"repeat","background-position":"center center","background-size":"auto","background-attachment":"scroll","background-type":"","background-media":"","overlay-type":"","overlay-color":"","overlay-opacity":"","overlay-gradient":""}},"_tribe_events_status":"","_tribe_events_status_reason":"","footnotes":""},"tags":[815,926],"tribe_events_cat":[813],"class_list":["post-16476","tribe_events","type-tribe_events","status-publish","has-post-thumbnail","hentry","tag-agenda","tag-biblioteca-ramon-bosch-de-noya","tribe_events_cat-lhora-del-conte","cat_lhora-del-conte"],"yoast_head":"<!-- This site is optimized with the Yoast SEO plugin v27.4 - https:\/\/yoast.com\/product\/yoast-seo-wordpress\/ -->\n<title>Les disfresses del Sr. Prudenci - La maleta de Lili<\/title>\n<meta name=\"description\" content=\"Per Carnetoltes tot si hi val!!, i la hist\u00f3ria del Sr. Prudenci arriba a la Biblioteca Ramon Bosch de Noya (Sant Sadurn\u00ed d&#039;Anoia)\" \/>\n<meta name=\"robots\" content=\"index, follow, max-snippet:-1, max-image-preview:large, max-video-preview:-1\" \/>\n<link rel=\"canonical\" href=\"https:\/\/lamaletadelili.com\/ca\/agenda\/les-disfresses-del-sr-prudenci-2\/\" \/>\n<meta property=\"og:locale\" content=\"ca_ES\" \/>\n<meta property=\"og:type\" content=\"article\" \/>\n<meta property=\"og:title\" content=\"Les disfresses del Sr. Prudenci - La maleta de Lili\" \/>\n<meta property=\"og:description\" content=\"Per Carnetoltes tot si hi val!!, i la hist\u00f3ria del Sr. Prudenci arriba a la Biblioteca Ramon Bosch de Noya (Sant Sadurn\u00ed d&#039;Anoia)\" \/>\n<meta property=\"og:url\" content=\"https:\/\/lamaletadelili.com\/ca\/agenda\/les-disfresses-del-sr-prudenci-2\/\" \/>\n<meta property=\"og:site_name\" content=\"La maleta de Lili\" \/>\n<meta property=\"article:modified_time\" content=\"2026-01-23T10:48:50+00:00\" \/>\n<meta property=\"og:image\" content=\"https:\/\/lamaletadelili.com\/wp-content\/uploads\/2023\/01\/les-disfresses.jpeg\" \/>\n\t<meta property=\"og:image:width\" content=\"900\" \/>\n\t<meta property=\"og:image:height\" content=\"675\" \/>\n\t<meta property=\"og:image:type\" content=\"image\/jpeg\" \/>\n<meta name=\"twitter:card\" content=\"summary_large_image\" \/>\n<meta name=\"twitter:label1\" content=\"Temps estimat de lectura\" \/>\n\t<meta name=\"twitter:data1\" content=\"1 minut\" \/>\n<script type=\"application\/ld+json\" class=\"yoast-schema-graph\">{\"@context\":\"https:\\\/\\\/schema.org\",\"@graph\":[{\"@type\":\"WebPage\",\"@id\":\"https:\\\/\\\/lamaletadelili.com\\\/ca\\\/agenda\\\/les-disfresses-del-sr-prudenci-2\\\/\",\"url\":\"https:\\\/\\\/lamaletadelili.com\\\/ca\\\/agenda\\\/les-disfresses-del-sr-prudenci-2\\\/\",\"name\":\"Les disfresses del Sr. Prudenci - La maleta de Lili\",\"isPartOf\":{\"@id\":\"https:\\\/\\\/lamaletadelili.com\\\/#website\"},\"primaryImageOfPage\":{\"@id\":\"https:\\\/\\\/lamaletadelili.com\\\/ca\\\/agenda\\\/les-disfresses-del-sr-prudenci-2\\\/#primaryimage\"},\"image\":{\"@id\":\"https:\\\/\\\/lamaletadelili.com\\\/ca\\\/agenda\\\/les-disfresses-del-sr-prudenci-2\\\/#primaryimage\"},\"thumbnailUrl\":\"https:\\\/\\\/lamaletadelili.com\\\/wp-content\\\/uploads\\\/2023\\\/01\\\/les-disfresses.jpeg\",\"datePublished\":\"2024-12-12T09:25:41+00:00\",\"dateModified\":\"2026-01-23T10:48:50+00:00\",\"description\":\"Per Carnetoltes tot si hi val!!, i la hist\u00f3ria del Sr. Prudenci arriba a la Biblioteca Ramon Bosch de Noya (Sant Sadurn\u00ed d'Anoia)\",\"breadcrumb\":{\"@id\":\"https:\\\/\\\/lamaletadelili.com\\\/ca\\\/agenda\\\/les-disfresses-del-sr-prudenci-2\\\/#breadcrumb\"},\"inLanguage\":\"ca\",\"potentialAction\":[{\"@type\":\"ReadAction\",\"target\":[\"https:\\\/\\\/lamaletadelili.com\\\/ca\\\/agenda\\\/les-disfresses-del-sr-prudenci-2\\\/\"]}]},{\"@type\":\"ImageObject\",\"inLanguage\":\"ca\",\"@id\":\"https:\\\/\\\/lamaletadelili.com\\\/ca\\\/agenda\\\/les-disfresses-del-sr-prudenci-2\\\/#primaryimage\",\"url\":\"https:\\\/\\\/lamaletadelili.com\\\/wp-content\\\/uploads\\\/2023\\\/01\\\/les-disfresses.jpeg\",\"contentUrl\":\"https:\\\/\\\/lamaletadelili.com\\\/wp-content\\\/uploads\\\/2023\\\/01\\\/les-disfresses.jpeg\",\"width\":900,\"height\":675,\"caption\":\"Carnestoltes\"},{\"@type\":\"BreadcrumbList\",\"@id\":\"https:\\\/\\\/lamaletadelili.com\\\/ca\\\/agenda\\\/les-disfresses-del-sr-prudenci-2\\\/#breadcrumb\",\"itemListElement\":[{\"@type\":\"ListItem\",\"position\":1,\"name\":\"Portada\",\"item\":\"https:\\\/\\\/lamaletadelili.com\\\/ca\\\/\"},{\"@type\":\"ListItem\",\"position\":2,\"name\":\"Esdeveniments\",\"item\":\"https:\\\/\\\/lamaletadelili.com\\\/ca\\\/eventos\\\/\"},{\"@type\":\"ListItem\",\"position\":3,\"name\":\"Les disfresses del Sr. Prudenci\"}]},{\"@type\":\"WebSite\",\"@id\":\"https:\\\/\\\/lamaletadelili.com\\\/#website\",\"url\":\"https:\\\/\\\/lamaletadelili.com\\\/\",\"name\":\"La maleta de Lili\",\"description\":\"Cuenta cuentos\",\"publisher\":{\"@id\":\"https:\\\/\\\/lamaletadelili.com\\\/#organization\"},\"potentialAction\":[{\"@type\":\"SearchAction\",\"target\":{\"@type\":\"EntryPoint\",\"urlTemplate\":\"https:\\\/\\\/lamaletadelili.com\\\/?s={search_term_string}\"},\"query-input\":{\"@type\":\"PropertyValueSpecification\",\"valueRequired\":true,\"valueName\":\"search_term_string\"}}],\"inLanguage\":\"ca\"},{\"@type\":\"Organization\",\"@id\":\"https:\\\/\\\/lamaletadelili.com\\\/#organization\",\"name\":\"La maleta de Lili\",\"url\":\"https:\\\/\\\/lamaletadelili.com\\\/\",\"logo\":{\"@type\":\"ImageObject\",\"inLanguage\":\"ca\",\"@id\":\"https:\\\/\\\/lamaletadelili.com\\\/#\\\/schema\\\/logo\\\/image\\\/\",\"url\":\"https:\\\/\\\/lamaletadelili.com\\\/wp-content\\\/uploads\\\/2019\\\/07\\\/LOGO-La-maleta-de-Lili-catalan.png\",\"contentUrl\":\"https:\\\/\\\/lamaletadelili.com\\\/wp-content\\\/uploads\\\/2019\\\/07\\\/LOGO-La-maleta-de-Lili-catalan.png\",\"width\":450,\"height\":177,\"caption\":\"La maleta de Lili\"},\"image\":{\"@id\":\"https:\\\/\\\/lamaletadelili.com\\\/#\\\/schema\\\/logo\\\/image\\\/\"}}]}<\/script>\n<!-- \/ Yoast SEO plugin. -->","yoast_head_json":{"title":"Les disfresses del Sr. Prudenci - La maleta de Lili","description":"Per Carnetoltes tot si hi val!!, i la hist\u00f3ria del Sr. Prudenci arriba a la Biblioteca Ramon Bosch de Noya (Sant Sadurn\u00ed d'Anoia)","robots":{"index":"index","follow":"follow","max-snippet":"max-snippet:-1","max-image-preview":"max-image-preview:large","max-video-preview":"max-video-preview:-1"},"canonical":"https:\/\/lamaletadelili.com\/ca\/agenda\/les-disfresses-del-sr-prudenci-2\/","og_locale":"ca_ES","og_type":"article","og_title":"Les disfresses del Sr. Prudenci - La maleta de Lili","og_description":"Per Carnetoltes tot si hi val!!, i la hist\u00f3ria del Sr. Prudenci arriba a la Biblioteca Ramon Bosch de Noya (Sant Sadurn\u00ed d'Anoia)","og_url":"https:\/\/lamaletadelili.com\/ca\/agenda\/les-disfresses-del-sr-prudenci-2\/","og_site_name":"La maleta de Lili","article_modified_time":"2026-01-23T10:48:50+00:00","og_image":[{"width":900,"height":675,"url":"https:\/\/lamaletadelili.com\/wp-content\/uploads\/2023\/01\/les-disfresses.jpeg","type":"image\/jpeg"}],"twitter_card":"summary_large_image","twitter_misc":{"Temps estimat de lectura":"1 minut"},"schema":{"@context":"https:\/\/schema.org","@graph":[{"@type":"WebPage","@id":"https:\/\/lamaletadelili.com\/ca\/agenda\/les-disfresses-del-sr-prudenci-2\/","url":"https:\/\/lamaletadelili.com\/ca\/agenda\/les-disfresses-del-sr-prudenci-2\/","name":"Les disfresses del Sr. Prudenci - La maleta de Lili","isPartOf":{"@id":"https:\/\/lamaletadelili.com\/#website"},"primaryImageOfPage":{"@id":"https:\/\/lamaletadelili.com\/ca\/agenda\/les-disfresses-del-sr-prudenci-2\/#primaryimage"},"image":{"@id":"https:\/\/lamaletadelili.com\/ca\/agenda\/les-disfresses-del-sr-prudenci-2\/#primaryimage"},"thumbnailUrl":"https:\/\/lamaletadelili.com\/wp-content\/uploads\/2023\/01\/les-disfresses.jpeg","datePublished":"2024-12-12T09:25:41+00:00","dateModified":"2026-01-23T10:48:50+00:00","description":"Per Carnetoltes tot si hi val!!, i la hist\u00f3ria del Sr. Prudenci arriba a la Biblioteca Ramon Bosch de Noya (Sant Sadurn\u00ed d'Anoia)","breadcrumb":{"@id":"https:\/\/lamaletadelili.com\/ca\/agenda\/les-disfresses-del-sr-prudenci-2\/#breadcrumb"},"inLanguage":"ca","potentialAction":[{"@type":"ReadAction","target":["https:\/\/lamaletadelili.com\/ca\/agenda\/les-disfresses-del-sr-prudenci-2\/"]}]},{"@type":"ImageObject","inLanguage":"ca","@id":"https:\/\/lamaletadelili.com\/ca\/agenda\/les-disfresses-del-sr-prudenci-2\/#primaryimage","url":"https:\/\/lamaletadelili.com\/wp-content\/uploads\/2023\/01\/les-disfresses.jpeg","contentUrl":"https:\/\/lamaletadelili.com\/wp-content\/uploads\/2023\/01\/les-disfresses.jpeg","width":900,"height":675,"caption":"Carnestoltes"},{"@type":"BreadcrumbList","@id":"https:\/\/lamaletadelili.com\/ca\/agenda\/les-disfresses-del-sr-prudenci-2\/#breadcrumb","itemListElement":[{"@type":"ListItem","position":1,"name":"Portada","item":"https:\/\/lamaletadelili.com\/ca\/"},{"@type":"ListItem","position":2,"name":"Esdeveniments","item":"https:\/\/lamaletadelili.com\/ca\/eventos\/"},{"@type":"ListItem","position":3,"name":"Les disfresses del Sr. Prudenci"}]},{"@type":"WebSite","@id":"https:\/\/lamaletadelili.com\/#website","url":"https:\/\/lamaletadelili.com\/","name":"La maleta de Lili","description":"Cuenta cuentos","publisher":{"@id":"https:\/\/lamaletadelili.com\/#organization"},"potentialAction":[{"@type":"SearchAction","target":{"@type":"EntryPoint","urlTemplate":"https:\/\/lamaletadelili.com\/?s={search_term_string}"},"query-input":{"@type":"PropertyValueSpecification","valueRequired":true,"valueName":"search_term_string"}}],"inLanguage":"ca"},{"@type":"Organization","@id":"https:\/\/lamaletadelili.com\/#organization","name":"La maleta de Lili","url":"https:\/\/lamaletadelili.com\/","logo":{"@type":"ImageObject","inLanguage":"ca","@id":"https:\/\/lamaletadelili.com\/#\/schema\/logo\/image\/","url":"https:\/\/lamaletadelili.com\/wp-content\/uploads\/2019\/07\/LOGO-La-maleta-de-Lili-catalan.png","contentUrl":"https:\/\/lamaletadelili.com\/wp-content\/uploads\/2019\/07\/LOGO-La-maleta-de-Lili-catalan.png","width":450,"height":177,"caption":"La maleta de Lili"},"image":{"@id":"https:\/\/lamaletadelili.com\/#\/schema\/logo\/image\/"}}]}},"uagb_featured_image_src":{"full":["https:\/\/lamaletadelili.com\/wp-content\/uploads\/2023\/01\/les-disfresses.jpeg",900,675,false],"thumbnail":["https:\/\/lamaletadelili.com\/wp-content\/uploads\/2023\/01\/les-disfresses-150x150.jpeg",150,150,true],"medium":["https:\/\/lamaletadelili.com\/wp-content\/uploads\/2023\/01\/les-disfresses-287x215.jpeg",287,215,true],"medium_large":["https:\/\/lamaletadelili.com\/wp-content\/uploads\/2023\/01\/les-disfresses-768x576.jpeg",768,576,true],"large":["https:\/\/lamaletadelili.com\/wp-content\/uploads\/2023\/01\/les-disfresses-600x450.jpeg",600,450,true],"1536x1536":["https:\/\/lamaletadelili.com\/wp-content\/uploads\/2023\/01\/les-disfresses.jpeg",900,675,false],"2048x2048":["https:\/\/lamaletadelili.com\/wp-content\/uploads\/2023\/01\/les-disfresses.jpeg",900,675,false]},"uagb_author_info":{"display_name":"Lili","author_link":"https:\/\/lamaletadelili.com\/ca\/author\/lili\/"},"uagb_comment_info":0,"uagb_excerpt":"Per Carnetoltes tot si hi val!!, i el Sr. Prudenci li agrada tant disfra\u00e7ar-se que ho fa de diferents formes totes causant situacions una mica complicades. Us conviden a descobrir quina ser\u00e0 la seva disfressa definitiva i al taller qu\u00e8 farem relacionat.","_links":{"self":[{"href":"https:\/\/lamaletadelili.com\/ca\/wp-json\/wp\/v2\/tribe_events\/16476","targetHints":{"allow":["GET"]}}],"collection":[{"href":"https:\/\/lamaletadelili.com\/ca\/wp-json\/wp\/v2\/tribe_events"}],"about":[{"href":"https:\/\/lamaletadelili.com\/ca\/wp-json\/wp\/v2\/types\/tribe_events"}],"author":[{"embeddable":true,"href":"https:\/\/lamaletadelili.com\/ca\/wp-json\/wp\/v2\/users\/2"}],"version-history":[{"count":0,"href":"https:\/\/lamaletadelili.com\/ca\/wp-json\/wp\/v2\/tribe_events\/16476\/revisions"}],"wp:featuredmedia":[{"embeddable":true,"href":"https:\/\/lamaletadelili.com\/ca\/wp-json\/wp\/v2\/media\/14253"}],"wp:attachment":[{"href":"https:\/\/lamaletadelili.com\/ca\/wp-json\/wp\/v2\/media?parent=16476"}],"wp:term":[{"taxonomy":"post_tag","embeddable":true,"href":"https:\/\/lamaletadelili.com\/ca\/wp-json\/wp\/v2\/tags?post=16476"},{"taxonomy":"tribe_events_cat","embeddable":true,"href":"https:\/\/lamaletadelili.com\/ca\/wp-json\/wp\/v2\/tribe_events_cat?post=16476"}],"curies":[{"name":"wp","href":"https:\/\/api.w.org\/{rel}","templated":true}]}}