{"id":16472,"date":"2024-12-12T10:07:01","date_gmt":"2024-12-12T09:07:01","guid":{"rendered":"https:\/\/lamaletadelili.com\/?post_type=tribe_events&#038;p=16472"},"modified":"2026-01-23T11:45:12","modified_gmt":"2026-01-23T10:45:12","slug":"lluna-lluna-lluna-lluna-sol","status":"publish","type":"tribe_events","link":"https:\/\/lamaletadelili.com\/ca\/agenda\/lluna-lluna-lluna-lluna-sol\/","title":{"rendered":"Lluna, lluna, lluna, lluna, sol"},"content":{"rendered":"<p>Tot comen\u00e7a amb una petita can\u00e7\u00f3 que entona l\u2019adult al voltant del bressol del seu petit, mentre les rimes entonades dels <strong>llibres d&#8217;Antonio Rubio<\/strong> es van dilu\u00efnt entre mirades i sonriures.<\/p>\n<p>Algunes poesies surten dels llibres per jugar amb el seu ritme mentre l\u2019infant aurralit als bra\u00e7os comparteix amb la mare, pare, avia \u2026aquests moments a la Sala Infantil de la <a href=\"https:\/\/bibliomil.wordpress.com\/10140-2\/\"><strong>Biblioteca Gabriel Ferrater<\/strong><\/a> (Sant Cugat del Vall\u00e8s)<\/p>\n","protected":false},"excerpt":{"rendered":"<p>Us proposen una tarda a la Biblioteca Gabriel Ferrater (Sant Cugat del Vall\u00e8s) amb els llibres d&#8217;Antonio Rubio per cantar, jugar, i escoltar.<br \/>\nVindreu?<\/p>\n","protected":false},"author":2,"featured_media":16473,"template":"","meta":{"_uag_custom_page_level_css":"","site-sidebar-layout":"default","site-content-layout":"","ast-site-content-layout":"default","site-content-style":"default","site-sidebar-style":"default","ast-global-header-display":"","ast-banner-title-visibility":"","ast-main-header-display":"","ast-hfb-above-header-display":"","ast-hfb-below-header-display":"","ast-hfb-mobile-header-display":"","site-post-title":"","ast-breadcrumbs-content":"","ast-featured-img":"","footer-sml-layout":"","ast-disable-related-posts":"","theme-transparent-header-meta":"default","adv-header-id-meta":"","stick-header-meta":"default","header-above-stick-meta":"","header-main-stick-meta":"","header-below-stick-meta":"","astra-migrate-meta-layouts":"set","ast-page-background-enabled":"default","ast-page-background-meta":{"desktop":{"background-color":"var(--ast-global-color-4)","background-image":"","background-repeat":"repeat","background-position":"center center","background-size":"auto","background-attachment":"scroll","background-type":"","background-media":"","overlay-type":"","overlay-color":"","overlay-opacity":"","overlay-gradient":""},"tablet":{"background-color":"","background-image":"","background-repeat":"repeat","background-position":"center center","background-size":"auto","background-attachment":"scroll","background-type":"","background-media":"","overlay-type":"","overlay-color":"","overlay-opacity":"","overlay-gradient":""},"mobile":{"background-color":"","background-image":"","background-repeat":"repeat","background-position":"center center","background-size":"auto","background-attachment":"scroll","background-type":"","background-media":"","overlay-type":"","overlay-color":"","overlay-opacity":"","overlay-gradient":""}},"ast-content-background-meta":{"desktop":{"background-color":"var(--ast-global-color-5)","background-image":"","background-repeat":"repeat","background-position":"center center","background-size":"auto","background-attachment":"scroll","background-type":"","background-media":"","overlay-type":"","overlay-color":"","overlay-opacity":"","overlay-gradient":""},"tablet":{"background-color":"var(--ast-global-color-5)","background-image":"","background-repeat":"repeat","background-position":"center center","background-size":"auto","background-attachment":"scroll","background-type":"","background-media":"","overlay-type":"","overlay-color":"","overlay-opacity":"","overlay-gradient":""},"mobile":{"background-color":"var(--ast-global-color-5)","background-image":"","background-repeat":"repeat","background-position":"center center","background-size":"auto","background-attachment":"scroll","background-type":"","background-media":"","overlay-type":"","overlay-color":"","overlay-opacity":"","overlay-gradient":""}},"_tribe_events_status":"","_tribe_events_status_reason":"","footnotes":""},"tags":[815,882],"tribe_events_cat":[495],"class_list":["post-16472","tribe_events","type-tribe_events","status-publish","has-post-thumbnail","hentry","tag-agenda","tag-biblioteca-gabriel-ferrater","tribe_events_cat-contes-per-menuts","cat_contes-per-menuts"],"yoast_head":"<!-- This site is optimized with the Yoast SEO plugin v27.4 - https:\/\/yoast.com\/product\/yoast-seo-wordpress\/ -->\n<title>Lluna, lluna, lluna, lluna, sol - La maleta de Lili<\/title>\n<meta name=\"description\" content=\"Us proposen una tarda a la Biblioteca Gabriel Ferrater (Sant Cugat del Vall\u00e8s) amb els llibres d&#039;Antonio Rubio per cantar, jugar, i escoltar.\" \/>\n<meta name=\"robots\" content=\"index, follow, max-snippet:-1, max-image-preview:large, max-video-preview:-1\" \/>\n<link rel=\"canonical\" href=\"https:\/\/lamaletadelili.com\/ca\/agenda\/lluna-lluna-lluna-lluna-sol\/\" \/>\n<meta property=\"og:locale\" content=\"ca_ES\" \/>\n<meta property=\"og:type\" content=\"article\" \/>\n<meta property=\"og:title\" content=\"Lluna, lluna, lluna, lluna, sol - La maleta de Lili\" \/>\n<meta property=\"og:description\" content=\"Us proposen una tarda a la Biblioteca Gabriel Ferrater (Sant Cugat del Vall\u00e8s) amb els llibres d&#039;Antonio Rubio per cantar, jugar, i escoltar.\" \/>\n<meta property=\"og:url\" content=\"https:\/\/lamaletadelili.com\/ca\/agenda\/lluna-lluna-lluna-lluna-sol\/\" \/>\n<meta property=\"og:site_name\" content=\"La maleta de Lili\" \/>\n<meta property=\"article:modified_time\" content=\"2026-01-23T10:45:12+00:00\" \/>\n<meta property=\"og:image\" content=\"https:\/\/lamaletadelili.com\/wp-content\/uploads\/2024\/12\/lluna-lluna-lluna-lluna.jpeg\" \/>\n\t<meta property=\"og:image:width\" content=\"900\" \/>\n\t<meta property=\"og:image:height\" content=\"621\" \/>\n\t<meta property=\"og:image:type\" content=\"image\/jpeg\" \/>\n<meta name=\"twitter:card\" content=\"summary_large_image\" \/>\n<meta name=\"twitter:label1\" content=\"Temps estimat de lectura\" \/>\n\t<meta name=\"twitter:data1\" content=\"1 minut\" \/>\n<script type=\"application\/ld+json\" class=\"yoast-schema-graph\">{\"@context\":\"https:\\\/\\\/schema.org\",\"@graph\":[{\"@type\":\"WebPage\",\"@id\":\"https:\\\/\\\/lamaletadelili.com\\\/ca\\\/agenda\\\/lluna-lluna-lluna-lluna-sol\\\/\",\"url\":\"https:\\\/\\\/lamaletadelili.com\\\/ca\\\/agenda\\\/lluna-lluna-lluna-lluna-sol\\\/\",\"name\":\"Lluna, lluna, lluna, lluna, sol - La maleta de Lili\",\"isPartOf\":{\"@id\":\"https:\\\/\\\/lamaletadelili.com\\\/#website\"},\"primaryImageOfPage\":{\"@id\":\"https:\\\/\\\/lamaletadelili.com\\\/ca\\\/agenda\\\/lluna-lluna-lluna-lluna-sol\\\/#primaryimage\"},\"image\":{\"@id\":\"https:\\\/\\\/lamaletadelili.com\\\/ca\\\/agenda\\\/lluna-lluna-lluna-lluna-sol\\\/#primaryimage\"},\"thumbnailUrl\":\"https:\\\/\\\/lamaletadelili.com\\\/wp-content\\\/uploads\\\/2024\\\/12\\\/lluna-lluna-lluna-lluna.jpeg\",\"datePublished\":\"2024-12-12T09:07:01+00:00\",\"dateModified\":\"2026-01-23T10:45:12+00:00\",\"description\":\"Us proposen una tarda a la Biblioteca Gabriel Ferrater (Sant Cugat del Vall\u00e8s) amb els llibres d'Antonio Rubio per cantar, jugar, i escoltar.\",\"breadcrumb\":{\"@id\":\"https:\\\/\\\/lamaletadelili.com\\\/ca\\\/agenda\\\/lluna-lluna-lluna-lluna-sol\\\/#breadcrumb\"},\"inLanguage\":\"ca\",\"potentialAction\":[{\"@type\":\"ReadAction\",\"target\":[\"https:\\\/\\\/lamaletadelili.com\\\/ca\\\/agenda\\\/lluna-lluna-lluna-lluna-sol\\\/\"]}]},{\"@type\":\"ImageObject\",\"inLanguage\":\"ca\",\"@id\":\"https:\\\/\\\/lamaletadelili.com\\\/ca\\\/agenda\\\/lluna-lluna-lluna-lluna-sol\\\/#primaryimage\",\"url\":\"https:\\\/\\\/lamaletadelili.com\\\/wp-content\\\/uploads\\\/2024\\\/12\\\/lluna-lluna-lluna-lluna.jpeg\",\"contentUrl\":\"https:\\\/\\\/lamaletadelili.com\\\/wp-content\\\/uploads\\\/2024\\\/12\\\/lluna-lluna-lluna-lluna.jpeg\",\"width\":900,\"height\":621,\"caption\":\"Lluna\"},{\"@type\":\"BreadcrumbList\",\"@id\":\"https:\\\/\\\/lamaletadelili.com\\\/ca\\\/agenda\\\/lluna-lluna-lluna-lluna-sol\\\/#breadcrumb\",\"itemListElement\":[{\"@type\":\"ListItem\",\"position\":1,\"name\":\"Portada\",\"item\":\"https:\\\/\\\/lamaletadelili.com\\\/ca\\\/\"},{\"@type\":\"ListItem\",\"position\":2,\"name\":\"Esdeveniments\",\"item\":\"https:\\\/\\\/lamaletadelili.com\\\/ca\\\/eventos\\\/\"},{\"@type\":\"ListItem\",\"position\":3,\"name\":\"Lluna, lluna, lluna, lluna, sol\"}]},{\"@type\":\"WebSite\",\"@id\":\"https:\\\/\\\/lamaletadelili.com\\\/#website\",\"url\":\"https:\\\/\\\/lamaletadelili.com\\\/\",\"name\":\"La maleta de Lili\",\"description\":\"Cuenta cuentos\",\"publisher\":{\"@id\":\"https:\\\/\\\/lamaletadelili.com\\\/#organization\"},\"potentialAction\":[{\"@type\":\"SearchAction\",\"target\":{\"@type\":\"EntryPoint\",\"urlTemplate\":\"https:\\\/\\\/lamaletadelili.com\\\/?s={search_term_string}\"},\"query-input\":{\"@type\":\"PropertyValueSpecification\",\"valueRequired\":true,\"valueName\":\"search_term_string\"}}],\"inLanguage\":\"ca\"},{\"@type\":\"Organization\",\"@id\":\"https:\\\/\\\/lamaletadelili.com\\\/#organization\",\"name\":\"La maleta de Lili\",\"url\":\"https:\\\/\\\/lamaletadelili.com\\\/\",\"logo\":{\"@type\":\"ImageObject\",\"inLanguage\":\"ca\",\"@id\":\"https:\\\/\\\/lamaletadelili.com\\\/#\\\/schema\\\/logo\\\/image\\\/\",\"url\":\"https:\\\/\\\/lamaletadelili.com\\\/wp-content\\\/uploads\\\/2019\\\/07\\\/LOGO-La-maleta-de-Lili-catalan.png\",\"contentUrl\":\"https:\\\/\\\/lamaletadelili.com\\\/wp-content\\\/uploads\\\/2019\\\/07\\\/LOGO-La-maleta-de-Lili-catalan.png\",\"width\":450,\"height\":177,\"caption\":\"La maleta de Lili\"},\"image\":{\"@id\":\"https:\\\/\\\/lamaletadelili.com\\\/#\\\/schema\\\/logo\\\/image\\\/\"}}]}<\/script>\n<!-- \/ Yoast SEO plugin. -->","yoast_head_json":{"title":"Lluna, lluna, lluna, lluna, sol - La maleta de Lili","description":"Us proposen una tarda a la Biblioteca Gabriel Ferrater (Sant Cugat del Vall\u00e8s) amb els llibres d'Antonio Rubio per cantar, jugar, i escoltar.","robots":{"index":"index","follow":"follow","max-snippet":"max-snippet:-1","max-image-preview":"max-image-preview:large","max-video-preview":"max-video-preview:-1"},"canonical":"https:\/\/lamaletadelili.com\/ca\/agenda\/lluna-lluna-lluna-lluna-sol\/","og_locale":"ca_ES","og_type":"article","og_title":"Lluna, lluna, lluna, lluna, sol - La maleta de Lili","og_description":"Us proposen una tarda a la Biblioteca Gabriel Ferrater (Sant Cugat del Vall\u00e8s) amb els llibres d'Antonio Rubio per cantar, jugar, i escoltar.","og_url":"https:\/\/lamaletadelili.com\/ca\/agenda\/lluna-lluna-lluna-lluna-sol\/","og_site_name":"La maleta de Lili","article_modified_time":"2026-01-23T10:45:12+00:00","og_image":[{"width":900,"height":621,"url":"https:\/\/lamaletadelili.com\/wp-content\/uploads\/2024\/12\/lluna-lluna-lluna-lluna.jpeg","type":"image\/jpeg"}],"twitter_card":"summary_large_image","twitter_misc":{"Temps estimat de lectura":"1 minut"},"schema":{"@context":"https:\/\/schema.org","@graph":[{"@type":"WebPage","@id":"https:\/\/lamaletadelili.com\/ca\/agenda\/lluna-lluna-lluna-lluna-sol\/","url":"https:\/\/lamaletadelili.com\/ca\/agenda\/lluna-lluna-lluna-lluna-sol\/","name":"Lluna, lluna, lluna, lluna, sol - La maleta de Lili","isPartOf":{"@id":"https:\/\/lamaletadelili.com\/#website"},"primaryImageOfPage":{"@id":"https:\/\/lamaletadelili.com\/ca\/agenda\/lluna-lluna-lluna-lluna-sol\/#primaryimage"},"image":{"@id":"https:\/\/lamaletadelili.com\/ca\/agenda\/lluna-lluna-lluna-lluna-sol\/#primaryimage"},"thumbnailUrl":"https:\/\/lamaletadelili.com\/wp-content\/uploads\/2024\/12\/lluna-lluna-lluna-lluna.jpeg","datePublished":"2024-12-12T09:07:01+00:00","dateModified":"2026-01-23T10:45:12+00:00","description":"Us proposen una tarda a la Biblioteca Gabriel Ferrater (Sant Cugat del Vall\u00e8s) amb els llibres d'Antonio Rubio per cantar, jugar, i escoltar.","breadcrumb":{"@id":"https:\/\/lamaletadelili.com\/ca\/agenda\/lluna-lluna-lluna-lluna-sol\/#breadcrumb"},"inLanguage":"ca","potentialAction":[{"@type":"ReadAction","target":["https:\/\/lamaletadelili.com\/ca\/agenda\/lluna-lluna-lluna-lluna-sol\/"]}]},{"@type":"ImageObject","inLanguage":"ca","@id":"https:\/\/lamaletadelili.com\/ca\/agenda\/lluna-lluna-lluna-lluna-sol\/#primaryimage","url":"https:\/\/lamaletadelili.com\/wp-content\/uploads\/2024\/12\/lluna-lluna-lluna-lluna.jpeg","contentUrl":"https:\/\/lamaletadelili.com\/wp-content\/uploads\/2024\/12\/lluna-lluna-lluna-lluna.jpeg","width":900,"height":621,"caption":"Lluna"},{"@type":"BreadcrumbList","@id":"https:\/\/lamaletadelili.com\/ca\/agenda\/lluna-lluna-lluna-lluna-sol\/#breadcrumb","itemListElement":[{"@type":"ListItem","position":1,"name":"Portada","item":"https:\/\/lamaletadelili.com\/ca\/"},{"@type":"ListItem","position":2,"name":"Esdeveniments","item":"https:\/\/lamaletadelili.com\/ca\/eventos\/"},{"@type":"ListItem","position":3,"name":"Lluna, lluna, lluna, lluna, sol"}]},{"@type":"WebSite","@id":"https:\/\/lamaletadelili.com\/#website","url":"https:\/\/lamaletadelili.com\/","name":"La maleta de Lili","description":"Cuenta cuentos","publisher":{"@id":"https:\/\/lamaletadelili.com\/#organization"},"potentialAction":[{"@type":"SearchAction","target":{"@type":"EntryPoint","urlTemplate":"https:\/\/lamaletadelili.com\/?s={search_term_string}"},"query-input":{"@type":"PropertyValueSpecification","valueRequired":true,"valueName":"search_term_string"}}],"inLanguage":"ca"},{"@type":"Organization","@id":"https:\/\/lamaletadelili.com\/#organization","name":"La maleta de Lili","url":"https:\/\/lamaletadelili.com\/","logo":{"@type":"ImageObject","inLanguage":"ca","@id":"https:\/\/lamaletadelili.com\/#\/schema\/logo\/image\/","url":"https:\/\/lamaletadelili.com\/wp-content\/uploads\/2019\/07\/LOGO-La-maleta-de-Lili-catalan.png","contentUrl":"https:\/\/lamaletadelili.com\/wp-content\/uploads\/2019\/07\/LOGO-La-maleta-de-Lili-catalan.png","width":450,"height":177,"caption":"La maleta de Lili"},"image":{"@id":"https:\/\/lamaletadelili.com\/#\/schema\/logo\/image\/"}}]}},"uagb_featured_image_src":{"full":["https:\/\/lamaletadelili.com\/wp-content\/uploads\/2024\/12\/lluna-lluna-lluna-lluna.jpeg",900,621,false],"thumbnail":["https:\/\/lamaletadelili.com\/wp-content\/uploads\/2024\/12\/lluna-lluna-lluna-lluna-150x150.jpeg",150,150,true],"medium":["https:\/\/lamaletadelili.com\/wp-content\/uploads\/2024\/12\/lluna-lluna-lluna-lluna-312x215.jpeg",312,215,true],"medium_large":["https:\/\/lamaletadelili.com\/wp-content\/uploads\/2024\/12\/lluna-lluna-lluna-lluna-768x530.jpeg",768,530,true],"large":["https:\/\/lamaletadelili.com\/wp-content\/uploads\/2024\/12\/lluna-lluna-lluna-lluna-652x450.jpeg",652,450,true],"1536x1536":["https:\/\/lamaletadelili.com\/wp-content\/uploads\/2024\/12\/lluna-lluna-lluna-lluna.jpeg",900,621,false],"2048x2048":["https:\/\/lamaletadelili.com\/wp-content\/uploads\/2024\/12\/lluna-lluna-lluna-lluna.jpeg",900,621,false]},"uagb_author_info":{"display_name":"Lili","author_link":"https:\/\/lamaletadelili.com\/ca\/author\/lili\/"},"uagb_comment_info":0,"uagb_excerpt":"Us proposen una tarda a la Biblioteca Gabriel Ferrater (Sant Cugat del Vall\u00e8s) amb els llibres d'Antonio Rubio per cantar, jugar, i escoltar. Vindreu?","_links":{"self":[{"href":"https:\/\/lamaletadelili.com\/ca\/wp-json\/wp\/v2\/tribe_events\/16472","targetHints":{"allow":["GET"]}}],"collection":[{"href":"https:\/\/lamaletadelili.com\/ca\/wp-json\/wp\/v2\/tribe_events"}],"about":[{"href":"https:\/\/lamaletadelili.com\/ca\/wp-json\/wp\/v2\/types\/tribe_events"}],"author":[{"embeddable":true,"href":"https:\/\/lamaletadelili.com\/ca\/wp-json\/wp\/v2\/users\/2"}],"version-history":[{"count":0,"href":"https:\/\/lamaletadelili.com\/ca\/wp-json\/wp\/v2\/tribe_events\/16472\/revisions"}],"wp:featuredmedia":[{"embeddable":true,"href":"https:\/\/lamaletadelili.com\/ca\/wp-json\/wp\/v2\/media\/16473"}],"wp:attachment":[{"href":"https:\/\/lamaletadelili.com\/ca\/wp-json\/wp\/v2\/media?parent=16472"}],"wp:term":[{"taxonomy":"post_tag","embeddable":true,"href":"https:\/\/lamaletadelili.com\/ca\/wp-json\/wp\/v2\/tags?post=16472"},{"taxonomy":"tribe_events_cat","embeddable":true,"href":"https:\/\/lamaletadelili.com\/ca\/wp-json\/wp\/v2\/tribe_events_cat?post=16472"}],"curies":[{"name":"wp","href":"https:\/\/api.w.org\/{rel}","templated":true}]}}