{"id":15893,"date":"2024-02-09T16:55:42","date_gmt":"2024-02-09T15:55:42","guid":{"rendered":"https:\/\/lamaletadelili.com\/?post_type=tribe_events&#038;p=15893"},"modified":"2024-02-09T16:55:42","modified_gmt":"2024-02-09T15:55:42","slug":"del-bressol-a-la-lluna-2","status":"publish","type":"tribe_events","link":"https:\/\/lamaletadelili.com\/ca\/agenda\/del-bressol-a-la-lluna-2\/","title":{"rendered":"Del Bressol a la Lluna"},"content":{"rendered":"<p style=\"text-align: center;\"><em>&#8220;Lluna, lluna, lluna <\/em><\/p>\n<p style=\"text-align: center;\"><em>lluna,lluna,sol&#8221;<\/em><\/p>\n<p>Tot comen\u00e7a amb una petita can\u00e7\u00f3 que entona l&#8217;adult al voltant del bressol del seu petit, mentre les rimes entonades dels llibres d&#8217;<strong>Antonio Rubio<\/strong> es van dilu\u00efnt entre mirades i sonriures.<\/p>\n<p>Algunes poesies surten dels llibres per jugar amb el seu ritme mentre l&#8217;infant aurralit als bra\u00e7os comparteix amb la mare, pare, avia &#8230;aquests moments.<\/p>\n","protected":false},"excerpt":{"rendered":"<p>Per festejar el dia de la Poesia us proposen una tarda a la Biblioteca Mestre Mart\u00ed Tauler amb els llibres d&#8217;Antonio Rubio per cantar, jugar, i escoltar.<br \/>\nVindreu?<\/p>\n","protected":false},"author":2,"featured_media":15448,"template":"","meta":{"_uag_custom_page_level_css":"","site-sidebar-layout":"default","site-content-layout":"","ast-site-content-layout":"default","site-content-style":"default","site-sidebar-style":"default","ast-global-header-display":"","ast-banner-title-visibility":"","ast-main-header-display":"","ast-hfb-above-header-display":"","ast-hfb-below-header-display":"","ast-hfb-mobile-header-display":"","site-post-title":"","ast-breadcrumbs-content":"","ast-featured-img":"","footer-sml-layout":"","ast-disable-related-posts":"","theme-transparent-header-meta":"default","adv-header-id-meta":"","stick-header-meta":"default","header-above-stick-meta":"","header-main-stick-meta":"","header-below-stick-meta":"","astra-migrate-meta-layouts":"set","ast-page-background-enabled":"default","ast-page-background-meta":{"desktop":{"background-color":"var(--ast-global-color-4)","background-image":"","background-repeat":"repeat","background-position":"center center","background-size":"auto","background-attachment":"scroll","background-type":"","background-media":"","overlay-type":"","overlay-color":"","overlay-opacity":"","overlay-gradient":""},"tablet":{"background-color":"","background-image":"","background-repeat":"repeat","background-position":"center center","background-size":"auto","background-attachment":"scroll","background-type":"","background-media":"","overlay-type":"","overlay-color":"","overlay-opacity":"","overlay-gradient":""},"mobile":{"background-color":"","background-image":"","background-repeat":"repeat","background-position":"center center","background-size":"auto","background-attachment":"scroll","background-type":"","background-media":"","overlay-type":"","overlay-color":"","overlay-opacity":"","overlay-gradient":""}},"ast-content-background-meta":{"desktop":{"background-color":"var(--ast-global-color-5)","background-image":"","background-repeat":"repeat","background-position":"center center","background-size":"auto","background-attachment":"scroll","background-type":"","background-media":"","overlay-type":"","overlay-color":"","overlay-opacity":"","overlay-gradient":""},"tablet":{"background-color":"var(--ast-global-color-5)","background-image":"","background-repeat":"repeat","background-position":"center center","background-size":"auto","background-attachment":"scroll","background-type":"","background-media":"","overlay-type":"","overlay-color":"","overlay-opacity":"","overlay-gradient":""},"mobile":{"background-color":"var(--ast-global-color-5)","background-image":"","background-repeat":"repeat","background-position":"center center","background-size":"auto","background-attachment":"scroll","background-type":"","background-media":"","overlay-type":"","overlay-color":"","overlay-opacity":"","overlay-gradient":""}},"_tribe_events_status":"","_tribe_events_status_reason":"","footnotes":""},"tags":[815,541],"tribe_events_cat":[495],"class_list":["post-15893","tribe_events","type-tribe_events","status-publish","has-post-thumbnail","hentry","tag-agenda","tag-biblioteca-mestre-marti-tauler-ca-3","tribe_events_cat-contes-per-menuts","cat_contes-per-menuts"],"yoast_head":"<!-- This site is optimized with the Yoast SEO plugin v27.4 - https:\/\/yoast.com\/product\/yoast-seo-wordpress\/ -->\n<title>Del Bressol a la Lluna - La maleta de Lili<\/title>\n<meta name=\"robots\" content=\"index, follow, max-snippet:-1, max-image-preview:large, max-video-preview:-1\" \/>\n<link rel=\"canonical\" href=\"https:\/\/lamaletadelili.com\/ca\/agenda\/del-bressol-a-la-lluna-2\/\" \/>\n<meta property=\"og:locale\" content=\"ca_ES\" \/>\n<meta property=\"og:type\" content=\"article\" \/>\n<meta property=\"og:title\" content=\"Del Bressol a la Lluna - La maleta de Lili\" \/>\n<meta property=\"og:description\" content=\"Per festejar el dia de la Poesia us proposen una tarda a la Biblioteca Mestre Mart\u00ed Tauler amb els llibres d&#039;Antonio Rubio per cantar, jugar, i escoltar. Vindreu?\" \/>\n<meta property=\"og:url\" content=\"https:\/\/lamaletadelili.com\/ca\/agenda\/del-bressol-a-la-lluna-2\/\" \/>\n<meta property=\"og:site_name\" content=\"La maleta de Lili\" \/>\n<meta property=\"og:image\" content=\"https:\/\/lamaletadelili.com\/wp-content\/uploads\/2023\/11\/Mucho-Cuento.jpg\" \/>\n\t<meta property=\"og:image:width\" content=\"900\" \/>\n\t<meta property=\"og:image:height\" content=\"720\" \/>\n\t<meta property=\"og:image:type\" content=\"image\/jpeg\" \/>\n<meta name=\"twitter:card\" content=\"summary_large_image\" \/>\n<script type=\"application\/ld+json\" class=\"yoast-schema-graph\">{\"@context\":\"https:\\\/\\\/schema.org\",\"@graph\":[{\"@type\":\"WebPage\",\"@id\":\"https:\\\/\\\/lamaletadelili.com\\\/ca\\\/agenda\\\/del-bressol-a-la-lluna-2\\\/\",\"url\":\"https:\\\/\\\/lamaletadelili.com\\\/ca\\\/agenda\\\/del-bressol-a-la-lluna-2\\\/\",\"name\":\"Del Bressol a la Lluna - La maleta de Lili\",\"isPartOf\":{\"@id\":\"https:\\\/\\\/lamaletadelili.com\\\/#website\"},\"primaryImageOfPage\":{\"@id\":\"https:\\\/\\\/lamaletadelili.com\\\/ca\\\/agenda\\\/del-bressol-a-la-lluna-2\\\/#primaryimage\"},\"image\":{\"@id\":\"https:\\\/\\\/lamaletadelili.com\\\/ca\\\/agenda\\\/del-bressol-a-la-lluna-2\\\/#primaryimage\"},\"thumbnailUrl\":\"https:\\\/\\\/lamaletadelili.com\\\/wp-content\\\/uploads\\\/2023\\\/11\\\/Mucho-Cuento.jpg\",\"datePublished\":\"2024-02-09T15:55:42+00:00\",\"breadcrumb\":{\"@id\":\"https:\\\/\\\/lamaletadelili.com\\\/ca\\\/agenda\\\/del-bressol-a-la-lluna-2\\\/#breadcrumb\"},\"inLanguage\":\"ca\",\"potentialAction\":[{\"@type\":\"ReadAction\",\"target\":[\"https:\\\/\\\/lamaletadelili.com\\\/ca\\\/agenda\\\/del-bressol-a-la-lluna-2\\\/\"]}]},{\"@type\":\"ImageObject\",\"inLanguage\":\"ca\",\"@id\":\"https:\\\/\\\/lamaletadelili.com\\\/ca\\\/agenda\\\/del-bressol-a-la-lluna-2\\\/#primaryimage\",\"url\":\"https:\\\/\\\/lamaletadelili.com\\\/wp-content\\\/uploads\\\/2023\\\/11\\\/Mucho-Cuento.jpg\",\"contentUrl\":\"https:\\\/\\\/lamaletadelili.com\\\/wp-content\\\/uploads\\\/2023\\\/11\\\/Mucho-Cuento.jpg\",\"width\":900,\"height\":720,\"caption\":\"Poesia Antonio Rubio\"},{\"@type\":\"BreadcrumbList\",\"@id\":\"https:\\\/\\\/lamaletadelili.com\\\/ca\\\/agenda\\\/del-bressol-a-la-lluna-2\\\/#breadcrumb\",\"itemListElement\":[{\"@type\":\"ListItem\",\"position\":1,\"name\":\"Portada\",\"item\":\"https:\\\/\\\/lamaletadelili.com\\\/ca\\\/\"},{\"@type\":\"ListItem\",\"position\":2,\"name\":\"Esdeveniments\",\"item\":\"https:\\\/\\\/lamaletadelili.com\\\/ca\\\/eventos\\\/\"},{\"@type\":\"ListItem\",\"position\":3,\"name\":\"Del Bressol a la Lluna\"}]},{\"@type\":\"WebSite\",\"@id\":\"https:\\\/\\\/lamaletadelili.com\\\/#website\",\"url\":\"https:\\\/\\\/lamaletadelili.com\\\/\",\"name\":\"La maleta de Lili\",\"description\":\"Cuenta cuentos\",\"publisher\":{\"@id\":\"https:\\\/\\\/lamaletadelili.com\\\/#organization\"},\"potentialAction\":[{\"@type\":\"SearchAction\",\"target\":{\"@type\":\"EntryPoint\",\"urlTemplate\":\"https:\\\/\\\/lamaletadelili.com\\\/?s={search_term_string}\"},\"query-input\":{\"@type\":\"PropertyValueSpecification\",\"valueRequired\":true,\"valueName\":\"search_term_string\"}}],\"inLanguage\":\"ca\"},{\"@type\":\"Organization\",\"@id\":\"https:\\\/\\\/lamaletadelili.com\\\/#organization\",\"name\":\"La maleta de Lili\",\"url\":\"https:\\\/\\\/lamaletadelili.com\\\/\",\"logo\":{\"@type\":\"ImageObject\",\"inLanguage\":\"ca\",\"@id\":\"https:\\\/\\\/lamaletadelili.com\\\/#\\\/schema\\\/logo\\\/image\\\/\",\"url\":\"https:\\\/\\\/lamaletadelili.com\\\/wp-content\\\/uploads\\\/2019\\\/07\\\/LOGO-La-maleta-de-Lili-catalan.png\",\"contentUrl\":\"https:\\\/\\\/lamaletadelili.com\\\/wp-content\\\/uploads\\\/2019\\\/07\\\/LOGO-La-maleta-de-Lili-catalan.png\",\"width\":450,\"height\":177,\"caption\":\"La maleta de Lili\"},\"image\":{\"@id\":\"https:\\\/\\\/lamaletadelili.com\\\/#\\\/schema\\\/logo\\\/image\\\/\"}}]}<\/script>\n<!-- \/ Yoast SEO plugin. -->","yoast_head_json":{"title":"Del Bressol a la Lluna - La maleta de Lili","robots":{"index":"index","follow":"follow","max-snippet":"max-snippet:-1","max-image-preview":"max-image-preview:large","max-video-preview":"max-video-preview:-1"},"canonical":"https:\/\/lamaletadelili.com\/ca\/agenda\/del-bressol-a-la-lluna-2\/","og_locale":"ca_ES","og_type":"article","og_title":"Del Bressol a la Lluna - La maleta de Lili","og_description":"Per festejar el dia de la Poesia us proposen una tarda a la Biblioteca Mestre Mart\u00ed Tauler amb els llibres d'Antonio Rubio per cantar, jugar, i escoltar. Vindreu?","og_url":"https:\/\/lamaletadelili.com\/ca\/agenda\/del-bressol-a-la-lluna-2\/","og_site_name":"La maleta de Lili","og_image":[{"width":900,"height":720,"url":"https:\/\/lamaletadelili.com\/wp-content\/uploads\/2023\/11\/Mucho-Cuento.jpg","type":"image\/jpeg"}],"twitter_card":"summary_large_image","schema":{"@context":"https:\/\/schema.org","@graph":[{"@type":"WebPage","@id":"https:\/\/lamaletadelili.com\/ca\/agenda\/del-bressol-a-la-lluna-2\/","url":"https:\/\/lamaletadelili.com\/ca\/agenda\/del-bressol-a-la-lluna-2\/","name":"Del Bressol a la Lluna - La maleta de Lili","isPartOf":{"@id":"https:\/\/lamaletadelili.com\/#website"},"primaryImageOfPage":{"@id":"https:\/\/lamaletadelili.com\/ca\/agenda\/del-bressol-a-la-lluna-2\/#primaryimage"},"image":{"@id":"https:\/\/lamaletadelili.com\/ca\/agenda\/del-bressol-a-la-lluna-2\/#primaryimage"},"thumbnailUrl":"https:\/\/lamaletadelili.com\/wp-content\/uploads\/2023\/11\/Mucho-Cuento.jpg","datePublished":"2024-02-09T15:55:42+00:00","breadcrumb":{"@id":"https:\/\/lamaletadelili.com\/ca\/agenda\/del-bressol-a-la-lluna-2\/#breadcrumb"},"inLanguage":"ca","potentialAction":[{"@type":"ReadAction","target":["https:\/\/lamaletadelili.com\/ca\/agenda\/del-bressol-a-la-lluna-2\/"]}]},{"@type":"ImageObject","inLanguage":"ca","@id":"https:\/\/lamaletadelili.com\/ca\/agenda\/del-bressol-a-la-lluna-2\/#primaryimage","url":"https:\/\/lamaletadelili.com\/wp-content\/uploads\/2023\/11\/Mucho-Cuento.jpg","contentUrl":"https:\/\/lamaletadelili.com\/wp-content\/uploads\/2023\/11\/Mucho-Cuento.jpg","width":900,"height":720,"caption":"Poesia Antonio Rubio"},{"@type":"BreadcrumbList","@id":"https:\/\/lamaletadelili.com\/ca\/agenda\/del-bressol-a-la-lluna-2\/#breadcrumb","itemListElement":[{"@type":"ListItem","position":1,"name":"Portada","item":"https:\/\/lamaletadelili.com\/ca\/"},{"@type":"ListItem","position":2,"name":"Esdeveniments","item":"https:\/\/lamaletadelili.com\/ca\/eventos\/"},{"@type":"ListItem","position":3,"name":"Del Bressol a la Lluna"}]},{"@type":"WebSite","@id":"https:\/\/lamaletadelili.com\/#website","url":"https:\/\/lamaletadelili.com\/","name":"La maleta de Lili","description":"Cuenta cuentos","publisher":{"@id":"https:\/\/lamaletadelili.com\/#organization"},"potentialAction":[{"@type":"SearchAction","target":{"@type":"EntryPoint","urlTemplate":"https:\/\/lamaletadelili.com\/?s={search_term_string}"},"query-input":{"@type":"PropertyValueSpecification","valueRequired":true,"valueName":"search_term_string"}}],"inLanguage":"ca"},{"@type":"Organization","@id":"https:\/\/lamaletadelili.com\/#organization","name":"La maleta de Lili","url":"https:\/\/lamaletadelili.com\/","logo":{"@type":"ImageObject","inLanguage":"ca","@id":"https:\/\/lamaletadelili.com\/#\/schema\/logo\/image\/","url":"https:\/\/lamaletadelili.com\/wp-content\/uploads\/2019\/07\/LOGO-La-maleta-de-Lili-catalan.png","contentUrl":"https:\/\/lamaletadelili.com\/wp-content\/uploads\/2019\/07\/LOGO-La-maleta-de-Lili-catalan.png","width":450,"height":177,"caption":"La maleta de Lili"},"image":{"@id":"https:\/\/lamaletadelili.com\/#\/schema\/logo\/image\/"}}]}},"uagb_featured_image_src":{"full":["https:\/\/lamaletadelili.com\/wp-content\/uploads\/2023\/11\/Mucho-Cuento.jpg",900,720,false],"thumbnail":["https:\/\/lamaletadelili.com\/wp-content\/uploads\/2023\/11\/Mucho-Cuento-150x150.jpg",150,150,true],"medium":["https:\/\/lamaletadelili.com\/wp-content\/uploads\/2023\/11\/Mucho-Cuento-269x215.jpg",269,215,true],"medium_large":["https:\/\/lamaletadelili.com\/wp-content\/uploads\/2023\/11\/Mucho-Cuento-768x614.jpg",768,614,true],"large":["https:\/\/lamaletadelili.com\/wp-content\/uploads\/2023\/11\/Mucho-Cuento-563x450.jpg",563,450,true],"1536x1536":["https:\/\/lamaletadelili.com\/wp-content\/uploads\/2023\/11\/Mucho-Cuento.jpg",900,720,false],"2048x2048":["https:\/\/lamaletadelili.com\/wp-content\/uploads\/2023\/11\/Mucho-Cuento.jpg",900,720,false]},"uagb_author_info":{"display_name":"Lili","author_link":"https:\/\/lamaletadelili.com\/ca\/author\/lili\/"},"uagb_comment_info":0,"uagb_excerpt":"Per festejar el dia de la Poesia us proposen una tarda a la Biblioteca Mestre Mart\u00ed Tauler amb els llibres d'Antonio Rubio per cantar, jugar, i escoltar. Vindreu?","_links":{"self":[{"href":"https:\/\/lamaletadelili.com\/ca\/wp-json\/wp\/v2\/tribe_events\/15893","targetHints":{"allow":["GET"]}}],"collection":[{"href":"https:\/\/lamaletadelili.com\/ca\/wp-json\/wp\/v2\/tribe_events"}],"about":[{"href":"https:\/\/lamaletadelili.com\/ca\/wp-json\/wp\/v2\/types\/tribe_events"}],"author":[{"embeddable":true,"href":"https:\/\/lamaletadelili.com\/ca\/wp-json\/wp\/v2\/users\/2"}],"version-history":[{"count":0,"href":"https:\/\/lamaletadelili.com\/ca\/wp-json\/wp\/v2\/tribe_events\/15893\/revisions"}],"wp:featuredmedia":[{"embeddable":true,"href":"https:\/\/lamaletadelili.com\/ca\/wp-json\/wp\/v2\/media\/15448"}],"wp:attachment":[{"href":"https:\/\/lamaletadelili.com\/ca\/wp-json\/wp\/v2\/media?parent=15893"}],"wp:term":[{"taxonomy":"post_tag","embeddable":true,"href":"https:\/\/lamaletadelili.com\/ca\/wp-json\/wp\/v2\/tags?post=15893"},{"taxonomy":"tribe_events_cat","embeddable":true,"href":"https:\/\/lamaletadelili.com\/ca\/wp-json\/wp\/v2\/tribe_events_cat?post=15893"}],"curies":[{"name":"wp","href":"https:\/\/api.w.org\/{rel}","templated":true}]}}