{"id":14829,"date":"2023-06-19T13:19:04","date_gmt":"2023-06-19T11:19:04","guid":{"rendered":"https:\/\/lamaletadelili.com\/?post_type=tribe_events&#038;p=14829"},"modified":"2023-10-16T10:39:11","modified_gmt":"2023-10-16T08:39:11","slug":"jugant-amb-en-bruno-munari-2","status":"publish","type":"tribe_events","link":"https:\/\/lamaletadelili.com\/ca\/agenda\/jugant-amb-en-bruno-munari-2\/","title":{"rendered":"Jugant amb en Bruno Munari"},"content":{"rendered":"<div><strong><em>\u00abJugar es algo serio, los ni\u00f1os de hoy son los adultos de ma\u00f1ana. Ayud\u00e9mosles a crecer libres de estereotipos; ayud\u00e9mosles a desarrollar todos los sentidos; ayud\u00e9mosles a ser m\u00e1s sensibles. Un ni\u00f1o creativo es un ni\u00f1o feliz\u00bb \u2014Bruno Munari, C.1980<\/em><\/strong><\/div>\n<div><em><a href=\"https:\/\/es.wikipedia.org\/wiki\/Bruno_Munari\"><strong>Bruno Munari<\/strong><\/a> va ser un artista i dissenyador itali\u00e0 molt creatiu que va escriure llibres per infants.<\/em><br \/>\n<em>Una de les seves coleccions creada al 1945 \u00e9s el punt de partida d&#8217;aquest <strong>Taller experimental<\/strong>.<\/em><br \/>\n<em>Cin llibres triats relacionats amb objectes ser\u00e0n la posada en escena a la terrassa de la <a href=\"https:\/\/bibliotecavirtual.diba.cat\/es\/rubi-biblioteca-mestre-marti-tauler\"><strong>Biblioteca Mestre Mart\u00ed Tauler<\/strong><\/a>, on els infants i les seves fam\u00edlies seran les protagonites explorant, manipulant, jugant i compartint petites lectures.<\/em><\/div>\n<div><em>Us esperem!!<\/em><\/div>\n<div><\/div>\n<div><\/div>\n<div><\/div>\n<div class=\"x11i5rnm xat24cr x1mh8g0r x1vvkbs xtlvy1s\"><\/div>\n","protected":false},"excerpt":{"rendered":"<p>Cinc llibres de Bruno Munari son l&#8217;eix d&#8217;aquest Taller Experimental on els infants i les seves fam\u00edlies son els protagonistes explorant, manipulant, jugant i compartint petites lectures.<br \/>\nUn espai i un temps per gaudir en fam\u00edlia jugant amb els llibres.<br \/>\nAdre\u00e7at a infants entre 1 a 3\/4 anys acompanyats d&#8217;un adult<\/p>\n","protected":false},"author":2,"featured_media":14860,"template":"","meta":{"_uag_custom_page_level_css":"","site-sidebar-layout":"default","site-content-layout":"default","ast-site-content-layout":"default","site-content-style":"default","site-sidebar-style":"default","ast-global-header-display":"","ast-banner-title-visibility":"","ast-main-header-display":"","ast-hfb-above-header-display":"","ast-hfb-below-header-display":"","ast-hfb-mobile-header-display":"","site-post-title":"","ast-breadcrumbs-content":"","ast-featured-img":"","footer-sml-layout":"","ast-disable-related-posts":"","theme-transparent-header-meta":"default","adv-header-id-meta":"","stick-header-meta":"default","header-above-stick-meta":"","header-main-stick-meta":"","header-below-stick-meta":"","astra-migrate-meta-layouts":"default","ast-page-background-enabled":"default","ast-page-background-meta":{"desktop":{"background-color":"var(--ast-global-color-4)","background-image":"","background-repeat":"repeat","background-position":"center center","background-size":"auto","background-attachment":"scroll","background-type":"","background-media":"","overlay-type":"","overlay-color":"","overlay-opacity":"","overlay-gradient":""},"tablet":{"background-color":"","background-image":"","background-repeat":"repeat","background-position":"center center","background-size":"auto","background-attachment":"scroll","background-type":"","background-media":"","overlay-type":"","overlay-color":"","overlay-opacity":"","overlay-gradient":""},"mobile":{"background-color":"","background-image":"","background-repeat":"repeat","background-position":"center center","background-size":"auto","background-attachment":"scroll","background-type":"","background-media":"","overlay-type":"","overlay-color":"","overlay-opacity":"","overlay-gradient":""}},"ast-content-background-meta":{"desktop":{"background-color":"var(--ast-global-color-5)","background-image":"","background-repeat":"repeat","background-position":"center center","background-size":"auto","background-attachment":"scroll","background-type":"","background-media":"","overlay-type":"","overlay-color":"","overlay-opacity":"","overlay-gradient":""},"tablet":{"background-color":"var(--ast-global-color-5)","background-image":"","background-repeat":"repeat","background-position":"center center","background-size":"auto","background-attachment":"scroll","background-type":"","background-media":"","overlay-type":"","overlay-color":"","overlay-opacity":"","overlay-gradient":""},"mobile":{"background-color":"var(--ast-global-color-5)","background-image":"","background-repeat":"repeat","background-position":"center center","background-size":"auto","background-attachment":"scroll","background-type":"","background-media":"","overlay-type":"","overlay-color":"","overlay-opacity":"","overlay-gradient":""}},"_tribe_events_status":"","_tribe_events_status_reason":"","footnotes":""},"tags":[815,541,822],"tribe_events_cat":[495],"class_list":["post-14829","tribe_events","type-tribe_events","status-publish","has-post-thumbnail","hentry","tag-agenda","tag-biblioteca-mestre-marti-tauler-ca-3","tag-bruno-munari","tribe_events_cat-contes-per-menuts","cat_contes-per-menuts"],"yoast_head":"<!-- This site is optimized with the Yoast SEO plugin v27.4 - https:\/\/yoast.com\/product\/yoast-seo-wordpress\/ -->\n<title>Jugant amb en Bruno Munari - La maleta de Lili<\/title>\n<meta name=\"robots\" content=\"index, follow, max-snippet:-1, max-image-preview:large, max-video-preview:-1\" \/>\n<link rel=\"canonical\" href=\"https:\/\/lamaletadelili.com\/ca\/agenda\/jugant-amb-en-bruno-munari-2\/\" \/>\n<meta property=\"og:locale\" content=\"ca_ES\" \/>\n<meta property=\"og:type\" content=\"article\" \/>\n<meta property=\"og:title\" content=\"Jugant amb en Bruno Munari - La maleta de Lili\" \/>\n<meta property=\"og:description\" content=\"Cinc llibres de Bruno Munari son l&#039;eix d&#039;aquest Taller Experimental on els infants i les seves fam\u00edlies son els protagonistes explorant, manipulant, jugant i compartint petites lectures. Un espai i un temps per gaudir en fam\u00edlia jugant amb els llibres. Adre\u00e7at a infants entre 1 a 3\/4 anys acompanyats d&#039;un adult\" \/>\n<meta property=\"og:url\" content=\"https:\/\/lamaletadelili.com\/ca\/agenda\/jugant-amb-en-bruno-munari-2\/\" \/>\n<meta property=\"og:site_name\" content=\"La maleta de Lili\" \/>\n<meta property=\"article:modified_time\" content=\"2023-10-16T08:39:11+00:00\" \/>\n<meta property=\"og:image\" content=\"https:\/\/lamaletadelili.com\/wp-content\/uploads\/2023\/06\/Jugant-amb-en-Bruno-Munari.jpg\" \/>\n\t<meta property=\"og:image:width\" content=\"900\" \/>\n\t<meta property=\"og:image:height\" content=\"414\" \/>\n\t<meta property=\"og:image:type\" content=\"image\/jpeg\" \/>\n<meta name=\"twitter:card\" content=\"summary_large_image\" \/>\n<meta name=\"twitter:label1\" content=\"Temps estimat de lectura\" \/>\n\t<meta name=\"twitter:data1\" content=\"1 minut\" \/>\n<script type=\"application\/ld+json\" class=\"yoast-schema-graph\">{\"@context\":\"https:\\\/\\\/schema.org\",\"@graph\":[{\"@type\":\"WebPage\",\"@id\":\"https:\\\/\\\/lamaletadelili.com\\\/ca\\\/agenda\\\/jugant-amb-en-bruno-munari-2\\\/\",\"url\":\"https:\\\/\\\/lamaletadelili.com\\\/ca\\\/agenda\\\/jugant-amb-en-bruno-munari-2\\\/\",\"name\":\"Jugant amb en Bruno Munari - La maleta de Lili\",\"isPartOf\":{\"@id\":\"https:\\\/\\\/lamaletadelili.com\\\/#website\"},\"primaryImageOfPage\":{\"@id\":\"https:\\\/\\\/lamaletadelili.com\\\/ca\\\/agenda\\\/jugant-amb-en-bruno-munari-2\\\/#primaryimage\"},\"image\":{\"@id\":\"https:\\\/\\\/lamaletadelili.com\\\/ca\\\/agenda\\\/jugant-amb-en-bruno-munari-2\\\/#primaryimage\"},\"thumbnailUrl\":\"https:\\\/\\\/lamaletadelili.com\\\/wp-content\\\/uploads\\\/2023\\\/06\\\/Jugant-amb-en-Bruno-Munari.jpg\",\"datePublished\":\"2023-06-19T11:19:04+00:00\",\"dateModified\":\"2023-10-16T08:39:11+00:00\",\"breadcrumb\":{\"@id\":\"https:\\\/\\\/lamaletadelili.com\\\/ca\\\/agenda\\\/jugant-amb-en-bruno-munari-2\\\/#breadcrumb\"},\"inLanguage\":\"ca\",\"potentialAction\":[{\"@type\":\"ReadAction\",\"target\":[\"https:\\\/\\\/lamaletadelili.com\\\/ca\\\/agenda\\\/jugant-amb-en-bruno-munari-2\\\/\"]}]},{\"@type\":\"ImageObject\",\"inLanguage\":\"ca\",\"@id\":\"https:\\\/\\\/lamaletadelili.com\\\/ca\\\/agenda\\\/jugant-amb-en-bruno-munari-2\\\/#primaryimage\",\"url\":\"https:\\\/\\\/lamaletadelili.com\\\/wp-content\\\/uploads\\\/2023\\\/06\\\/Jugant-amb-en-Bruno-Munari.jpg\",\"contentUrl\":\"https:\\\/\\\/lamaletadelili.com\\\/wp-content\\\/uploads\\\/2023\\\/06\\\/Jugant-amb-en-Bruno-Munari.jpg\",\"width\":900,\"height\":414},{\"@type\":\"BreadcrumbList\",\"@id\":\"https:\\\/\\\/lamaletadelili.com\\\/ca\\\/agenda\\\/jugant-amb-en-bruno-munari-2\\\/#breadcrumb\",\"itemListElement\":[{\"@type\":\"ListItem\",\"position\":1,\"name\":\"Portada\",\"item\":\"https:\\\/\\\/lamaletadelili.com\\\/ca\\\/\"},{\"@type\":\"ListItem\",\"position\":2,\"name\":\"Esdeveniments\",\"item\":\"https:\\\/\\\/lamaletadelili.com\\\/ca\\\/eventos\\\/\"},{\"@type\":\"ListItem\",\"position\":3,\"name\":\"Jugant amb en Bruno Munari\"}]},{\"@type\":\"WebSite\",\"@id\":\"https:\\\/\\\/lamaletadelili.com\\\/#website\",\"url\":\"https:\\\/\\\/lamaletadelili.com\\\/\",\"name\":\"La maleta de Lili\",\"description\":\"Cuenta cuentos\",\"publisher\":{\"@id\":\"https:\\\/\\\/lamaletadelili.com\\\/#organization\"},\"potentialAction\":[{\"@type\":\"SearchAction\",\"target\":{\"@type\":\"EntryPoint\",\"urlTemplate\":\"https:\\\/\\\/lamaletadelili.com\\\/?s={search_term_string}\"},\"query-input\":{\"@type\":\"PropertyValueSpecification\",\"valueRequired\":true,\"valueName\":\"search_term_string\"}}],\"inLanguage\":\"ca\"},{\"@type\":\"Organization\",\"@id\":\"https:\\\/\\\/lamaletadelili.com\\\/#organization\",\"name\":\"La maleta de Lili\",\"url\":\"https:\\\/\\\/lamaletadelili.com\\\/\",\"logo\":{\"@type\":\"ImageObject\",\"inLanguage\":\"ca\",\"@id\":\"https:\\\/\\\/lamaletadelili.com\\\/#\\\/schema\\\/logo\\\/image\\\/\",\"url\":\"https:\\\/\\\/lamaletadelili.com\\\/wp-content\\\/uploads\\\/2019\\\/07\\\/LOGO-La-maleta-de-Lili-catalan.png\",\"contentUrl\":\"https:\\\/\\\/lamaletadelili.com\\\/wp-content\\\/uploads\\\/2019\\\/07\\\/LOGO-La-maleta-de-Lili-catalan.png\",\"width\":450,\"height\":177,\"caption\":\"La maleta de Lili\"},\"image\":{\"@id\":\"https:\\\/\\\/lamaletadelili.com\\\/#\\\/schema\\\/logo\\\/image\\\/\"}}]}<\/script>\n<!-- \/ Yoast SEO plugin. -->","yoast_head_json":{"title":"Jugant amb en Bruno Munari - La maleta de Lili","robots":{"index":"index","follow":"follow","max-snippet":"max-snippet:-1","max-image-preview":"max-image-preview:large","max-video-preview":"max-video-preview:-1"},"canonical":"https:\/\/lamaletadelili.com\/ca\/agenda\/jugant-amb-en-bruno-munari-2\/","og_locale":"ca_ES","og_type":"article","og_title":"Jugant amb en Bruno Munari - La maleta de Lili","og_description":"Cinc llibres de Bruno Munari son l'eix d'aquest Taller Experimental on els infants i les seves fam\u00edlies son els protagonistes explorant, manipulant, jugant i compartint petites lectures. Un espai i un temps per gaudir en fam\u00edlia jugant amb els llibres. Adre\u00e7at a infants entre 1 a 3\/4 anys acompanyats d'un adult","og_url":"https:\/\/lamaletadelili.com\/ca\/agenda\/jugant-amb-en-bruno-munari-2\/","og_site_name":"La maleta de Lili","article_modified_time":"2023-10-16T08:39:11+00:00","og_image":[{"width":900,"height":414,"url":"https:\/\/lamaletadelili.com\/wp-content\/uploads\/2023\/06\/Jugant-amb-en-Bruno-Munari.jpg","type":"image\/jpeg"}],"twitter_card":"summary_large_image","twitter_misc":{"Temps estimat de lectura":"1 minut"},"schema":{"@context":"https:\/\/schema.org","@graph":[{"@type":"WebPage","@id":"https:\/\/lamaletadelili.com\/ca\/agenda\/jugant-amb-en-bruno-munari-2\/","url":"https:\/\/lamaletadelili.com\/ca\/agenda\/jugant-amb-en-bruno-munari-2\/","name":"Jugant amb en Bruno Munari - La maleta de Lili","isPartOf":{"@id":"https:\/\/lamaletadelili.com\/#website"},"primaryImageOfPage":{"@id":"https:\/\/lamaletadelili.com\/ca\/agenda\/jugant-amb-en-bruno-munari-2\/#primaryimage"},"image":{"@id":"https:\/\/lamaletadelili.com\/ca\/agenda\/jugant-amb-en-bruno-munari-2\/#primaryimage"},"thumbnailUrl":"https:\/\/lamaletadelili.com\/wp-content\/uploads\/2023\/06\/Jugant-amb-en-Bruno-Munari.jpg","datePublished":"2023-06-19T11:19:04+00:00","dateModified":"2023-10-16T08:39:11+00:00","breadcrumb":{"@id":"https:\/\/lamaletadelili.com\/ca\/agenda\/jugant-amb-en-bruno-munari-2\/#breadcrumb"},"inLanguage":"ca","potentialAction":[{"@type":"ReadAction","target":["https:\/\/lamaletadelili.com\/ca\/agenda\/jugant-amb-en-bruno-munari-2\/"]}]},{"@type":"ImageObject","inLanguage":"ca","@id":"https:\/\/lamaletadelili.com\/ca\/agenda\/jugant-amb-en-bruno-munari-2\/#primaryimage","url":"https:\/\/lamaletadelili.com\/wp-content\/uploads\/2023\/06\/Jugant-amb-en-Bruno-Munari.jpg","contentUrl":"https:\/\/lamaletadelili.com\/wp-content\/uploads\/2023\/06\/Jugant-amb-en-Bruno-Munari.jpg","width":900,"height":414},{"@type":"BreadcrumbList","@id":"https:\/\/lamaletadelili.com\/ca\/agenda\/jugant-amb-en-bruno-munari-2\/#breadcrumb","itemListElement":[{"@type":"ListItem","position":1,"name":"Portada","item":"https:\/\/lamaletadelili.com\/ca\/"},{"@type":"ListItem","position":2,"name":"Esdeveniments","item":"https:\/\/lamaletadelili.com\/ca\/eventos\/"},{"@type":"ListItem","position":3,"name":"Jugant amb en Bruno Munari"}]},{"@type":"WebSite","@id":"https:\/\/lamaletadelili.com\/#website","url":"https:\/\/lamaletadelili.com\/","name":"La maleta de Lili","description":"Cuenta cuentos","publisher":{"@id":"https:\/\/lamaletadelili.com\/#organization"},"potentialAction":[{"@type":"SearchAction","target":{"@type":"EntryPoint","urlTemplate":"https:\/\/lamaletadelili.com\/?s={search_term_string}"},"query-input":{"@type":"PropertyValueSpecification","valueRequired":true,"valueName":"search_term_string"}}],"inLanguage":"ca"},{"@type":"Organization","@id":"https:\/\/lamaletadelili.com\/#organization","name":"La maleta de Lili","url":"https:\/\/lamaletadelili.com\/","logo":{"@type":"ImageObject","inLanguage":"ca","@id":"https:\/\/lamaletadelili.com\/#\/schema\/logo\/image\/","url":"https:\/\/lamaletadelili.com\/wp-content\/uploads\/2019\/07\/LOGO-La-maleta-de-Lili-catalan.png","contentUrl":"https:\/\/lamaletadelili.com\/wp-content\/uploads\/2019\/07\/LOGO-La-maleta-de-Lili-catalan.png","width":450,"height":177,"caption":"La maleta de Lili"},"image":{"@id":"https:\/\/lamaletadelili.com\/#\/schema\/logo\/image\/"}}]}},"uagb_featured_image_src":{"full":["https:\/\/lamaletadelili.com\/wp-content\/uploads\/2023\/06\/Jugant-amb-en-Bruno-Munari.jpg",900,414,false],"thumbnail":["https:\/\/lamaletadelili.com\/wp-content\/uploads\/2023\/06\/Jugant-amb-en-Bruno-Munari-150x150.jpg",150,150,true],"medium":["https:\/\/lamaletadelili.com\/wp-content\/uploads\/2023\/06\/Jugant-amb-en-Bruno-Munari-380x175.jpg",380,175,true],"medium_large":["https:\/\/lamaletadelili.com\/wp-content\/uploads\/2023\/06\/Jugant-amb-en-Bruno-Munari-768x353.jpg",768,353,true],"large":["https:\/\/lamaletadelili.com\/wp-content\/uploads\/2023\/06\/Jugant-amb-en-Bruno-Munari-800x368.jpg",800,368,true],"1536x1536":["https:\/\/lamaletadelili.com\/wp-content\/uploads\/2023\/06\/Jugant-amb-en-Bruno-Munari.jpg",900,414,false],"2048x2048":["https:\/\/lamaletadelili.com\/wp-content\/uploads\/2023\/06\/Jugant-amb-en-Bruno-Munari.jpg",900,414,false]},"uagb_author_info":{"display_name":"Lili","author_link":"https:\/\/lamaletadelili.com\/ca\/author\/lili\/"},"uagb_comment_info":0,"uagb_excerpt":"Cinc llibres de Bruno Munari son l'eix d'aquest Taller Experimental on els infants i les seves fam\u00edlies son els protagonistes explorant, manipulant, jugant i compartint petites lectures. Un espai i un temps per gaudir en fam\u00edlia jugant amb els llibres. Adre\u00e7at a infants entre 1 a 3\/4 anys acompanyats d'un adult","_links":{"self":[{"href":"https:\/\/lamaletadelili.com\/ca\/wp-json\/wp\/v2\/tribe_events\/14829","targetHints":{"allow":["GET"]}}],"collection":[{"href":"https:\/\/lamaletadelili.com\/ca\/wp-json\/wp\/v2\/tribe_events"}],"about":[{"href":"https:\/\/lamaletadelili.com\/ca\/wp-json\/wp\/v2\/types\/tribe_events"}],"author":[{"embeddable":true,"href":"https:\/\/lamaletadelili.com\/ca\/wp-json\/wp\/v2\/users\/2"}],"version-history":[{"count":0,"href":"https:\/\/lamaletadelili.com\/ca\/wp-json\/wp\/v2\/tribe_events\/14829\/revisions"}],"wp:featuredmedia":[{"embeddable":true,"href":"https:\/\/lamaletadelili.com\/ca\/wp-json\/wp\/v2\/media\/14860"}],"wp:attachment":[{"href":"https:\/\/lamaletadelili.com\/ca\/wp-json\/wp\/v2\/media?parent=14829"}],"wp:term":[{"taxonomy":"post_tag","embeddable":true,"href":"https:\/\/lamaletadelili.com\/ca\/wp-json\/wp\/v2\/tags?post=14829"},{"taxonomy":"tribe_events_cat","embeddable":true,"href":"https:\/\/lamaletadelili.com\/ca\/wp-json\/wp\/v2\/tribe_events_cat?post=14829"}],"curies":[{"name":"wp","href":"https:\/\/api.w.org\/{rel}","templated":true}]}}