{"id":14235,"date":"2023-01-30T11:45:08","date_gmt":"2023-01-30T10:45:08","guid":{"rendered":"https:\/\/lamaletadelili.com\/?post_type=tribe_events&#038;p=14235"},"modified":"2023-10-16T10:51:39","modified_gmt":"2023-10-16T08:51:39","slug":"les-disfresses-del-sr-prudenci","status":"publish","type":"tribe_events","link":"https:\/\/lamaletadelili.com\/ca\/agenda\/les-disfresses-del-sr-prudenci\/","title":{"rendered":"Les disfresses del Sr. Prudenci"},"content":{"rendered":"<p><strong>El senyor Prudenci<\/strong> era un home gris amb una vida molt tranquil.la fins que amb <strong>l&#8217;arrivada del Carnestoltes<\/strong> es trasformava.<br \/>\nPrimer es va disfressa de flor. despr\u00e9s de vampir, de dolent! per\u00f2 tot li sortia malament fins que es va emprovar un vestit de pallasso.<\/p>\n<p>Partint d&#8217;aquest personatge tan singular, escoltarem la seva hist\u00f2ria i jugarem amb el personatge posant-li les diferents disfresses.<\/p>\n","protected":false},"excerpt":{"rendered":"<p>Per Carnetoltes tot si hi val!!, i el Sr. Prudenci li agrada tant disfra\u00e7ar-se que ho fa de diferents formes totes causant situacions una mica complicades.<br \/>\nUs conviden a descobrir quina ser\u00e0 la seva disfressa definitiva  i al taller qu\u00e8 farem relacionat.<\/p>\n","protected":false},"author":2,"featured_media":14253,"template":"","meta":{"_uag_custom_page_level_css":"","site-sidebar-layout":"default","site-content-layout":"default","ast-site-content-layout":"default","site-content-style":"default","site-sidebar-style":"default","ast-global-header-display":"","ast-banner-title-visibility":"","ast-main-header-display":"","ast-hfb-above-header-display":"","ast-hfb-below-header-display":"","ast-hfb-mobile-header-display":"","site-post-title":"","ast-breadcrumbs-content":"","ast-featured-img":"","footer-sml-layout":"","ast-disable-related-posts":"","theme-transparent-header-meta":"default","adv-header-id-meta":"","stick-header-meta":"default","header-above-stick-meta":"","header-main-stick-meta":"","header-below-stick-meta":"","astra-migrate-meta-layouts":"default","ast-page-background-enabled":"default","ast-page-background-meta":{"desktop":{"background-color":"var(--ast-global-color-4)","background-image":"","background-repeat":"repeat","background-position":"center center","background-size":"auto","background-attachment":"scroll","background-type":"","background-media":"","overlay-type":"","overlay-color":"","overlay-opacity":"","overlay-gradient":""},"tablet":{"background-color":"","background-image":"","background-repeat":"repeat","background-position":"center center","background-size":"auto","background-attachment":"scroll","background-type":"","background-media":"","overlay-type":"","overlay-color":"","overlay-opacity":"","overlay-gradient":""},"mobile":{"background-color":"","background-image":"","background-repeat":"repeat","background-position":"center center","background-size":"auto","background-attachment":"scroll","background-type":"","background-media":"","overlay-type":"","overlay-color":"","overlay-opacity":"","overlay-gradient":""}},"ast-content-background-meta":{"desktop":{"background-color":"var(--ast-global-color-5)","background-image":"","background-repeat":"repeat","background-position":"center center","background-size":"auto","background-attachment":"scroll","background-type":"","background-media":"","overlay-type":"","overlay-color":"","overlay-opacity":"","overlay-gradient":""},"tablet":{"background-color":"var(--ast-global-color-5)","background-image":"","background-repeat":"repeat","background-position":"center center","background-size":"auto","background-attachment":"scroll","background-type":"","background-media":"","overlay-type":"","overlay-color":"","overlay-opacity":"","overlay-gradient":""},"mobile":{"background-color":"var(--ast-global-color-5)","background-image":"","background-repeat":"repeat","background-position":"center center","background-size":"auto","background-attachment":"scroll","background-type":"","background-media":"","overlay-type":"","overlay-color":"","overlay-opacity":"","overlay-gradient":""}},"_tribe_events_status":"","_tribe_events_status_reason":"","footnotes":""},"tags":[815,541,834],"tribe_events_cat":[495],"class_list":["post-14235","tribe_events","type-tribe_events","status-publish","has-post-thumbnail","hentry","tag-agenda","tag-biblioteca-mestre-marti-tauler-ca-3","tag-carnestoltes","tribe_events_cat-contes-per-menuts","cat_contes-per-menuts"],"yoast_head":"<!-- This site is optimized with the Yoast SEO plugin v27.4 - https:\/\/yoast.com\/product\/yoast-seo-wordpress\/ -->\n<title>Les disfresses del Sr. Prudenci - La maleta de Lili<\/title>\n<meta name=\"robots\" content=\"index, follow, max-snippet:-1, max-image-preview:large, max-video-preview:-1\" \/>\n<link rel=\"canonical\" href=\"https:\/\/lamaletadelili.com\/ca\/agenda\/les-disfresses-del-sr-prudenci\/\" \/>\n<meta property=\"og:locale\" content=\"ca_ES\" \/>\n<meta property=\"og:type\" content=\"article\" \/>\n<meta property=\"og:title\" content=\"Les disfresses del Sr. Prudenci - La maleta de Lili\" \/>\n<meta property=\"og:description\" content=\"Per Carnetoltes tot si hi val!!, i el Sr. Prudenci li agrada tant disfra\u00e7ar-se que ho fa de diferents formes totes causant situacions una mica complicades. Us conviden a descobrir quina ser\u00e0 la seva disfressa definitiva i al taller qu\u00e8 farem relacionat.\" \/>\n<meta property=\"og:url\" content=\"https:\/\/lamaletadelili.com\/ca\/agenda\/les-disfresses-del-sr-prudenci\/\" \/>\n<meta property=\"og:site_name\" content=\"La maleta de Lili\" \/>\n<meta property=\"article:modified_time\" content=\"2023-10-16T08:51:39+00:00\" \/>\n<meta property=\"og:image\" content=\"https:\/\/lamaletadelili.com\/wp-content\/uploads\/2023\/01\/les-disfresses.jpeg\" \/>\n\t<meta property=\"og:image:width\" content=\"900\" \/>\n\t<meta property=\"og:image:height\" content=\"675\" \/>\n\t<meta property=\"og:image:type\" content=\"image\/jpeg\" \/>\n<meta name=\"twitter:card\" content=\"summary_large_image\" \/>\n<script type=\"application\/ld+json\" class=\"yoast-schema-graph\">{\"@context\":\"https:\\\/\\\/schema.org\",\"@graph\":[{\"@type\":\"WebPage\",\"@id\":\"https:\\\/\\\/lamaletadelili.com\\\/ca\\\/agenda\\\/les-disfresses-del-sr-prudenci\\\/\",\"url\":\"https:\\\/\\\/lamaletadelili.com\\\/ca\\\/agenda\\\/les-disfresses-del-sr-prudenci\\\/\",\"name\":\"Les disfresses del Sr. Prudenci - La maleta de Lili\",\"isPartOf\":{\"@id\":\"https:\\\/\\\/lamaletadelili.com\\\/#website\"},\"primaryImageOfPage\":{\"@id\":\"https:\\\/\\\/lamaletadelili.com\\\/ca\\\/agenda\\\/les-disfresses-del-sr-prudenci\\\/#primaryimage\"},\"image\":{\"@id\":\"https:\\\/\\\/lamaletadelili.com\\\/ca\\\/agenda\\\/les-disfresses-del-sr-prudenci\\\/#primaryimage\"},\"thumbnailUrl\":\"https:\\\/\\\/lamaletadelili.com\\\/wp-content\\\/uploads\\\/2023\\\/01\\\/les-disfresses.jpeg\",\"datePublished\":\"2023-01-30T10:45:08+00:00\",\"dateModified\":\"2023-10-16T08:51:39+00:00\",\"breadcrumb\":{\"@id\":\"https:\\\/\\\/lamaletadelili.com\\\/ca\\\/agenda\\\/les-disfresses-del-sr-prudenci\\\/#breadcrumb\"},\"inLanguage\":\"ca\",\"potentialAction\":[{\"@type\":\"ReadAction\",\"target\":[\"https:\\\/\\\/lamaletadelili.com\\\/ca\\\/agenda\\\/les-disfresses-del-sr-prudenci\\\/\"]}]},{\"@type\":\"ImageObject\",\"inLanguage\":\"ca\",\"@id\":\"https:\\\/\\\/lamaletadelili.com\\\/ca\\\/agenda\\\/les-disfresses-del-sr-prudenci\\\/#primaryimage\",\"url\":\"https:\\\/\\\/lamaletadelili.com\\\/wp-content\\\/uploads\\\/2023\\\/01\\\/les-disfresses.jpeg\",\"contentUrl\":\"https:\\\/\\\/lamaletadelili.com\\\/wp-content\\\/uploads\\\/2023\\\/01\\\/les-disfresses.jpeg\",\"width\":900,\"height\":675,\"caption\":\"Carnestoltes\"},{\"@type\":\"BreadcrumbList\",\"@id\":\"https:\\\/\\\/lamaletadelili.com\\\/ca\\\/agenda\\\/les-disfresses-del-sr-prudenci\\\/#breadcrumb\",\"itemListElement\":[{\"@type\":\"ListItem\",\"position\":1,\"name\":\"Portada\",\"item\":\"https:\\\/\\\/lamaletadelili.com\\\/ca\\\/\"},{\"@type\":\"ListItem\",\"position\":2,\"name\":\"Esdeveniments\",\"item\":\"https:\\\/\\\/lamaletadelili.com\\\/ca\\\/eventos\\\/\"},{\"@type\":\"ListItem\",\"position\":3,\"name\":\"Les disfresses del Sr. Prudenci\"}]},{\"@type\":\"WebSite\",\"@id\":\"https:\\\/\\\/lamaletadelili.com\\\/#website\",\"url\":\"https:\\\/\\\/lamaletadelili.com\\\/\",\"name\":\"La maleta de Lili\",\"description\":\"Cuenta cuentos\",\"publisher\":{\"@id\":\"https:\\\/\\\/lamaletadelili.com\\\/#organization\"},\"potentialAction\":[{\"@type\":\"SearchAction\",\"target\":{\"@type\":\"EntryPoint\",\"urlTemplate\":\"https:\\\/\\\/lamaletadelili.com\\\/?s={search_term_string}\"},\"query-input\":{\"@type\":\"PropertyValueSpecification\",\"valueRequired\":true,\"valueName\":\"search_term_string\"}}],\"inLanguage\":\"ca\"},{\"@type\":\"Organization\",\"@id\":\"https:\\\/\\\/lamaletadelili.com\\\/#organization\",\"name\":\"La maleta de Lili\",\"url\":\"https:\\\/\\\/lamaletadelili.com\\\/\",\"logo\":{\"@type\":\"ImageObject\",\"inLanguage\":\"ca\",\"@id\":\"https:\\\/\\\/lamaletadelili.com\\\/#\\\/schema\\\/logo\\\/image\\\/\",\"url\":\"https:\\\/\\\/lamaletadelili.com\\\/wp-content\\\/uploads\\\/2019\\\/07\\\/LOGO-La-maleta-de-Lili-catalan.png\",\"contentUrl\":\"https:\\\/\\\/lamaletadelili.com\\\/wp-content\\\/uploads\\\/2019\\\/07\\\/LOGO-La-maleta-de-Lili-catalan.png\",\"width\":450,\"height\":177,\"caption\":\"La maleta de Lili\"},\"image\":{\"@id\":\"https:\\\/\\\/lamaletadelili.com\\\/#\\\/schema\\\/logo\\\/image\\\/\"}}]}<\/script>\n<!-- \/ Yoast SEO plugin. -->","yoast_head_json":{"title":"Les disfresses del Sr. Prudenci - La maleta de Lili","robots":{"index":"index","follow":"follow","max-snippet":"max-snippet:-1","max-image-preview":"max-image-preview:large","max-video-preview":"max-video-preview:-1"},"canonical":"https:\/\/lamaletadelili.com\/ca\/agenda\/les-disfresses-del-sr-prudenci\/","og_locale":"ca_ES","og_type":"article","og_title":"Les disfresses del Sr. Prudenci - La maleta de Lili","og_description":"Per Carnetoltes tot si hi val!!, i el Sr. Prudenci li agrada tant disfra\u00e7ar-se que ho fa de diferents formes totes causant situacions una mica complicades. Us conviden a descobrir quina ser\u00e0 la seva disfressa definitiva i al taller qu\u00e8 farem relacionat.","og_url":"https:\/\/lamaletadelili.com\/ca\/agenda\/les-disfresses-del-sr-prudenci\/","og_site_name":"La maleta de Lili","article_modified_time":"2023-10-16T08:51:39+00:00","og_image":[{"width":900,"height":675,"url":"https:\/\/lamaletadelili.com\/wp-content\/uploads\/2023\/01\/les-disfresses.jpeg","type":"image\/jpeg"}],"twitter_card":"summary_large_image","schema":{"@context":"https:\/\/schema.org","@graph":[{"@type":"WebPage","@id":"https:\/\/lamaletadelili.com\/ca\/agenda\/les-disfresses-del-sr-prudenci\/","url":"https:\/\/lamaletadelili.com\/ca\/agenda\/les-disfresses-del-sr-prudenci\/","name":"Les disfresses del Sr. Prudenci - La maleta de Lili","isPartOf":{"@id":"https:\/\/lamaletadelili.com\/#website"},"primaryImageOfPage":{"@id":"https:\/\/lamaletadelili.com\/ca\/agenda\/les-disfresses-del-sr-prudenci\/#primaryimage"},"image":{"@id":"https:\/\/lamaletadelili.com\/ca\/agenda\/les-disfresses-del-sr-prudenci\/#primaryimage"},"thumbnailUrl":"https:\/\/lamaletadelili.com\/wp-content\/uploads\/2023\/01\/les-disfresses.jpeg","datePublished":"2023-01-30T10:45:08+00:00","dateModified":"2023-10-16T08:51:39+00:00","breadcrumb":{"@id":"https:\/\/lamaletadelili.com\/ca\/agenda\/les-disfresses-del-sr-prudenci\/#breadcrumb"},"inLanguage":"ca","potentialAction":[{"@type":"ReadAction","target":["https:\/\/lamaletadelili.com\/ca\/agenda\/les-disfresses-del-sr-prudenci\/"]}]},{"@type":"ImageObject","inLanguage":"ca","@id":"https:\/\/lamaletadelili.com\/ca\/agenda\/les-disfresses-del-sr-prudenci\/#primaryimage","url":"https:\/\/lamaletadelili.com\/wp-content\/uploads\/2023\/01\/les-disfresses.jpeg","contentUrl":"https:\/\/lamaletadelili.com\/wp-content\/uploads\/2023\/01\/les-disfresses.jpeg","width":900,"height":675,"caption":"Carnestoltes"},{"@type":"BreadcrumbList","@id":"https:\/\/lamaletadelili.com\/ca\/agenda\/les-disfresses-del-sr-prudenci\/#breadcrumb","itemListElement":[{"@type":"ListItem","position":1,"name":"Portada","item":"https:\/\/lamaletadelili.com\/ca\/"},{"@type":"ListItem","position":2,"name":"Esdeveniments","item":"https:\/\/lamaletadelili.com\/ca\/eventos\/"},{"@type":"ListItem","position":3,"name":"Les disfresses del Sr. Prudenci"}]},{"@type":"WebSite","@id":"https:\/\/lamaletadelili.com\/#website","url":"https:\/\/lamaletadelili.com\/","name":"La maleta de Lili","description":"Cuenta cuentos","publisher":{"@id":"https:\/\/lamaletadelili.com\/#organization"},"potentialAction":[{"@type":"SearchAction","target":{"@type":"EntryPoint","urlTemplate":"https:\/\/lamaletadelili.com\/?s={search_term_string}"},"query-input":{"@type":"PropertyValueSpecification","valueRequired":true,"valueName":"search_term_string"}}],"inLanguage":"ca"},{"@type":"Organization","@id":"https:\/\/lamaletadelili.com\/#organization","name":"La maleta de Lili","url":"https:\/\/lamaletadelili.com\/","logo":{"@type":"ImageObject","inLanguage":"ca","@id":"https:\/\/lamaletadelili.com\/#\/schema\/logo\/image\/","url":"https:\/\/lamaletadelili.com\/wp-content\/uploads\/2019\/07\/LOGO-La-maleta-de-Lili-catalan.png","contentUrl":"https:\/\/lamaletadelili.com\/wp-content\/uploads\/2019\/07\/LOGO-La-maleta-de-Lili-catalan.png","width":450,"height":177,"caption":"La maleta de Lili"},"image":{"@id":"https:\/\/lamaletadelili.com\/#\/schema\/logo\/image\/"}}]}},"uagb_featured_image_src":{"full":["https:\/\/lamaletadelili.com\/wp-content\/uploads\/2023\/01\/les-disfresses.jpeg",900,675,false],"thumbnail":["https:\/\/lamaletadelili.com\/wp-content\/uploads\/2023\/01\/les-disfresses-150x150.jpeg",150,150,true],"medium":["https:\/\/lamaletadelili.com\/wp-content\/uploads\/2023\/01\/les-disfresses-287x215.jpeg",287,215,true],"medium_large":["https:\/\/lamaletadelili.com\/wp-content\/uploads\/2023\/01\/les-disfresses-768x576.jpeg",768,576,true],"large":["https:\/\/lamaletadelili.com\/wp-content\/uploads\/2023\/01\/les-disfresses-600x450.jpeg",600,450,true],"1536x1536":["https:\/\/lamaletadelili.com\/wp-content\/uploads\/2023\/01\/les-disfresses.jpeg",900,675,false],"2048x2048":["https:\/\/lamaletadelili.com\/wp-content\/uploads\/2023\/01\/les-disfresses.jpeg",900,675,false]},"uagb_author_info":{"display_name":"Lili","author_link":"https:\/\/lamaletadelili.com\/ca\/author\/lili\/"},"uagb_comment_info":0,"uagb_excerpt":"Per Carnetoltes tot si hi val!!, i el Sr. Prudenci li agrada tant disfra\u00e7ar-se que ho fa de diferents formes totes causant situacions una mica complicades. Us conviden a descobrir quina ser\u00e0 la seva disfressa definitiva i al taller qu\u00e8 farem relacionat.","_links":{"self":[{"href":"https:\/\/lamaletadelili.com\/ca\/wp-json\/wp\/v2\/tribe_events\/14235","targetHints":{"allow":["GET"]}}],"collection":[{"href":"https:\/\/lamaletadelili.com\/ca\/wp-json\/wp\/v2\/tribe_events"}],"about":[{"href":"https:\/\/lamaletadelili.com\/ca\/wp-json\/wp\/v2\/types\/tribe_events"}],"author":[{"embeddable":true,"href":"https:\/\/lamaletadelili.com\/ca\/wp-json\/wp\/v2\/users\/2"}],"version-history":[{"count":0,"href":"https:\/\/lamaletadelili.com\/ca\/wp-json\/wp\/v2\/tribe_events\/14235\/revisions"}],"wp:featuredmedia":[{"embeddable":true,"href":"https:\/\/lamaletadelili.com\/ca\/wp-json\/wp\/v2\/media\/14253"}],"wp:attachment":[{"href":"https:\/\/lamaletadelili.com\/ca\/wp-json\/wp\/v2\/media?parent=14235"}],"wp:term":[{"taxonomy":"post_tag","embeddable":true,"href":"https:\/\/lamaletadelili.com\/ca\/wp-json\/wp\/v2\/tags?post=14235"},{"taxonomy":"tribe_events_cat","embeddable":true,"href":"https:\/\/lamaletadelili.com\/ca\/wp-json\/wp\/v2\/tribe_events_cat?post=14235"}],"curies":[{"name":"wp","href":"https:\/\/api.w.org\/{rel}","templated":true}]}}