{"id":14149,"date":"2023-01-05T13:06:22","date_gmt":"2023-01-05T12:06:22","guid":{"rendered":"https:\/\/lamaletadelili.com\/?post_type=tribe_events&#038;p=14149"},"modified":"2023-10-16T10:53:33","modified_gmt":"2023-10-16T08:53:33","slug":"espai-efimer-literari-el-mon-de-lewis-carroll","status":"publish","type":"tribe_events","link":"https:\/\/lamaletadelili.com\/ca\/agenda\/espai-efimer-literari-el-mon-de-lewis-carroll\/","title":{"rendered":"Espai Ef\u00edmer Literari: El m\u00f3n de Lewis Carroll"},"content":{"rendered":"<p><em><a href=\"https:\/\/es.wikipedia.org\/wiki\/Lewis_Carroll\"><strong>Charles Lutwidge Dodgson<\/strong><\/a>, m\u00e9s conegut com <strong>Lewis Carroll<\/strong>, va ser un\u00a0ser un diaca anglic\u00e0 matem\u00e0tic, fot\u00f2graf i escriptor.<\/em><br \/>\n<em>Les seves obres m\u00e9s conegudes : <strong>Alicia en el pa\u00eds de las maravillas<\/strong> i la seva continuaci\u00f3, <strong>A trav\u00e9s del espejo y lo que Alicia encontr\u00f3 all\u00ed<\/strong>.<\/em><br \/>\n<em>Aquests mons creats per aquest autor arriben a la <strong>Sala Infantil<\/strong>.<\/em><br \/>\n<em>Atrevir-vos a endisar-us dins delseu m\u00f3n m\u00f3n, atrevir-vos a jugar al tabler d&#8217;escacs, a resoldre endevinalles i vigileu molt de no perdre&#8217;t dins del laberint.<\/em><\/p>\n","protected":false},"excerpt":{"rendered":"<p>Aquest Espai Ef\u00edmer Literari parteix del m\u00f3n especial creat per Lewis Carroll, atreveix-te a jugar al tabler d&#8217;escacs, resol endevinalles i vigila molt de no perdre&#8217;t dins del laberint.<\/p>\n","protected":false},"author":2,"featured_media":14255,"template":"","meta":{"_uag_custom_page_level_css":"","site-sidebar-layout":"default","site-content-layout":"default","ast-site-content-layout":"default","site-content-style":"default","site-sidebar-style":"default","ast-global-header-display":"","ast-banner-title-visibility":"","ast-main-header-display":"","ast-hfb-above-header-display":"","ast-hfb-below-header-display":"","ast-hfb-mobile-header-display":"","site-post-title":"","ast-breadcrumbs-content":"","ast-featured-img":"","footer-sml-layout":"","ast-disable-related-posts":"","theme-transparent-header-meta":"default","adv-header-id-meta":"","stick-header-meta":"default","header-above-stick-meta":"","header-main-stick-meta":"","header-below-stick-meta":"","astra-migrate-meta-layouts":"default","ast-page-background-enabled":"default","ast-page-background-meta":{"desktop":{"background-color":"var(--ast-global-color-4)","background-image":"","background-repeat":"repeat","background-position":"center center","background-size":"auto","background-attachment":"scroll","background-type":"","background-media":"","overlay-type":"","overlay-color":"","overlay-opacity":"","overlay-gradient":""},"tablet":{"background-color":"","background-image":"","background-repeat":"repeat","background-position":"center center","background-size":"auto","background-attachment":"scroll","background-type":"","background-media":"","overlay-type":"","overlay-color":"","overlay-opacity":"","overlay-gradient":""},"mobile":{"background-color":"","background-image":"","background-repeat":"repeat","background-position":"center center","background-size":"auto","background-attachment":"scroll","background-type":"","background-media":"","overlay-type":"","overlay-color":"","overlay-opacity":"","overlay-gradient":""}},"ast-content-background-meta":{"desktop":{"background-color":"var(--ast-global-color-5)","background-image":"","background-repeat":"repeat","background-position":"center center","background-size":"auto","background-attachment":"scroll","background-type":"","background-media":"","overlay-type":"","overlay-color":"","overlay-opacity":"","overlay-gradient":""},"tablet":{"background-color":"var(--ast-global-color-5)","background-image":"","background-repeat":"repeat","background-position":"center center","background-size":"auto","background-attachment":"scroll","background-type":"","background-media":"","overlay-type":"","overlay-color":"","overlay-opacity":"","overlay-gradient":""},"mobile":{"background-color":"var(--ast-global-color-5)","background-image":"","background-repeat":"repeat","background-position":"center center","background-size":"auto","background-attachment":"scroll","background-type":"","background-media":"","overlay-type":"","overlay-color":"","overlay-opacity":"","overlay-gradient":""}},"_tribe_events_status":"","_tribe_events_status_reason":"","footnotes":""},"tags":[815,541,835],"tribe_events_cat":[551],"class_list":["post-14149","tribe_events","type-tribe_events","status-publish","has-post-thumbnail","hentry","tag-agenda","tag-biblioteca-mestre-marti-tauler-ca-3","tag-lewis-carroll","tribe_events_cat-espais-efimers-literaris","cat_espais-efimers-literaris"],"yoast_head":"<!-- This site is optimized with the Yoast SEO plugin v27.4 - https:\/\/yoast.com\/product\/yoast-seo-wordpress\/ -->\n<title>Espai Ef\u00edmer Literari: El m\u00f3n de Lewis Carroll - La maleta de Lili<\/title>\n<meta name=\"robots\" content=\"index, follow, max-snippet:-1, max-image-preview:large, max-video-preview:-1\" \/>\n<link rel=\"canonical\" href=\"https:\/\/lamaletadelili.com\/ca\/agenda\/espai-efimer-literari-el-mon-de-lewis-carroll\/\" \/>\n<meta property=\"og:locale\" content=\"ca_ES\" \/>\n<meta property=\"og:type\" content=\"article\" \/>\n<meta property=\"og:title\" content=\"Espai Ef\u00edmer Literari: El m\u00f3n de Lewis Carroll - La maleta de Lili\" \/>\n<meta property=\"og:description\" content=\"Aquest Espai Ef\u00edmer Literari parteix del m\u00f3n especial creat per Lewis Carroll, atreveix-te a jugar al tabler d&#039;escacs, resol endevinalles i vigila molt de no perdre&#039;t dins del laberint.\" \/>\n<meta property=\"og:url\" content=\"https:\/\/lamaletadelili.com\/ca\/agenda\/espai-efimer-literari-el-mon-de-lewis-carroll\/\" \/>\n<meta property=\"og:site_name\" content=\"La maleta de Lili\" \/>\n<meta property=\"article:modified_time\" content=\"2023-10-16T08:53:33+00:00\" \/>\n<meta property=\"og:image\" content=\"https:\/\/lamaletadelili.com\/wp-content\/uploads\/2023\/01\/El-mon-de-Lewis-Carroll.jpeg\" \/>\n\t<meta property=\"og:image:width\" content=\"900\" \/>\n\t<meta property=\"og:image:height\" content=\"675\" \/>\n\t<meta property=\"og:image:type\" content=\"image\/jpeg\" \/>\n<meta name=\"twitter:card\" content=\"summary_large_image\" \/>\n<script type=\"application\/ld+json\" class=\"yoast-schema-graph\">{\"@context\":\"https:\\\/\\\/schema.org\",\"@graph\":[{\"@type\":\"WebPage\",\"@id\":\"https:\\\/\\\/lamaletadelili.com\\\/ca\\\/agenda\\\/espai-efimer-literari-el-mon-de-lewis-carroll\\\/\",\"url\":\"https:\\\/\\\/lamaletadelili.com\\\/ca\\\/agenda\\\/espai-efimer-literari-el-mon-de-lewis-carroll\\\/\",\"name\":\"Espai Ef\u00edmer Literari: El m\u00f3n de Lewis Carroll - La maleta de Lili\",\"isPartOf\":{\"@id\":\"https:\\\/\\\/lamaletadelili.com\\\/#website\"},\"primaryImageOfPage\":{\"@id\":\"https:\\\/\\\/lamaletadelili.com\\\/ca\\\/agenda\\\/espai-efimer-literari-el-mon-de-lewis-carroll\\\/#primaryimage\"},\"image\":{\"@id\":\"https:\\\/\\\/lamaletadelili.com\\\/ca\\\/agenda\\\/espai-efimer-literari-el-mon-de-lewis-carroll\\\/#primaryimage\"},\"thumbnailUrl\":\"https:\\\/\\\/lamaletadelili.com\\\/wp-content\\\/uploads\\\/2023\\\/01\\\/El-mon-de-Lewis-Carroll.jpeg\",\"datePublished\":\"2023-01-05T12:06:22+00:00\",\"dateModified\":\"2023-10-16T08:53:33+00:00\",\"breadcrumb\":{\"@id\":\"https:\\\/\\\/lamaletadelili.com\\\/ca\\\/agenda\\\/espai-efimer-literari-el-mon-de-lewis-carroll\\\/#breadcrumb\"},\"inLanguage\":\"ca\",\"potentialAction\":[{\"@type\":\"ReadAction\",\"target\":[\"https:\\\/\\\/lamaletadelili.com\\\/ca\\\/agenda\\\/espai-efimer-literari-el-mon-de-lewis-carroll\\\/\"]}]},{\"@type\":\"ImageObject\",\"inLanguage\":\"ca\",\"@id\":\"https:\\\/\\\/lamaletadelili.com\\\/ca\\\/agenda\\\/espai-efimer-literari-el-mon-de-lewis-carroll\\\/#primaryimage\",\"url\":\"https:\\\/\\\/lamaletadelili.com\\\/wp-content\\\/uploads\\\/2023\\\/01\\\/El-mon-de-Lewis-Carroll.jpeg\",\"contentUrl\":\"https:\\\/\\\/lamaletadelili.com\\\/wp-content\\\/uploads\\\/2023\\\/01\\\/El-mon-de-Lewis-Carroll.jpeg\",\"width\":900,\"height\":675},{\"@type\":\"BreadcrumbList\",\"@id\":\"https:\\\/\\\/lamaletadelili.com\\\/ca\\\/agenda\\\/espai-efimer-literari-el-mon-de-lewis-carroll\\\/#breadcrumb\",\"itemListElement\":[{\"@type\":\"ListItem\",\"position\":1,\"name\":\"Portada\",\"item\":\"https:\\\/\\\/lamaletadelili.com\\\/ca\\\/\"},{\"@type\":\"ListItem\",\"position\":2,\"name\":\"Esdeveniments\",\"item\":\"https:\\\/\\\/lamaletadelili.com\\\/ca\\\/eventos\\\/\"},{\"@type\":\"ListItem\",\"position\":3,\"name\":\"Espai Ef\u00edmer Literari: El m\u00f3n de Lewis Carroll\"}]},{\"@type\":\"WebSite\",\"@id\":\"https:\\\/\\\/lamaletadelili.com\\\/#website\",\"url\":\"https:\\\/\\\/lamaletadelili.com\\\/\",\"name\":\"La maleta de Lili\",\"description\":\"Cuenta cuentos\",\"publisher\":{\"@id\":\"https:\\\/\\\/lamaletadelili.com\\\/#organization\"},\"potentialAction\":[{\"@type\":\"SearchAction\",\"target\":{\"@type\":\"EntryPoint\",\"urlTemplate\":\"https:\\\/\\\/lamaletadelili.com\\\/?s={search_term_string}\"},\"query-input\":{\"@type\":\"PropertyValueSpecification\",\"valueRequired\":true,\"valueName\":\"search_term_string\"}}],\"inLanguage\":\"ca\"},{\"@type\":\"Organization\",\"@id\":\"https:\\\/\\\/lamaletadelili.com\\\/#organization\",\"name\":\"La maleta de Lili\",\"url\":\"https:\\\/\\\/lamaletadelili.com\\\/\",\"logo\":{\"@type\":\"ImageObject\",\"inLanguage\":\"ca\",\"@id\":\"https:\\\/\\\/lamaletadelili.com\\\/#\\\/schema\\\/logo\\\/image\\\/\",\"url\":\"https:\\\/\\\/lamaletadelili.com\\\/wp-content\\\/uploads\\\/2019\\\/07\\\/LOGO-La-maleta-de-Lili-catalan.png\",\"contentUrl\":\"https:\\\/\\\/lamaletadelili.com\\\/wp-content\\\/uploads\\\/2019\\\/07\\\/LOGO-La-maleta-de-Lili-catalan.png\",\"width\":450,\"height\":177,\"caption\":\"La maleta de Lili\"},\"image\":{\"@id\":\"https:\\\/\\\/lamaletadelili.com\\\/#\\\/schema\\\/logo\\\/image\\\/\"}}]}<\/script>\n<!-- \/ Yoast SEO plugin. -->","yoast_head_json":{"title":"Espai Ef\u00edmer Literari: El m\u00f3n de Lewis Carroll - La maleta de Lili","robots":{"index":"index","follow":"follow","max-snippet":"max-snippet:-1","max-image-preview":"max-image-preview:large","max-video-preview":"max-video-preview:-1"},"canonical":"https:\/\/lamaletadelili.com\/ca\/agenda\/espai-efimer-literari-el-mon-de-lewis-carroll\/","og_locale":"ca_ES","og_type":"article","og_title":"Espai Ef\u00edmer Literari: El m\u00f3n de Lewis Carroll - La maleta de Lili","og_description":"Aquest Espai Ef\u00edmer Literari parteix del m\u00f3n especial creat per Lewis Carroll, atreveix-te a jugar al tabler d'escacs, resol endevinalles i vigila molt de no perdre't dins del laberint.","og_url":"https:\/\/lamaletadelili.com\/ca\/agenda\/espai-efimer-literari-el-mon-de-lewis-carroll\/","og_site_name":"La maleta de Lili","article_modified_time":"2023-10-16T08:53:33+00:00","og_image":[{"width":900,"height":675,"url":"https:\/\/lamaletadelili.com\/wp-content\/uploads\/2023\/01\/El-mon-de-Lewis-Carroll.jpeg","type":"image\/jpeg"}],"twitter_card":"summary_large_image","schema":{"@context":"https:\/\/schema.org","@graph":[{"@type":"WebPage","@id":"https:\/\/lamaletadelili.com\/ca\/agenda\/espai-efimer-literari-el-mon-de-lewis-carroll\/","url":"https:\/\/lamaletadelili.com\/ca\/agenda\/espai-efimer-literari-el-mon-de-lewis-carroll\/","name":"Espai Ef\u00edmer Literari: El m\u00f3n de Lewis Carroll - La maleta de Lili","isPartOf":{"@id":"https:\/\/lamaletadelili.com\/#website"},"primaryImageOfPage":{"@id":"https:\/\/lamaletadelili.com\/ca\/agenda\/espai-efimer-literari-el-mon-de-lewis-carroll\/#primaryimage"},"image":{"@id":"https:\/\/lamaletadelili.com\/ca\/agenda\/espai-efimer-literari-el-mon-de-lewis-carroll\/#primaryimage"},"thumbnailUrl":"https:\/\/lamaletadelili.com\/wp-content\/uploads\/2023\/01\/El-mon-de-Lewis-Carroll.jpeg","datePublished":"2023-01-05T12:06:22+00:00","dateModified":"2023-10-16T08:53:33+00:00","breadcrumb":{"@id":"https:\/\/lamaletadelili.com\/ca\/agenda\/espai-efimer-literari-el-mon-de-lewis-carroll\/#breadcrumb"},"inLanguage":"ca","potentialAction":[{"@type":"ReadAction","target":["https:\/\/lamaletadelili.com\/ca\/agenda\/espai-efimer-literari-el-mon-de-lewis-carroll\/"]}]},{"@type":"ImageObject","inLanguage":"ca","@id":"https:\/\/lamaletadelili.com\/ca\/agenda\/espai-efimer-literari-el-mon-de-lewis-carroll\/#primaryimage","url":"https:\/\/lamaletadelili.com\/wp-content\/uploads\/2023\/01\/El-mon-de-Lewis-Carroll.jpeg","contentUrl":"https:\/\/lamaletadelili.com\/wp-content\/uploads\/2023\/01\/El-mon-de-Lewis-Carroll.jpeg","width":900,"height":675},{"@type":"BreadcrumbList","@id":"https:\/\/lamaletadelili.com\/ca\/agenda\/espai-efimer-literari-el-mon-de-lewis-carroll\/#breadcrumb","itemListElement":[{"@type":"ListItem","position":1,"name":"Portada","item":"https:\/\/lamaletadelili.com\/ca\/"},{"@type":"ListItem","position":2,"name":"Esdeveniments","item":"https:\/\/lamaletadelili.com\/ca\/eventos\/"},{"@type":"ListItem","position":3,"name":"Espai Ef\u00edmer Literari: El m\u00f3n de Lewis Carroll"}]},{"@type":"WebSite","@id":"https:\/\/lamaletadelili.com\/#website","url":"https:\/\/lamaletadelili.com\/","name":"La maleta de Lili","description":"Cuenta cuentos","publisher":{"@id":"https:\/\/lamaletadelili.com\/#organization"},"potentialAction":[{"@type":"SearchAction","target":{"@type":"EntryPoint","urlTemplate":"https:\/\/lamaletadelili.com\/?s={search_term_string}"},"query-input":{"@type":"PropertyValueSpecification","valueRequired":true,"valueName":"search_term_string"}}],"inLanguage":"ca"},{"@type":"Organization","@id":"https:\/\/lamaletadelili.com\/#organization","name":"La maleta de Lili","url":"https:\/\/lamaletadelili.com\/","logo":{"@type":"ImageObject","inLanguage":"ca","@id":"https:\/\/lamaletadelili.com\/#\/schema\/logo\/image\/","url":"https:\/\/lamaletadelili.com\/wp-content\/uploads\/2019\/07\/LOGO-La-maleta-de-Lili-catalan.png","contentUrl":"https:\/\/lamaletadelili.com\/wp-content\/uploads\/2019\/07\/LOGO-La-maleta-de-Lili-catalan.png","width":450,"height":177,"caption":"La maleta de Lili"},"image":{"@id":"https:\/\/lamaletadelili.com\/#\/schema\/logo\/image\/"}}]}},"uagb_featured_image_src":{"full":["https:\/\/lamaletadelili.com\/wp-content\/uploads\/2023\/01\/El-mon-de-Lewis-Carroll.jpeg",900,675,false],"thumbnail":["https:\/\/lamaletadelili.com\/wp-content\/uploads\/2023\/01\/El-mon-de-Lewis-Carroll-150x150.jpeg",150,150,true],"medium":["https:\/\/lamaletadelili.com\/wp-content\/uploads\/2023\/01\/El-mon-de-Lewis-Carroll-287x215.jpeg",287,215,true],"medium_large":["https:\/\/lamaletadelili.com\/wp-content\/uploads\/2023\/01\/El-mon-de-Lewis-Carroll-768x576.jpeg",768,576,true],"large":["https:\/\/lamaletadelili.com\/wp-content\/uploads\/2023\/01\/El-mon-de-Lewis-Carroll-600x450.jpeg",600,450,true],"1536x1536":["https:\/\/lamaletadelili.com\/wp-content\/uploads\/2023\/01\/El-mon-de-Lewis-Carroll.jpeg",900,675,false],"2048x2048":["https:\/\/lamaletadelili.com\/wp-content\/uploads\/2023\/01\/El-mon-de-Lewis-Carroll.jpeg",900,675,false]},"uagb_author_info":{"display_name":"Lili","author_link":"https:\/\/lamaletadelili.com\/ca\/author\/lili\/"},"uagb_comment_info":0,"uagb_excerpt":"Aquest Espai Ef\u00edmer Literari parteix del m\u00f3n especial creat per Lewis Carroll, atreveix-te a jugar al tabler d'escacs, resol endevinalles i vigila molt de no perdre't dins del laberint.","_links":{"self":[{"href":"https:\/\/lamaletadelili.com\/ca\/wp-json\/wp\/v2\/tribe_events\/14149","targetHints":{"allow":["GET"]}}],"collection":[{"href":"https:\/\/lamaletadelili.com\/ca\/wp-json\/wp\/v2\/tribe_events"}],"about":[{"href":"https:\/\/lamaletadelili.com\/ca\/wp-json\/wp\/v2\/types\/tribe_events"}],"author":[{"embeddable":true,"href":"https:\/\/lamaletadelili.com\/ca\/wp-json\/wp\/v2\/users\/2"}],"version-history":[{"count":0,"href":"https:\/\/lamaletadelili.com\/ca\/wp-json\/wp\/v2\/tribe_events\/14149\/revisions"}],"wp:featuredmedia":[{"embeddable":true,"href":"https:\/\/lamaletadelili.com\/ca\/wp-json\/wp\/v2\/media\/14255"}],"wp:attachment":[{"href":"https:\/\/lamaletadelili.com\/ca\/wp-json\/wp\/v2\/media?parent=14149"}],"wp:term":[{"taxonomy":"post_tag","embeddable":true,"href":"https:\/\/lamaletadelili.com\/ca\/wp-json\/wp\/v2\/tags?post=14149"},{"taxonomy":"tribe_events_cat","embeddable":true,"href":"https:\/\/lamaletadelili.com\/ca\/wp-json\/wp\/v2\/tribe_events_cat?post=14149"}],"curies":[{"name":"wp","href":"https:\/\/api.w.org\/{rel}","templated":true}]}}