{"id":11929,"date":"2022-05-06T12:02:57","date_gmt":"2022-05-06T10:02:57","guid":{"rendered":"https:\/\/lamaletadelili.com\/?post_type=tribe_events&#038;p=11929"},"modified":"2023-10-16T10:24:46","modified_gmt":"2023-10-16T08:24:46","slug":"plou-i-fa-sol-do-re-mi-fa-sol-3","status":"publish","type":"tribe_events","link":"https:\/\/lamaletadelili.com\/ca\/agenda\/plou-i-fa-sol-do-re-mi-fa-sol-3\/","title":{"rendered":"Plou i fa sol! Do, re, mi, fa, sol"},"content":{"rendered":"<div class=\"kvgmc6g5 cxmmr5t8 oygrvhab hcukyx3x c1et5uql\"><span style=\"color: #00ccff;\"><strong><em>\u201cPlou i fa sol, les bruixes es pentinen,<\/em><\/strong><\/span><\/div>\n<div class=\"kvgmc6g5 cxmmr5t8 oygrvhab hcukyx3x c1et5uql\"><span style=\"color: #00ccff;\"><strong><em>\u00a0 plou i fa sol les bruixes porten dol\u201d<\/em><\/strong><\/span><\/div>\n<div><\/div>\n<div>\n<div class=\"cxmmr5t8 oygrvhab hcukyx3x c1et5uql o9v6fnle\"><em>Us convido a la\u00a0<strong>Sala Infantil<\/strong>\u00a0de la\u00a0<strong><a href=\"https:\/\/bibliotecavirtual.diba.cat\/es\/odena-biblioteca-l-atzavara\" target=\"_blank\" rel=\"noopener\">Biblioteca l&#8217;Atzavara<\/a>, d&#8217;\u00d2dena,<\/strong>\u00a0a una tarda plena de gotes de pluja.\u00a0<\/em><\/div>\n<div class=\"cxmmr5t8 oygrvhab hcukyx3x c1et5uql o9v6fnle\"><em>Les gotes de pluja cauen al terra mentre les tonalitats del viol\u00ed les acompanya.<\/em><br \/>\n<em>Cada gota cont\u00e9 una hist\u00f2ria, i algunes can\u00e7ons sonen mentre els contes surten a escena<\/em><\/div>\n<\/div>\n<div><\/div>\n","protected":false},"excerpt":{"rendered":"<p>A la Biblioteca l&#8217;Atzavara la meva maleta s&#8217;obrir\u00e0 deixant caure les gotes de pluja, al terra, mentre les tonalitats del viol\u00ed les acompanya.<br \/>\nCada gota cont\u00e9 una hist\u00f2ria, i algunes can\u00e7ons sonen mentre els contes surten a escena.<\/p>\n","protected":false},"author":2,"featured_media":11915,"template":"","meta":{"_uag_custom_page_level_css":"","site-sidebar-layout":"default","site-content-layout":"","ast-site-content-layout":"default","site-content-style":"default","site-sidebar-style":"default","ast-global-header-display":"","ast-banner-title-visibility":"","ast-main-header-display":"","ast-hfb-above-header-display":"","ast-hfb-below-header-display":"","ast-hfb-mobile-header-display":"","site-post-title":"","ast-breadcrumbs-content":"","ast-featured-img":"","footer-sml-layout":"","ast-disable-related-posts":"","theme-transparent-header-meta":"","adv-header-id-meta":"","stick-header-meta":"","header-above-stick-meta":"","header-main-stick-meta":"","header-below-stick-meta":"","astra-migrate-meta-layouts":"default","ast-page-background-enabled":"default","ast-page-background-meta":{"desktop":{"background-color":"var(--ast-global-color-4)","background-image":"","background-repeat":"repeat","background-position":"center center","background-size":"auto","background-attachment":"scroll","background-type":"","background-media":"","overlay-type":"","overlay-color":"","overlay-opacity":"","overlay-gradient":""},"tablet":{"background-color":"","background-image":"","background-repeat":"repeat","background-position":"center center","background-size":"auto","background-attachment":"scroll","background-type":"","background-media":"","overlay-type":"","overlay-color":"","overlay-opacity":"","overlay-gradient":""},"mobile":{"background-color":"","background-image":"","background-repeat":"repeat","background-position":"center center","background-size":"auto","background-attachment":"scroll","background-type":"","background-media":"","overlay-type":"","overlay-color":"","overlay-opacity":"","overlay-gradient":""}},"ast-content-background-meta":{"desktop":{"background-color":"var(--ast-global-color-5)","background-image":"","background-repeat":"repeat","background-position":"center center","background-size":"auto","background-attachment":"scroll","background-type":"","background-media":"","overlay-type":"","overlay-color":"","overlay-opacity":"","overlay-gradient":""},"tablet":{"background-color":"var(--ast-global-color-5)","background-image":"","background-repeat":"repeat","background-position":"center center","background-size":"auto","background-attachment":"scroll","background-type":"","background-media":"","overlay-type":"","overlay-color":"","overlay-opacity":"","overlay-gradient":""},"mobile":{"background-color":"var(--ast-global-color-5)","background-image":"","background-repeat":"repeat","background-position":"center center","background-size":"auto","background-attachment":"scroll","background-type":"","background-media":"","overlay-type":"","overlay-color":"","overlay-opacity":"","overlay-gradient":""}},"_tribe_events_status":"","_tribe_events_status_reason":"","footnotes":""},"tags":[815,721,816,722],"tribe_events_cat":[495],"class_list":["post-11929","tribe_events","type-tribe_events","status-publish","has-post-thumbnail","hentry","tag-agenda","tag-biblioteca-latzavara","tag-contes-amb-musica-en-directe","tag-hora-del-conte-menuda","tribe_events_cat-contes-per-menuts","cat_contes-per-menuts"],"yoast_head":"<!-- This site is optimized with the Yoast SEO plugin v27.4 - https:\/\/yoast.com\/product\/yoast-seo-wordpress\/ -->\n<title>Plou i fa sol! Do, re, mi, fa, sol - La maleta de Lili<\/title>\n<meta name=\"robots\" content=\"index, follow, max-snippet:-1, max-image-preview:large, max-video-preview:-1\" \/>\n<link rel=\"canonical\" href=\"https:\/\/lamaletadelili.com\/ca\/agenda\/plou-i-fa-sol-do-re-mi-fa-sol-3\/\" \/>\n<meta property=\"og:locale\" content=\"ca_ES\" \/>\n<meta property=\"og:type\" content=\"article\" \/>\n<meta property=\"og:title\" content=\"Plou i fa sol! Do, re, mi, fa, sol - La maleta de Lili\" \/>\n<meta property=\"og:description\" content=\"A la Biblioteca l&#039;Atzavara la meva maleta s&#039;obrir\u00e0 deixant caure les gotes de pluja, al terra, mentre les tonalitats del viol\u00ed les acompanya. Cada gota cont\u00e9 una hist\u00f2ria, i algunes can\u00e7ons sonen mentre els contes surten a escena.\" \/>\n<meta property=\"og:url\" content=\"https:\/\/lamaletadelili.com\/ca\/agenda\/plou-i-fa-sol-do-re-mi-fa-sol-3\/\" \/>\n<meta property=\"og:site_name\" content=\"La maleta de Lili\" \/>\n<meta property=\"article:modified_time\" content=\"2023-10-16T08:24:46+00:00\" \/>\n<meta property=\"og:image\" content=\"https:\/\/lamaletadelili.com\/wp-content\/uploads\/2022\/05\/Plou-i-fa-sol.jpg\" \/>\n\t<meta property=\"og:image:width\" content=\"800\" \/>\n\t<meta property=\"og:image:height\" content=\"600\" \/>\n\t<meta property=\"og:image:type\" content=\"image\/jpeg\" \/>\n<meta name=\"twitter:card\" content=\"summary_large_image\" \/>\n<script type=\"application\/ld+json\" class=\"yoast-schema-graph\">{\"@context\":\"https:\\\/\\\/schema.org\",\"@graph\":[{\"@type\":\"WebPage\",\"@id\":\"https:\\\/\\\/lamaletadelili.com\\\/ca\\\/agenda\\\/plou-i-fa-sol-do-re-mi-fa-sol-3\\\/\",\"url\":\"https:\\\/\\\/lamaletadelili.com\\\/ca\\\/agenda\\\/plou-i-fa-sol-do-re-mi-fa-sol-3\\\/\",\"name\":\"Plou i fa sol! Do, re, mi, fa, sol - La maleta de Lili\",\"isPartOf\":{\"@id\":\"https:\\\/\\\/lamaletadelili.com\\\/#website\"},\"primaryImageOfPage\":{\"@id\":\"https:\\\/\\\/lamaletadelili.com\\\/ca\\\/agenda\\\/plou-i-fa-sol-do-re-mi-fa-sol-3\\\/#primaryimage\"},\"image\":{\"@id\":\"https:\\\/\\\/lamaletadelili.com\\\/ca\\\/agenda\\\/plou-i-fa-sol-do-re-mi-fa-sol-3\\\/#primaryimage\"},\"thumbnailUrl\":\"https:\\\/\\\/lamaletadelili.com\\\/wp-content\\\/uploads\\\/2022\\\/05\\\/Plou-i-fa-sol.jpg\",\"datePublished\":\"2022-05-06T10:02:57+00:00\",\"dateModified\":\"2023-10-16T08:24:46+00:00\",\"breadcrumb\":{\"@id\":\"https:\\\/\\\/lamaletadelili.com\\\/ca\\\/agenda\\\/plou-i-fa-sol-do-re-mi-fa-sol-3\\\/#breadcrumb\"},\"inLanguage\":\"ca\",\"potentialAction\":[{\"@type\":\"ReadAction\",\"target\":[\"https:\\\/\\\/lamaletadelili.com\\\/ca\\\/agenda\\\/plou-i-fa-sol-do-re-mi-fa-sol-3\\\/\"]}]},{\"@type\":\"ImageObject\",\"inLanguage\":\"ca\",\"@id\":\"https:\\\/\\\/lamaletadelili.com\\\/ca\\\/agenda\\\/plou-i-fa-sol-do-re-mi-fa-sol-3\\\/#primaryimage\",\"url\":\"https:\\\/\\\/lamaletadelili.com\\\/wp-content\\\/uploads\\\/2022\\\/05\\\/Plou-i-fa-sol.jpg\",\"contentUrl\":\"https:\\\/\\\/lamaletadelili.com\\\/wp-content\\\/uploads\\\/2022\\\/05\\\/Plou-i-fa-sol.jpg\",\"width\":800,\"height\":600,\"caption\":\"Plou i fa sol\"},{\"@type\":\"BreadcrumbList\",\"@id\":\"https:\\\/\\\/lamaletadelili.com\\\/ca\\\/agenda\\\/plou-i-fa-sol-do-re-mi-fa-sol-3\\\/#breadcrumb\",\"itemListElement\":[{\"@type\":\"ListItem\",\"position\":1,\"name\":\"Portada\",\"item\":\"https:\\\/\\\/lamaletadelili.com\\\/ca\\\/\"},{\"@type\":\"ListItem\",\"position\":2,\"name\":\"Esdeveniments\",\"item\":\"https:\\\/\\\/lamaletadelili.com\\\/ca\\\/eventos\\\/\"},{\"@type\":\"ListItem\",\"position\":3,\"name\":\"Plou i fa sol! Do, re, mi, fa, sol\"}]},{\"@type\":\"WebSite\",\"@id\":\"https:\\\/\\\/lamaletadelili.com\\\/#website\",\"url\":\"https:\\\/\\\/lamaletadelili.com\\\/\",\"name\":\"La maleta de Lili\",\"description\":\"Cuenta cuentos\",\"publisher\":{\"@id\":\"https:\\\/\\\/lamaletadelili.com\\\/#organization\"},\"potentialAction\":[{\"@type\":\"SearchAction\",\"target\":{\"@type\":\"EntryPoint\",\"urlTemplate\":\"https:\\\/\\\/lamaletadelili.com\\\/?s={search_term_string}\"},\"query-input\":{\"@type\":\"PropertyValueSpecification\",\"valueRequired\":true,\"valueName\":\"search_term_string\"}}],\"inLanguage\":\"ca\"},{\"@type\":\"Organization\",\"@id\":\"https:\\\/\\\/lamaletadelili.com\\\/#organization\",\"name\":\"La maleta de Lili\",\"url\":\"https:\\\/\\\/lamaletadelili.com\\\/\",\"logo\":{\"@type\":\"ImageObject\",\"inLanguage\":\"ca\",\"@id\":\"https:\\\/\\\/lamaletadelili.com\\\/#\\\/schema\\\/logo\\\/image\\\/\",\"url\":\"https:\\\/\\\/lamaletadelili.com\\\/wp-content\\\/uploads\\\/2019\\\/07\\\/LOGO-La-maleta-de-Lili-catalan.png\",\"contentUrl\":\"https:\\\/\\\/lamaletadelili.com\\\/wp-content\\\/uploads\\\/2019\\\/07\\\/LOGO-La-maleta-de-Lili-catalan.png\",\"width\":450,\"height\":177,\"caption\":\"La maleta de Lili\"},\"image\":{\"@id\":\"https:\\\/\\\/lamaletadelili.com\\\/#\\\/schema\\\/logo\\\/image\\\/\"}}]}<\/script>\n<!-- \/ Yoast SEO plugin. -->","yoast_head_json":{"title":"Plou i fa sol! Do, re, mi, fa, sol - La maleta de Lili","robots":{"index":"index","follow":"follow","max-snippet":"max-snippet:-1","max-image-preview":"max-image-preview:large","max-video-preview":"max-video-preview:-1"},"canonical":"https:\/\/lamaletadelili.com\/ca\/agenda\/plou-i-fa-sol-do-re-mi-fa-sol-3\/","og_locale":"ca_ES","og_type":"article","og_title":"Plou i fa sol! Do, re, mi, fa, sol - La maleta de Lili","og_description":"A la Biblioteca l'Atzavara la meva maleta s'obrir\u00e0 deixant caure les gotes de pluja, al terra, mentre les tonalitats del viol\u00ed les acompanya. Cada gota cont\u00e9 una hist\u00f2ria, i algunes can\u00e7ons sonen mentre els contes surten a escena.","og_url":"https:\/\/lamaletadelili.com\/ca\/agenda\/plou-i-fa-sol-do-re-mi-fa-sol-3\/","og_site_name":"La maleta de Lili","article_modified_time":"2023-10-16T08:24:46+00:00","og_image":[{"width":800,"height":600,"url":"https:\/\/lamaletadelili.com\/wp-content\/uploads\/2022\/05\/Plou-i-fa-sol.jpg","type":"image\/jpeg"}],"twitter_card":"summary_large_image","schema":{"@context":"https:\/\/schema.org","@graph":[{"@type":"WebPage","@id":"https:\/\/lamaletadelili.com\/ca\/agenda\/plou-i-fa-sol-do-re-mi-fa-sol-3\/","url":"https:\/\/lamaletadelili.com\/ca\/agenda\/plou-i-fa-sol-do-re-mi-fa-sol-3\/","name":"Plou i fa sol! Do, re, mi, fa, sol - La maleta de Lili","isPartOf":{"@id":"https:\/\/lamaletadelili.com\/#website"},"primaryImageOfPage":{"@id":"https:\/\/lamaletadelili.com\/ca\/agenda\/plou-i-fa-sol-do-re-mi-fa-sol-3\/#primaryimage"},"image":{"@id":"https:\/\/lamaletadelili.com\/ca\/agenda\/plou-i-fa-sol-do-re-mi-fa-sol-3\/#primaryimage"},"thumbnailUrl":"https:\/\/lamaletadelili.com\/wp-content\/uploads\/2022\/05\/Plou-i-fa-sol.jpg","datePublished":"2022-05-06T10:02:57+00:00","dateModified":"2023-10-16T08:24:46+00:00","breadcrumb":{"@id":"https:\/\/lamaletadelili.com\/ca\/agenda\/plou-i-fa-sol-do-re-mi-fa-sol-3\/#breadcrumb"},"inLanguage":"ca","potentialAction":[{"@type":"ReadAction","target":["https:\/\/lamaletadelili.com\/ca\/agenda\/plou-i-fa-sol-do-re-mi-fa-sol-3\/"]}]},{"@type":"ImageObject","inLanguage":"ca","@id":"https:\/\/lamaletadelili.com\/ca\/agenda\/plou-i-fa-sol-do-re-mi-fa-sol-3\/#primaryimage","url":"https:\/\/lamaletadelili.com\/wp-content\/uploads\/2022\/05\/Plou-i-fa-sol.jpg","contentUrl":"https:\/\/lamaletadelili.com\/wp-content\/uploads\/2022\/05\/Plou-i-fa-sol.jpg","width":800,"height":600,"caption":"Plou i fa sol"},{"@type":"BreadcrumbList","@id":"https:\/\/lamaletadelili.com\/ca\/agenda\/plou-i-fa-sol-do-re-mi-fa-sol-3\/#breadcrumb","itemListElement":[{"@type":"ListItem","position":1,"name":"Portada","item":"https:\/\/lamaletadelili.com\/ca\/"},{"@type":"ListItem","position":2,"name":"Esdeveniments","item":"https:\/\/lamaletadelili.com\/ca\/eventos\/"},{"@type":"ListItem","position":3,"name":"Plou i fa sol! Do, re, mi, fa, sol"}]},{"@type":"WebSite","@id":"https:\/\/lamaletadelili.com\/#website","url":"https:\/\/lamaletadelili.com\/","name":"La maleta de Lili","description":"Cuenta cuentos","publisher":{"@id":"https:\/\/lamaletadelili.com\/#organization"},"potentialAction":[{"@type":"SearchAction","target":{"@type":"EntryPoint","urlTemplate":"https:\/\/lamaletadelili.com\/?s={search_term_string}"},"query-input":{"@type":"PropertyValueSpecification","valueRequired":true,"valueName":"search_term_string"}}],"inLanguage":"ca"},{"@type":"Organization","@id":"https:\/\/lamaletadelili.com\/#organization","name":"La maleta de Lili","url":"https:\/\/lamaletadelili.com\/","logo":{"@type":"ImageObject","inLanguage":"ca","@id":"https:\/\/lamaletadelili.com\/#\/schema\/logo\/image\/","url":"https:\/\/lamaletadelili.com\/wp-content\/uploads\/2019\/07\/LOGO-La-maleta-de-Lili-catalan.png","contentUrl":"https:\/\/lamaletadelili.com\/wp-content\/uploads\/2019\/07\/LOGO-La-maleta-de-Lili-catalan.png","width":450,"height":177,"caption":"La maleta de Lili"},"image":{"@id":"https:\/\/lamaletadelili.com\/#\/schema\/logo\/image\/"}}]}},"uagb_featured_image_src":{"full":["https:\/\/lamaletadelili.com\/wp-content\/uploads\/2022\/05\/Plou-i-fa-sol.jpg",800,600,false],"thumbnail":["https:\/\/lamaletadelili.com\/wp-content\/uploads\/2022\/05\/Plou-i-fa-sol-150x150.jpg",150,150,true],"medium":["https:\/\/lamaletadelili.com\/wp-content\/uploads\/2022\/05\/Plou-i-fa-sol-287x215.jpg",287,215,true],"medium_large":["https:\/\/lamaletadelili.com\/wp-content\/uploads\/2022\/05\/Plou-i-fa-sol-768x576.jpg",768,576,true],"large":["https:\/\/lamaletadelili.com\/wp-content\/uploads\/2022\/05\/Plou-i-fa-sol-600x450.jpg",600,450,true],"1536x1536":["https:\/\/lamaletadelili.com\/wp-content\/uploads\/2022\/05\/Plou-i-fa-sol.jpg",800,600,false],"2048x2048":["https:\/\/lamaletadelili.com\/wp-content\/uploads\/2022\/05\/Plou-i-fa-sol.jpg",800,600,false]},"uagb_author_info":{"display_name":"Lili","author_link":"https:\/\/lamaletadelili.com\/ca\/author\/lili\/"},"uagb_comment_info":0,"uagb_excerpt":"A la Biblioteca l'Atzavara la meva maleta s'obrir\u00e0 deixant caure les gotes de pluja, al terra, mentre les tonalitats del viol\u00ed les acompanya. Cada gota cont\u00e9 una hist\u00f2ria, i algunes can\u00e7ons sonen mentre els contes surten a escena.","_links":{"self":[{"href":"https:\/\/lamaletadelili.com\/ca\/wp-json\/wp\/v2\/tribe_events\/11929","targetHints":{"allow":["GET"]}}],"collection":[{"href":"https:\/\/lamaletadelili.com\/ca\/wp-json\/wp\/v2\/tribe_events"}],"about":[{"href":"https:\/\/lamaletadelili.com\/ca\/wp-json\/wp\/v2\/types\/tribe_events"}],"author":[{"embeddable":true,"href":"https:\/\/lamaletadelili.com\/ca\/wp-json\/wp\/v2\/users\/2"}],"version-history":[{"count":0,"href":"https:\/\/lamaletadelili.com\/ca\/wp-json\/wp\/v2\/tribe_events\/11929\/revisions"}],"wp:featuredmedia":[{"embeddable":true,"href":"https:\/\/lamaletadelili.com\/ca\/wp-json\/wp\/v2\/media\/11915"}],"wp:attachment":[{"href":"https:\/\/lamaletadelili.com\/ca\/wp-json\/wp\/v2\/media?parent=11929"}],"wp:term":[{"taxonomy":"post_tag","embeddable":true,"href":"https:\/\/lamaletadelili.com\/ca\/wp-json\/wp\/v2\/tags?post=11929"},{"taxonomy":"tribe_events_cat","embeddable":true,"href":"https:\/\/lamaletadelili.com\/ca\/wp-json\/wp\/v2\/tribe_events_cat?post=11929"}],"curies":[{"name":"wp","href":"https:\/\/api.w.org\/{rel}","templated":true}]}}