{"id":13112,"date":"2022-08-30T09:02:57","date_gmt":"2022-08-30T07:02:57","guid":{"rendered":"https:\/\/lamaletadelili.com\/?page_id=13112"},"modified":"2022-08-30T09:12:00","modified_gmt":"2022-08-30T07:12:00","slug":"politica-de-cookies","status":"publish","type":"page","link":"https:\/\/lamaletadelili.com\/ca\/politica-de-cookies\/","title":{"rendered":"Pol\u00edtica de galetes"},"content":{"rendered":"\n<h2 class=\"wp-block-heading\">Qu\u00e8 s\u00f3n les galetes?<\/h2>\n\n\n\n<p>En angl\u00e8s, el terme &#8220;cookie&#8221; significa galeta, per\u00f2 en l&#8217;\u00e0mbit de la navegaci\u00f3 web, una &#8220;cookie&#8221; \u00e9s una cosa completament diferent. Quan accediu al nostre Lloc Web, al navegador del dispositiu s&#8217;emmagatzema una petita quantitat de text que s&#8217;anomena &#8220;cookie&#8221;. Aquest text cont\u00e9 informaci\u00f3 variada sobre la vostra navegaci\u00f3, h\u00e0bits, prefer\u00e8ncies, personalitzacions de continguts, etc&#8230;<\/p>\n\n\n\n<p>Hi ha altres tecnologies que funcionen de manera similar i que tamb\u00e9 es fan servir per recopilar dades sobre la teva activitat de navegaci\u00f3. Anomenarem \u201ccookies\u201d a totes aquestes tecnologies en el seu conjunt.<\/p>\n\n\n\n<p>Els usos concrets que fem d&#8217;aquestes tecnologies es descriuen al present document.<\/p>\n\n\n\n<h2 class=\"wp-block-heading\">Per qu\u00e8 s&#8217;utilitzen les galetes en aquesta web?<\/h2>\n\n\n\n<p>Les galetes s\u00f3n una part essencial de com funciona el Lloc Web. L&#8217;objectiu principal de les nostres galetes \u00e9s millorar la seva experi\u00e8ncia en la navegaci\u00f3. Per exemple, per recordar les vostres prefer\u00e8ncies (idioma, pa\u00eds, etc.) durant la navegaci\u00f3 i en futures visites. La informaci\u00f3 recollida a les cookies ens permet a m\u00e9s millorar la web, adaptar-la als seus interessos com a usuari, accelerar les cerques que realitzi, etc.<\/p>\n\n\n\n<p>En determinats casos, si hem obtingut el previ consentiment informat, podrem utilitzar cookies per a altres usos, com per exemple per obtenir informaci\u00f3 que ens permeti mostrar publicitat basada en l&#8217;an\u00e0lisi dels seus h\u00e0bits de navegaci\u00f3.<\/p>\n\n\n\n<h2 class=\"wp-block-heading\">Per qu\u00e8 NO s&#8217;utilitzen les galetes en aquesta web?<\/h2>\n\n\n\n<p>A les cookies que utilitzem no s&#8217;emmagatzema informaci\u00f3 sensible d&#8217;identificaci\u00f3 personal com el nom, l&#8217;adre\u00e7a, la contrasenya, etc&#8230;<\/p>\n\n\n\n<h2 class=\"wp-block-heading\">Qui utilitza la informaci\u00f3 emmagatzemada a les galetes?<\/h2>\n\n\n\n<p>La informaci\u00f3 emmagatzemada a les cookies del nostre Lloc Web \u00e9s utilitzada exclusivament per nosaltres, a excepci\u00f3 d&#8217;aquelles identificades m\u00e9s endavant com a &#8220;cookie de tercers&#8221;, que s\u00f3n utilitzades i gestionades per entitats externes que ens proporcionen serveis que milloren l&#8217;experi\u00e8ncia de l&#8217;usuari. Per exemple les estad\u00edstiques que es recullen sobre el nombre de visites, el contingut que m\u00e9s agrada, etc&#8230;<\/p>\n\n\n\n<h2 class=\"wp-block-heading\">Com podeu evitar l&#8217;\u00fas de galetes en aquest Lloc Web?<\/h2>\n\n\n\n<p>Si preferiu evitar l&#8217;\u00fas de les galetes, podeu REBUIXAR-ne l&#8217;\u00fas o podeu CONFIGURA&#8217;N les que voleu evitar i les que permeteu utilitzar (en aquest document us donem informaci\u00f3 ampliada al respecte de cada tipus de galeta, la finalitat, destinatari, temporalitat, etc.). .. ).<\/p>\n\n\n\n<p>Si les heu acceptat, no tornarem a preguntar-vos a menys que esborreu les galetes al dispositiu segons s&#8217;indica a l&#8217;apartat seg\u00fcent. Si voleu revocar el consentiment haur\u00e0 d&#8217;eliminar les cookies i tornar a configurar-les.<\/p>\n\n\n\n<h2 class=\"wp-block-heading\">Com deshabilito i elimini la utilitzaci\u00f3 de cookies?<\/h2>\n\n\n\n<p>El Titular mostra informaci\u00f3 sobre la seva Pol\u00edtica de cookies al b\u00e0ner de cookies accessible a totes les p\u00e0gines del Lloc Web. El banner de cookies mostra informaci\u00f3 essencial sobre el tractament de dades i permet a l&#8217;Usuari realitzar les accions seg\u00fcents:<\/p>\n\n\n\n<ul class=\"wp-block-list\"><li>ACCEPTAR o REBUTJAR la instal\u00b7laci\u00f3 de cookies, o retirar el consentiment pr\u00e8viament atorgat.<\/li><li>Obtenir informaci\u00f3 addicional a la p\u00e0gina de Pol\u00edtica de Cookies.<\/li><\/ul>\n\n\n\n<p>Per restringir, bloquejar o esborrar les galetes d&#8217;aquest Lloc Web (i les utilitzades per tercers) ho podeu fer, en qualsevol moment, modificant la configuraci\u00f3 del vostre navegador. Tingueu en compte que aquesta configuraci\u00f3 \u00e9s diferent a cada navegador.<\/p>\n\n\n\n<p>Als seg\u00fcents enlla\u00e7os trobareu instruccions per habilitar o deshabilitar les cookies en els navegadors m\u00e9s comuns.<\/p>\n\n\n\n<ul class=\"wp-block-list\"><li><a rel=\"noreferrer noopener\" target=\"_blank\" href=\"http:\/\/support.mozilla.org\/es\/kb\/habilitar-y-deshabilitar-cookies-que-los-sitios-we\">Firefox<\/a><\/li><li><a target=\"_blank\" rel=\"noreferrer noopener\" href=\"https:\/\/support.google.com\/chrome\/answer\/95647?hl=es\">Google Chrome<\/a><\/li><li><a target=\"_blank\" rel=\"noreferrer noopener\" href=\"https:\/\/support.microsoft.com\/es-es\/help\/17442\/windows-internet-explorer-delete-manage-cookies#ie=&quot;ie-10\">Internet Explorer<\/a><\/li><li><a target=\"_blank\" rel=\"noreferrer noopener\" href=\"https:\/\/support.microsoft.com\/es-es\/help\/4468242\/microsoft-edge-browsing-data-and-privacy\">Microsoft Edge<\/a><\/li><li><a rel=\"noreferrer noopener\" target=\"_blank\" href=\"http:\/\/support.apple.com\/kb\/HT1677?viewlocale=es_ES\">Safari<\/a><\/li><\/ul>\n\n\n\n<h2 class=\"wp-block-heading\">Quins tipus de galetes s&#8217;utilitzen en aquesta p\u00e0gina web?<\/h2>\n\n\n\n<p>Cada p\u00e0gina web utilitza les seves pr\u00f2pies galetes. A la nostra web utilitzem les que s&#8217;indiquen a continuaci\u00f3:<\/p>\n\n\n\n<p><strong>SEGONS L&#8217;ENTITAT QUE HO GESTIONA<\/strong><\/p>\n\n\n\n<p><strong>Cookies pr\u00f2pies:<\/strong><\/p>\n\n\n\n<p>S\u00f3n aquelles que s&#8217;envien a l&#8217;equip terminal de l&#8217;usuari des d&#8217;un equip o domini gestionat pel mateix editor i des del qual es presta el servei sol\u00b7licitat per l&#8217;usuari.<\/p>\n\n\n\n<p><strong>Cookies de tercers:<\/strong><\/p>\n\n\n\n<p>S\u00f3n aquelles que s&#8217;envien a l&#8217;equip terminal de l&#8217;Usuari des d&#8217;un equip o domini que no \u00e9s gestionat per l&#8217;editor, sin\u00f3 per una altra entitat que tracta les dades obtingudes a trav\u00e9s de les galetes.<\/p>\n\n\n\n<p>En el cas que les cookies siguin servides des d&#8217;un equip o domini gestionat pel mateix editor, per\u00f2 la informaci\u00f3 que es reculli mitjan\u00e7ant aquestes sigui gestionada per un tercer, no poden ser considerades com a cookies pr\u00f2pies si el tercer les utilitza per a les seves pr\u00f2pies finalitats (per exemple, la millora dels serveis que presta o la prestaci\u00f3 de serveis de car\u00e0cter publicitari a favor daltres entitats).<\/p>\n\n\n\n<p><strong>SEGONS LA SEVA FINALITAT<\/strong><\/p>\n\n\n\n<p><strong>Galetes t\u00e8cniques:<\/strong><\/p>\n\n\n\n<p>S\u00f3n aquelles necess\u00e0ries per a la navegaci\u00f3 i el bon funcionament del nostre Lloc Web, com ara controlar el tr\u00e0nsit i la comunicaci\u00f3 de dades, identificar la sessi\u00f3, accedir a parts d&#8217;acc\u00e9s restringit, realitzar la sol\u00b7licitud d&#8217;inscripci\u00f3 o participaci\u00f3 en un esdeveniment, comptar visites a efectes de la facturaci\u00f3 de llic\u00e8ncies del programari amb qu\u00e8 funciona el servei del Lloc Web, utilitzar elements de seguretat durant la navegaci\u00f3, emmagatzemar continguts per a la difusi\u00f3 de v\u00eddeos o so, habilitar continguts din\u00e0mics (per exemple, animaci\u00f3 de c\u00e0rrega de text o imatge) o compartir continguts a trav\u00e9s de xarxes socials.<\/p>\n\n\n\n<p><strong>Galetes d&#8217;an\u00e0lisi:<\/strong><\/p>\n\n\n\n<p>Permeten quantificar el nombre d&#8217;usuaris i aix\u00ed realitzar el mesurament i l&#8217;an\u00e0lisi estad\u00edstica de la utilitzaci\u00f3 que fan els usuaris del Lloc Web.<\/p>\n\n\n\n<p><strong>Cookies de prefer\u00e8ncies o personalitzaci\u00f3:<\/strong><\/p>\n\n\n\n<p>S\u00f3n aquelles que permeten recordar informaci\u00f3 perqu\u00e8 l&#8217;Usuari accedeixi al servei amb determinades caracter\u00edstiques que poden diferenciar la seva experi\u00e8ncia de la d&#8217;altres usuaris, com ara l&#8217;idioma, el nombre de resultats a mostrar quan l&#8217;Usuari fa una cerca, l&#8217;aspecte o contingut del servei en funci\u00f3 del tipus de navegador a trav\u00e9s del qual l&#8217;usuari accedeix al servei o de la regi\u00f3 des de la qual accedeix al servei, etc.<\/p>\n\n\n\n<p><strong>SEGONS EL TERMINI DE TEMPS QUE ROMANDEN ACTIVADES<\/strong><\/p>\n\n\n\n<p><strong>Cookies de sessi\u00f3:<\/strong><\/p>\n\n\n\n<p>S\u00f3n aquelles dissenyades per demanar i emmagatzemar dades mentre l&#8217;Usuari accedeix a una p\u00e0gina web.<\/p>\n\n\n\n<p>Se solen emprar per emmagatzemar informaci\u00f3 que nom\u00e9s interessa conservar per a la prestaci\u00f3 del servei sol\u00b7licitat per l&#8217;Usuari en una sola ocasi\u00f3 (per exemple, una llista de productes adquirits) i desapareixen en acabar la sessi\u00f3.<\/p>\n\n\n\n<p><strong>Cookies persistents:<\/strong><\/p>\n\n\n\n<p>S\u00f3n aquelles en qu\u00e8 les dades segueixen emmagatzemades al terminal i poden ser accedides i tractades durant un per\u00edode definit pel responsable de la galeta, i que pot anar d&#8217;uns minuts a diversos anys. Pel que fa a aix\u00f2, s&#8217;ha de valorar espec\u00edficament si \u00e9s necess\u00e0ria la utilitzaci\u00f3 de cookies persistents, ja que els riscos per a la privadesa podrien reduir-se mitjan\u00e7ant la utilitzaci\u00f3 de cookies de sessi\u00f3. En tot cas, quan s&#8217;instal\u00b7lin galetes persistents, es recomana reduir al m\u00ednim necessari la seva durada temporal atenent a la finalitat del seu \u00fas. A aquests efectes, el Dictamen 4\/2012 del GT29 va indicar que perqu\u00e8 una galeta pugui estar exempta del deure de consentiment informat, la seva caducitat ha d&#8217;estar relacionada amb la finalitat. A causa d&#8217;aix\u00f2, \u00e9s molt m\u00e9s probable que es considerin exceptuades les galetes de sessi\u00f3 que les persistents.<\/p>\n","protected":false},"excerpt":{"rendered":"<p>Qu\u00e8 s\u00f3n les galetes? En angl\u00e8s, el terme &#8220;cookie&#8221; significa galeta, per\u00f2 en l&#8217;\u00e0mbit de la navegaci\u00f3 web, una &#8220;cookie&#8221; \u00e9s una cosa completament diferent. Quan accediu al nostre Lloc Web, al navegador del dispositiu s&#8217;emmagatzema una petita quantitat de text que s&#8217;anomena &#8220;cookie&#8221;. Aquest text cont\u00e9 informaci\u00f3 variada sobre la vostra navegaci\u00f3, h\u00e0bits, prefer\u00e8ncies, [&hellip;]<\/p>\n","protected":false},"author":1,"featured_media":0,"parent":0,"menu_order":0,"comment_status":"closed","ping_status":"closed","template":"","meta":{"_uag_custom_page_level_css":"","site-sidebar-layout":"default","site-content-layout":"","ast-site-content-layout":"default","site-content-style":"default","site-sidebar-style":"default","ast-global-header-display":"","ast-banner-title-visibility":"","ast-main-header-display":"","ast-hfb-above-header-display":"","ast-hfb-below-header-display":"","ast-hfb-mobile-header-display":"","site-post-title":"","ast-breadcrumbs-content":"","ast-featured-img":"","footer-sml-layout":"","ast-disable-related-posts":"","theme-transparent-header-meta":"","adv-header-id-meta":"","stick-header-meta":"","header-above-stick-meta":"","header-main-stick-meta":"","header-below-stick-meta":"","astra-migrate-meta-layouts":"default","ast-page-background-enabled":"default","ast-page-background-meta":{"desktop":{"background-color":"var(--ast-global-color-4)","background-image":"","background-repeat":"repeat","background-position":"center center","background-size":"auto","background-attachment":"scroll","background-type":"","background-media":"","overlay-type":"","overlay-color":"","overlay-opacity":"","overlay-gradient":""},"tablet":{"background-color":"","background-image":"","background-repeat":"repeat","background-position":"center center","background-size":"auto","background-attachment":"scroll","background-type":"","background-media":"","overlay-type":"","overlay-color":"","overlay-opacity":"","overlay-gradient":""},"mobile":{"background-color":"","background-image":"","background-repeat":"repeat","background-position":"center center","background-size":"auto","background-attachment":"scroll","background-type":"","background-media":"","overlay-type":"","overlay-color":"","overlay-opacity":"","overlay-gradient":""}},"ast-content-background-meta":{"desktop":{"background-color":"var(--ast-global-color-5)","background-image":"","background-repeat":"repeat","background-position":"center center","background-size":"auto","background-attachment":"scroll","background-type":"","background-media":"","overlay-type":"","overlay-color":"","overlay-opacity":"","overlay-gradient":""},"tablet":{"background-color":"var(--ast-global-color-5)","background-image":"","background-repeat":"repeat","background-position":"center center","background-size":"auto","background-attachment":"scroll","background-type":"","background-media":"","overlay-type":"","overlay-color":"","overlay-opacity":"","overlay-gradient":""},"mobile":{"background-color":"var(--ast-global-color-5)","background-image":"","background-repeat":"repeat","background-position":"center center","background-size":"auto","background-attachment":"scroll","background-type":"","background-media":"","overlay-type":"","overlay-color":"","overlay-opacity":"","overlay-gradient":""}},"footnotes":""},"class_list":["post-13112","page","type-page","status-publish","hentry"],"yoast_head":"<!-- This site is optimized with the Yoast SEO plugin v27.4 - https:\/\/yoast.com\/product\/yoast-seo-wordpress\/ -->\n<title>Pol\u00edtica de galetes - La maleta de Lili<\/title>\n<meta name=\"robots\" content=\"index, follow, max-snippet:-1, max-image-preview:large, max-video-preview:-1\" \/>\n<link rel=\"canonical\" href=\"https:\/\/lamaletadelili.com\/politica-de-cookies\/\" \/>\n<meta property=\"og:locale\" content=\"ca_ES\" \/>\n<meta property=\"og:type\" content=\"article\" \/>\n<meta property=\"og:title\" content=\"Pol\u00edtica de galetes - La maleta de Lili\" \/>\n<meta property=\"og:description\" content=\"Qu\u00e8 s\u00f3n les galetes? En angl\u00e8s, el terme &#8220;cookie&#8221; significa galeta, per\u00f2 en l&#8217;\u00e0mbit de la navegaci\u00f3 web, una &#8220;cookie&#8221; \u00e9s una cosa completament diferent. Quan accediu al nostre Lloc Web, al navegador del dispositiu s&#8217;emmagatzema una petita quantitat de text que s&#8217;anomena &#8220;cookie&#8221;. Aquest text cont\u00e9 informaci\u00f3 variada sobre la vostra navegaci\u00f3, h\u00e0bits, prefer\u00e8ncies, [&hellip;]\" \/>\n<meta property=\"og:url\" content=\"https:\/\/lamaletadelili.com\/politica-de-cookies\/\" \/>\n<meta property=\"og:site_name\" content=\"La maleta de Lili\" \/>\n<meta property=\"article:modified_time\" content=\"2022-08-30T07:12:00+00:00\" \/>\n<meta name=\"twitter:card\" content=\"summary_large_image\" \/>\n<meta name=\"twitter:label1\" content=\"Temps estimat de lectura\" \/>\n\t<meta name=\"twitter:data1\" content=\"6 minuts\" \/>\n<script type=\"application\/ld+json\" class=\"yoast-schema-graph\">{\"@context\":\"https:\\\/\\\/schema.org\",\"@graph\":[{\"@type\":\"WebPage\",\"@id\":\"https:\\\/\\\/lamaletadelili.com\\\/politica-de-cookies\\\/\",\"url\":\"https:\\\/\\\/lamaletadelili.com\\\/politica-de-cookies\\\/\",\"name\":\"Pol\u00edtica de galetes - La maleta de Lili\",\"isPartOf\":{\"@id\":\"https:\\\/\\\/lamaletadelili.com\\\/#website\"},\"datePublished\":\"2022-08-30T07:02:57+00:00\",\"dateModified\":\"2022-08-30T07:12:00+00:00\",\"breadcrumb\":{\"@id\":\"https:\\\/\\\/lamaletadelili.com\\\/politica-de-cookies\\\/#breadcrumb\"},\"inLanguage\":\"ca\",\"potentialAction\":[{\"@type\":\"ReadAction\",\"target\":[\"https:\\\/\\\/lamaletadelili.com\\\/politica-de-cookies\\\/\"]}]},{\"@type\":\"BreadcrumbList\",\"@id\":\"https:\\\/\\\/lamaletadelili.com\\\/politica-de-cookies\\\/#breadcrumb\",\"itemListElement\":[{\"@type\":\"ListItem\",\"position\":1,\"name\":\"Portada\",\"item\":\"https:\\\/\\\/lamaletadelili.com\\\/ca\\\/\"},{\"@type\":\"ListItem\",\"position\":2,\"name\":\"Pol\u00edtica de galetes\"}]},{\"@type\":\"WebSite\",\"@id\":\"https:\\\/\\\/lamaletadelili.com\\\/#website\",\"url\":\"https:\\\/\\\/lamaletadelili.com\\\/\",\"name\":\"La maleta de Lili\",\"description\":\"Cuenta cuentos\",\"publisher\":{\"@id\":\"https:\\\/\\\/lamaletadelili.com\\\/#organization\"},\"potentialAction\":[{\"@type\":\"SearchAction\",\"target\":{\"@type\":\"EntryPoint\",\"urlTemplate\":\"https:\\\/\\\/lamaletadelili.com\\\/?s={search_term_string}\"},\"query-input\":{\"@type\":\"PropertyValueSpecification\",\"valueRequired\":true,\"valueName\":\"search_term_string\"}}],\"inLanguage\":\"ca\"},{\"@type\":\"Organization\",\"@id\":\"https:\\\/\\\/lamaletadelili.com\\\/#organization\",\"name\":\"La maleta de Lili\",\"url\":\"https:\\\/\\\/lamaletadelili.com\\\/\",\"logo\":{\"@type\":\"ImageObject\",\"inLanguage\":\"ca\",\"@id\":\"https:\\\/\\\/lamaletadelili.com\\\/#\\\/schema\\\/logo\\\/image\\\/\",\"url\":\"https:\\\/\\\/lamaletadelili.com\\\/wp-content\\\/uploads\\\/2019\\\/07\\\/LOGO-La-maleta-de-Lili-catalan.png\",\"contentUrl\":\"https:\\\/\\\/lamaletadelili.com\\\/wp-content\\\/uploads\\\/2019\\\/07\\\/LOGO-La-maleta-de-Lili-catalan.png\",\"width\":450,\"height\":177,\"caption\":\"La maleta de Lili\"},\"image\":{\"@id\":\"https:\\\/\\\/lamaletadelili.com\\\/#\\\/schema\\\/logo\\\/image\\\/\"}}]}<\/script>\n<!-- \/ Yoast SEO plugin. -->","yoast_head_json":{"title":"Pol\u00edtica de galetes - La maleta de Lili","robots":{"index":"index","follow":"follow","max-snippet":"max-snippet:-1","max-image-preview":"max-image-preview:large","max-video-preview":"max-video-preview:-1"},"canonical":"https:\/\/lamaletadelili.com\/politica-de-cookies\/","og_locale":"ca_ES","og_type":"article","og_title":"Pol\u00edtica de galetes - La maleta de Lili","og_description":"Qu\u00e8 s\u00f3n les galetes? En angl\u00e8s, el terme &#8220;cookie&#8221; significa galeta, per\u00f2 en l&#8217;\u00e0mbit de la navegaci\u00f3 web, una &#8220;cookie&#8221; \u00e9s una cosa completament diferent. Quan accediu al nostre Lloc Web, al navegador del dispositiu s&#8217;emmagatzema una petita quantitat de text que s&#8217;anomena &#8220;cookie&#8221;. Aquest text cont\u00e9 informaci\u00f3 variada sobre la vostra navegaci\u00f3, h\u00e0bits, prefer\u00e8ncies, [&hellip;]","og_url":"https:\/\/lamaletadelili.com\/politica-de-cookies\/","og_site_name":"La maleta de Lili","article_modified_time":"2022-08-30T07:12:00+00:00","twitter_card":"summary_large_image","twitter_misc":{"Temps estimat de lectura":"6 minuts"},"schema":{"@context":"https:\/\/schema.org","@graph":[{"@type":"WebPage","@id":"https:\/\/lamaletadelili.com\/politica-de-cookies\/","url":"https:\/\/lamaletadelili.com\/politica-de-cookies\/","name":"Pol\u00edtica de galetes - La maleta de Lili","isPartOf":{"@id":"https:\/\/lamaletadelili.com\/#website"},"datePublished":"2022-08-30T07:02:57+00:00","dateModified":"2022-08-30T07:12:00+00:00","breadcrumb":{"@id":"https:\/\/lamaletadelili.com\/politica-de-cookies\/#breadcrumb"},"inLanguage":"ca","potentialAction":[{"@type":"ReadAction","target":["https:\/\/lamaletadelili.com\/politica-de-cookies\/"]}]},{"@type":"BreadcrumbList","@id":"https:\/\/lamaletadelili.com\/politica-de-cookies\/#breadcrumb","itemListElement":[{"@type":"ListItem","position":1,"name":"Portada","item":"https:\/\/lamaletadelili.com\/ca\/"},{"@type":"ListItem","position":2,"name":"Pol\u00edtica de galetes"}]},{"@type":"WebSite","@id":"https:\/\/lamaletadelili.com\/#website","url":"https:\/\/lamaletadelili.com\/","name":"La maleta de Lili","description":"Cuenta cuentos","publisher":{"@id":"https:\/\/lamaletadelili.com\/#organization"},"potentialAction":[{"@type":"SearchAction","target":{"@type":"EntryPoint","urlTemplate":"https:\/\/lamaletadelili.com\/?s={search_term_string}"},"query-input":{"@type":"PropertyValueSpecification","valueRequired":true,"valueName":"search_term_string"}}],"inLanguage":"ca"},{"@type":"Organization","@id":"https:\/\/lamaletadelili.com\/#organization","name":"La maleta de Lili","url":"https:\/\/lamaletadelili.com\/","logo":{"@type":"ImageObject","inLanguage":"ca","@id":"https:\/\/lamaletadelili.com\/#\/schema\/logo\/image\/","url":"https:\/\/lamaletadelili.com\/wp-content\/uploads\/2019\/07\/LOGO-La-maleta-de-Lili-catalan.png","contentUrl":"https:\/\/lamaletadelili.com\/wp-content\/uploads\/2019\/07\/LOGO-La-maleta-de-Lili-catalan.png","width":450,"height":177,"caption":"La maleta de Lili"},"image":{"@id":"https:\/\/lamaletadelili.com\/#\/schema\/logo\/image\/"}}]}},"uagb_featured_image_src":{"full":false,"thumbnail":false,"medium":false,"medium_large":false,"large":false,"1536x1536":false,"2048x2048":false},"uagb_author_info":{"display_name":"admin","author_link":"https:\/\/lamaletadelili.com\/ca\/author\/admin\/"},"uagb_comment_info":0,"uagb_excerpt":"Qu\u00e8 s\u00f3n les galetes? En angl\u00e8s, el terme &#8220;cookie&#8221; significa galeta, per\u00f2 en l&#8217;\u00e0mbit de la navegaci\u00f3 web, una &#8220;cookie&#8221; \u00e9s una cosa completament diferent. Quan accediu al nostre Lloc Web, al navegador del dispositiu s&#8217;emmagatzema una petita quantitat de text que s&#8217;anomena &#8220;cookie&#8221;. Aquest text cont\u00e9 informaci\u00f3 variada sobre la vostra navegaci\u00f3, h\u00e0bits, prefer\u00e8ncies,&hellip;","_links":{"self":[{"href":"https:\/\/lamaletadelili.com\/ca\/wp-json\/wp\/v2\/pages\/13112","targetHints":{"allow":["GET"]}}],"collection":[{"href":"https:\/\/lamaletadelili.com\/ca\/wp-json\/wp\/v2\/pages"}],"about":[{"href":"https:\/\/lamaletadelili.com\/ca\/wp-json\/wp\/v2\/types\/page"}],"author":[{"embeddable":true,"href":"https:\/\/lamaletadelili.com\/ca\/wp-json\/wp\/v2\/users\/1"}],"replies":[{"embeddable":true,"href":"https:\/\/lamaletadelili.com\/ca\/wp-json\/wp\/v2\/comments?post=13112"}],"version-history":[{"count":0,"href":"https:\/\/lamaletadelili.com\/ca\/wp-json\/wp\/v2\/pages\/13112\/revisions"}],"wp:attachment":[{"href":"https:\/\/lamaletadelili.com\/ca\/wp-json\/wp\/v2\/media?parent=13112"}],"curies":[{"name":"wp","href":"https:\/\/api.w.org\/{rel}","templated":true}]}}