{"id":13298,"date":"2022-08-31T11:50:54","date_gmt":"2022-08-31T09:50:54","guid":{"rendered":"https:\/\/lamaletadelili.com\/?post_type=masquecuentos&#038;p=13298"},"modified":"2026-02-16T10:38:45","modified_gmt":"2026-02-16T09:38:45","slug":"sant-jordi-cantat","status":"publish","type":"masquecuentos","link":"https:\/\/lamaletadelili.com\/ca\/masquecuentos\/sant-jordi-cantat\/","title":{"rendered":"Sant Jordi Cantat"},"content":{"rendered":"\n<h2 class=\"wp-block-heading\">Qu\u00e8 \u00e9s?<\/h2>\n\n\n\n<p>La llegenda de <strong>Sant Jordi<\/strong> tan coneguda, ens l\u2019expliquen les seves titelles acompanyades de les notes musicals d\u2019un instrument musical.<\/p>\n\n\n\n<h2 class=\"wp-block-heading\">A qui va dirigit?<\/h2>\n\n\n\n<ul class=\"wp-block-list\">\n<li>Biblioteques<\/li>\n\n\n\n<li>Escoles Bressol i d\u2019infantil ( primer cicle)<\/li>\n<\/ul>\n\n\n\n<ul class=\"wp-block-list\">\n<li>Associacions i entitas privades o p\u00fabliques.<\/li>\n<\/ul>\n\n\n\n<p>A infants entre 1 a 4 anys acompanyats d\u2019un adult. Ampliable de 3 a 6 anys<\/p>\n\n\n\n<h2 class=\"wp-block-heading\">Qu\u00e8 es fa?<\/h2>\n\n\n\n<p>Des del comen\u00e7ament fins les acaballes un instrument musical deixa fluir les notes musicals.<\/p>\n\n\n\n<p>La poesia juga amb les tonalitats deixan una porta oberta a la participaci\u00f3 dels infants i dels adults cantant can\u00e7ons relacionades.<\/p>\n\n\n\n<p>Les titelles ens expliquen aquesta llegenda d\u2019un drac, una princessa i un caballer on cada personatge t\u00e9 la seva propia tonalitat.<\/p>\n\n\n\n<p>A les acaballes conviden a tothom fent una rotllana gran per ballar amb nosaltres l\u2019\u00faltima can\u00e7\u00f3: <em>\u201cSant Jordi, la princesa, la rosa i el drac \u2026\u201d<\/em> .<\/p>\n\n\n\n<p>\u201cAplaudiments de Fada\u201d i petons volem per la sala indicant el seu final.<\/p>\n\n\n\n<h2 class=\"wp-block-heading\">Materials i recursos utilitzats<\/h2>\n\n\n\n<ul class=\"wp-block-list\">\n<li>M\u00fasica en directe amb viol\u00ed.<\/li>\n\n\n\n<li>Titelles del conte de Sant Jordi.<\/li>\n\n\n\n<li>Un drac gran per decorar.<\/li>\n\n\n\n<li>Contes i poemes relacionats amb la hist\u00f2ria de Sant Jordi.<\/li>\n<\/ul>\n","protected":false},"excerpt":{"rendered":"<p>La llegenda de Sant Jordi tan coneguda, ens l\u2019expliquen les seves titelles acompanyades de les notes musicals d\u2019un instrument musical.<\/p>\n","protected":false},"author":2,"featured_media":10254,"template":"","meta":{"_uag_custom_page_level_css":"","site-sidebar-layout":"default","site-content-layout":"","ast-site-content-layout":"default","site-content-style":"default","site-sidebar-style":"default","ast-global-header-display":"","ast-banner-title-visibility":"","ast-main-header-display":"","ast-hfb-above-header-display":"","ast-hfb-below-header-display":"","ast-hfb-mobile-header-display":"","site-post-title":"","ast-breadcrumbs-content":"","ast-featured-img":"","footer-sml-layout":"","ast-disable-related-posts":"","theme-transparent-header-meta":"","adv-header-id-meta":"","stick-header-meta":"","header-above-stick-meta":"","header-main-stick-meta":"","header-below-stick-meta":"","astra-migrate-meta-layouts":"set","ast-page-background-enabled":"default","ast-page-background-meta":{"desktop":{"background-color":"var(--ast-global-color-4)","background-image":"","background-repeat":"repeat","background-position":"center center","background-size":"auto","background-attachment":"scroll","background-type":"","background-media":"","overlay-type":"","overlay-color":"","overlay-opacity":"","overlay-gradient":""},"tablet":{"background-color":"","background-image":"","background-repeat":"repeat","background-position":"center center","background-size":"auto","background-attachment":"scroll","background-type":"","background-media":"","overlay-type":"","overlay-color":"","overlay-opacity":"","overlay-gradient":""},"mobile":{"background-color":"","background-image":"","background-repeat":"repeat","background-position":"center center","background-size":"auto","background-attachment":"scroll","background-type":"","background-media":"","overlay-type":"","overlay-color":"","overlay-opacity":"","overlay-gradient":""}},"ast-content-background-meta":{"desktop":{"background-color":"var(--ast-global-color-5)","background-image":"","background-repeat":"repeat","background-position":"center center","background-size":"auto","background-attachment":"scroll","background-type":"","background-media":"","overlay-type":"","overlay-color":"","overlay-opacity":"","overlay-gradient":""},"tablet":{"background-color":"var(--ast-global-color-5)","background-image":"","background-repeat":"repeat","background-position":"center center","background-size":"auto","background-attachment":"scroll","background-type":"","background-media":"","overlay-type":"","overlay-color":"","overlay-opacity":"","overlay-gradient":""},"mobile":{"background-color":"var(--ast-global-color-5)","background-image":"","background-repeat":"repeat","background-position":"center center","background-size":"auto","background-attachment":"scroll","background-type":"","background-media":"","overlay-type":"","overlay-color":"","overlay-opacity":"","overlay-gradient":""}},"footnotes":""},"catmqcuentos":[751],"class_list":["post-13298","masquecuentos","type-masquecuentos","status-publish","has-post-thumbnail","hentry","catmqcuentos-contes-musicals"],"yoast_head":"<!-- This site is optimized with the Yoast SEO plugin v27.4 - https:\/\/yoast.com\/product\/yoast-seo-wordpress\/ -->\n<title>Sant Jordi Cantat - La maleta de Lili<\/title>\n<meta name=\"description\" content=\"La llegenda de Sant Jordi acompanyada de m\u00fasica i titelles per un p\u00f9blic infantil des d&#039;un any fins als set anys.\" \/>\n<meta name=\"robots\" content=\"index, follow, max-snippet:-1, max-image-preview:large, max-video-preview:-1\" \/>\n<link rel=\"canonical\" href=\"https:\/\/lamaletadelili.com\/ca\/masquecuentos\/sant-jordi-cantat\/\" \/>\n<meta property=\"og:locale\" content=\"ca_ES\" \/>\n<meta property=\"og:type\" content=\"article\" \/>\n<meta property=\"og:title\" content=\"Sant Jordi Cantat - La maleta de Lili\" \/>\n<meta property=\"og:description\" content=\"La llegenda de Sant Jordi acompanyada de m\u00fasica i titelles per un p\u00f9blic infantil des d&#039;un any fins als set anys.\" \/>\n<meta property=\"og:url\" content=\"https:\/\/lamaletadelili.com\/ca\/masquecuentos\/sant-jordi-cantat\/\" \/>\n<meta property=\"og:site_name\" content=\"La maleta de Lili\" \/>\n<meta property=\"article:modified_time\" content=\"2026-02-16T09:38:45+00:00\" \/>\n<meta property=\"og:image\" content=\"https:\/\/lamaletadelili.com\/wp-content\/uploads\/2021\/04\/Sant-Jordi-Cantat.jpg\" \/>\n\t<meta property=\"og:image:width\" content=\"600\" \/>\n\t<meta property=\"og:image:height\" content=\"900\" \/>\n\t<meta property=\"og:image:type\" content=\"image\/jpeg\" \/>\n<meta name=\"twitter:card\" content=\"summary_large_image\" \/>\n<meta name=\"twitter:label1\" content=\"Temps estimat de lectura\" \/>\n\t<meta name=\"twitter:data1\" content=\"2 minuts\" \/>\n<script type=\"application\/ld+json\" class=\"yoast-schema-graph\">{\"@context\":\"https:\\\/\\\/schema.org\",\"@graph\":[{\"@type\":\"WebPage\",\"@id\":\"https:\\\/\\\/lamaletadelili.com\\\/ca\\\/masquecuentos\\\/sant-jordi-cantat\\\/\",\"url\":\"https:\\\/\\\/lamaletadelili.com\\\/ca\\\/masquecuentos\\\/sant-jordi-cantat\\\/\",\"name\":\"Sant Jordi Cantat - La maleta de Lili\",\"isPartOf\":{\"@id\":\"https:\\\/\\\/lamaletadelili.com\\\/#website\"},\"primaryImageOfPage\":{\"@id\":\"https:\\\/\\\/lamaletadelili.com\\\/ca\\\/masquecuentos\\\/sant-jordi-cantat\\\/#primaryimage\"},\"image\":{\"@id\":\"https:\\\/\\\/lamaletadelili.com\\\/ca\\\/masquecuentos\\\/sant-jordi-cantat\\\/#primaryimage\"},\"thumbnailUrl\":\"https:\\\/\\\/lamaletadelili.com\\\/wp-content\\\/uploads\\\/2021\\\/04\\\/Sant-Jordi-Cantat.jpg\",\"datePublished\":\"2022-08-31T09:50:54+00:00\",\"dateModified\":\"2026-02-16T09:38:45+00:00\",\"description\":\"La llegenda de Sant Jordi acompanyada de m\u00fasica i titelles per un p\u00f9blic infantil des d'un any fins als set anys.\",\"breadcrumb\":{\"@id\":\"https:\\\/\\\/lamaletadelili.com\\\/ca\\\/masquecuentos\\\/sant-jordi-cantat\\\/#breadcrumb\"},\"inLanguage\":\"ca\",\"potentialAction\":[{\"@type\":\"ReadAction\",\"target\":[\"https:\\\/\\\/lamaletadelili.com\\\/ca\\\/masquecuentos\\\/sant-jordi-cantat\\\/\"]}]},{\"@type\":\"ImageObject\",\"inLanguage\":\"ca\",\"@id\":\"https:\\\/\\\/lamaletadelili.com\\\/ca\\\/masquecuentos\\\/sant-jordi-cantat\\\/#primaryimage\",\"url\":\"https:\\\/\\\/lamaletadelili.com\\\/wp-content\\\/uploads\\\/2021\\\/04\\\/Sant-Jordi-Cantat.jpg\",\"contentUrl\":\"https:\\\/\\\/lamaletadelili.com\\\/wp-content\\\/uploads\\\/2021\\\/04\\\/Sant-Jordi-Cantat.jpg\",\"width\":600,\"height\":900,\"caption\":\"Contacontes infantiles musicales: Sant Jordi. Imatge de la fada i el peluix d\u00b4un drac amb llibres\"},{\"@type\":\"BreadcrumbList\",\"@id\":\"https:\\\/\\\/lamaletadelili.com\\\/ca\\\/masquecuentos\\\/sant-jordi-cantat\\\/#breadcrumb\",\"itemListElement\":[{\"@type\":\"ListItem\",\"position\":1,\"name\":\"Portada\",\"item\":\"https:\\\/\\\/lamaletadelili.com\\\/ca\\\/\"},{\"@type\":\"ListItem\",\"position\":2,\"name\":\"Sant Jordi Cantat\"}]},{\"@type\":\"WebSite\",\"@id\":\"https:\\\/\\\/lamaletadelili.com\\\/#website\",\"url\":\"https:\\\/\\\/lamaletadelili.com\\\/\",\"name\":\"La maleta de Lili\",\"description\":\"Cuenta cuentos\",\"publisher\":{\"@id\":\"https:\\\/\\\/lamaletadelili.com\\\/#organization\"},\"potentialAction\":[{\"@type\":\"SearchAction\",\"target\":{\"@type\":\"EntryPoint\",\"urlTemplate\":\"https:\\\/\\\/lamaletadelili.com\\\/?s={search_term_string}\"},\"query-input\":{\"@type\":\"PropertyValueSpecification\",\"valueRequired\":true,\"valueName\":\"search_term_string\"}}],\"inLanguage\":\"ca\"},{\"@type\":\"Organization\",\"@id\":\"https:\\\/\\\/lamaletadelili.com\\\/#organization\",\"name\":\"La maleta de Lili\",\"url\":\"https:\\\/\\\/lamaletadelili.com\\\/\",\"logo\":{\"@type\":\"ImageObject\",\"inLanguage\":\"ca\",\"@id\":\"https:\\\/\\\/lamaletadelili.com\\\/#\\\/schema\\\/logo\\\/image\\\/\",\"url\":\"https:\\\/\\\/lamaletadelili.com\\\/wp-content\\\/uploads\\\/2019\\\/07\\\/LOGO-La-maleta-de-Lili-catalan.png\",\"contentUrl\":\"https:\\\/\\\/lamaletadelili.com\\\/wp-content\\\/uploads\\\/2019\\\/07\\\/LOGO-La-maleta-de-Lili-catalan.png\",\"width\":450,\"height\":177,\"caption\":\"La maleta de Lili\"},\"image\":{\"@id\":\"https:\\\/\\\/lamaletadelili.com\\\/#\\\/schema\\\/logo\\\/image\\\/\"}}]}<\/script>\n<!-- \/ Yoast SEO plugin. -->","yoast_head_json":{"title":"Sant Jordi Cantat - La maleta de Lili","description":"La llegenda de Sant Jordi acompanyada de m\u00fasica i titelles per un p\u00f9blic infantil des d'un any fins als set anys.","robots":{"index":"index","follow":"follow","max-snippet":"max-snippet:-1","max-image-preview":"max-image-preview:large","max-video-preview":"max-video-preview:-1"},"canonical":"https:\/\/lamaletadelili.com\/ca\/masquecuentos\/sant-jordi-cantat\/","og_locale":"ca_ES","og_type":"article","og_title":"Sant Jordi Cantat - La maleta de Lili","og_description":"La llegenda de Sant Jordi acompanyada de m\u00fasica i titelles per un p\u00f9blic infantil des d'un any fins als set anys.","og_url":"https:\/\/lamaletadelili.com\/ca\/masquecuentos\/sant-jordi-cantat\/","og_site_name":"La maleta de Lili","article_modified_time":"2026-02-16T09:38:45+00:00","og_image":[{"width":600,"height":900,"url":"https:\/\/lamaletadelili.com\/wp-content\/uploads\/2021\/04\/Sant-Jordi-Cantat.jpg","type":"image\/jpeg"}],"twitter_card":"summary_large_image","twitter_misc":{"Temps estimat de lectura":"2 minuts"},"schema":{"@context":"https:\/\/schema.org","@graph":[{"@type":"WebPage","@id":"https:\/\/lamaletadelili.com\/ca\/masquecuentos\/sant-jordi-cantat\/","url":"https:\/\/lamaletadelili.com\/ca\/masquecuentos\/sant-jordi-cantat\/","name":"Sant Jordi Cantat - La maleta de Lili","isPartOf":{"@id":"https:\/\/lamaletadelili.com\/#website"},"primaryImageOfPage":{"@id":"https:\/\/lamaletadelili.com\/ca\/masquecuentos\/sant-jordi-cantat\/#primaryimage"},"image":{"@id":"https:\/\/lamaletadelili.com\/ca\/masquecuentos\/sant-jordi-cantat\/#primaryimage"},"thumbnailUrl":"https:\/\/lamaletadelili.com\/wp-content\/uploads\/2021\/04\/Sant-Jordi-Cantat.jpg","datePublished":"2022-08-31T09:50:54+00:00","dateModified":"2026-02-16T09:38:45+00:00","description":"La llegenda de Sant Jordi acompanyada de m\u00fasica i titelles per un p\u00f9blic infantil des d'un any fins als set anys.","breadcrumb":{"@id":"https:\/\/lamaletadelili.com\/ca\/masquecuentos\/sant-jordi-cantat\/#breadcrumb"},"inLanguage":"ca","potentialAction":[{"@type":"ReadAction","target":["https:\/\/lamaletadelili.com\/ca\/masquecuentos\/sant-jordi-cantat\/"]}]},{"@type":"ImageObject","inLanguage":"ca","@id":"https:\/\/lamaletadelili.com\/ca\/masquecuentos\/sant-jordi-cantat\/#primaryimage","url":"https:\/\/lamaletadelili.com\/wp-content\/uploads\/2021\/04\/Sant-Jordi-Cantat.jpg","contentUrl":"https:\/\/lamaletadelili.com\/wp-content\/uploads\/2021\/04\/Sant-Jordi-Cantat.jpg","width":600,"height":900,"caption":"Contacontes infantiles musicales: Sant Jordi. Imatge de la fada i el peluix d\u00b4un drac amb llibres"},{"@type":"BreadcrumbList","@id":"https:\/\/lamaletadelili.com\/ca\/masquecuentos\/sant-jordi-cantat\/#breadcrumb","itemListElement":[{"@type":"ListItem","position":1,"name":"Portada","item":"https:\/\/lamaletadelili.com\/ca\/"},{"@type":"ListItem","position":2,"name":"Sant Jordi Cantat"}]},{"@type":"WebSite","@id":"https:\/\/lamaletadelili.com\/#website","url":"https:\/\/lamaletadelili.com\/","name":"La maleta de Lili","description":"Cuenta cuentos","publisher":{"@id":"https:\/\/lamaletadelili.com\/#organization"},"potentialAction":[{"@type":"SearchAction","target":{"@type":"EntryPoint","urlTemplate":"https:\/\/lamaletadelili.com\/?s={search_term_string}"},"query-input":{"@type":"PropertyValueSpecification","valueRequired":true,"valueName":"search_term_string"}}],"inLanguage":"ca"},{"@type":"Organization","@id":"https:\/\/lamaletadelili.com\/#organization","name":"La maleta de Lili","url":"https:\/\/lamaletadelili.com\/","logo":{"@type":"ImageObject","inLanguage":"ca","@id":"https:\/\/lamaletadelili.com\/#\/schema\/logo\/image\/","url":"https:\/\/lamaletadelili.com\/wp-content\/uploads\/2019\/07\/LOGO-La-maleta-de-Lili-catalan.png","contentUrl":"https:\/\/lamaletadelili.com\/wp-content\/uploads\/2019\/07\/LOGO-La-maleta-de-Lili-catalan.png","width":450,"height":177,"caption":"La maleta de Lili"},"image":{"@id":"https:\/\/lamaletadelili.com\/#\/schema\/logo\/image\/"}}]}},"uagb_featured_image_src":{"full":["https:\/\/lamaletadelili.com\/wp-content\/uploads\/2021\/04\/Sant-Jordi-Cantat.jpg",600,900,false],"thumbnail":["https:\/\/lamaletadelili.com\/wp-content\/uploads\/2021\/04\/Sant-Jordi-Cantat-150x150.jpg",150,150,true],"medium":["https:\/\/lamaletadelili.com\/wp-content\/uploads\/2021\/04\/Sant-Jordi-Cantat-143x215.jpg",143,215,true],"medium_large":["https:\/\/lamaletadelili.com\/wp-content\/uploads\/2021\/04\/Sant-Jordi-Cantat.jpg",600,900,false],"large":["https:\/\/lamaletadelili.com\/wp-content\/uploads\/2021\/04\/Sant-Jordi-Cantat-300x450.jpg",300,450,true],"1536x1536":["https:\/\/lamaletadelili.com\/wp-content\/uploads\/2021\/04\/Sant-Jordi-Cantat.jpg",600,900,false],"2048x2048":["https:\/\/lamaletadelili.com\/wp-content\/uploads\/2021\/04\/Sant-Jordi-Cantat.jpg",600,900,false]},"uagb_author_info":{"display_name":"Lili","author_link":"https:\/\/lamaletadelili.com\/ca\/author\/lili\/"},"uagb_comment_info":0,"uagb_excerpt":"La llegenda de Sant Jordi tan coneguda, ens l\u2019expliquen les seves titelles acompanyades de les notes musicals d\u2019un instrument musical.","_links":{"self":[{"href":"https:\/\/lamaletadelili.com\/ca\/wp-json\/wp\/v2\/masquecuentos\/13298","targetHints":{"allow":["GET"]}}],"collection":[{"href":"https:\/\/lamaletadelili.com\/ca\/wp-json\/wp\/v2\/masquecuentos"}],"about":[{"href":"https:\/\/lamaletadelili.com\/ca\/wp-json\/wp\/v2\/types\/masquecuentos"}],"author":[{"embeddable":true,"href":"https:\/\/lamaletadelili.com\/ca\/wp-json\/wp\/v2\/users\/2"}],"version-history":[{"count":0,"href":"https:\/\/lamaletadelili.com\/ca\/wp-json\/wp\/v2\/masquecuentos\/13298\/revisions"}],"wp:featuredmedia":[{"embeddable":true,"href":"https:\/\/lamaletadelili.com\/ca\/wp-json\/wp\/v2\/media\/10254"}],"wp:attachment":[{"href":"https:\/\/lamaletadelili.com\/ca\/wp-json\/wp\/v2\/media?parent=13298"}],"wp:term":[{"taxonomy":"catmqcuentos","embeddable":true,"href":"https:\/\/lamaletadelili.com\/ca\/wp-json\/wp\/v2\/catmqcuentos?post=13298"}],"curies":[{"name":"wp","href":"https:\/\/api.w.org\/{rel}","templated":true}]}}