{"id":13276,"date":"2022-08-31T11:31:28","date_gmt":"2022-08-31T09:31:28","guid":{"rendered":"https:\/\/lamaletadelili.com\/?post_type=masquecuentos&#038;p=13276"},"modified":"2025-06-18T10:44:56","modified_gmt":"2025-06-18T08:44:56","slug":"contes-musicals-de-cargols-i-castanyes","status":"publish","type":"masquecuentos","link":"https:\/\/lamaletadelili.com\/ca\/masquecuentos\/contes-musicals-de-cargols-i-castanyes\/","title":{"rendered":"Contes musicals de cargols i castanyes"},"content":{"rendered":"\n<h2 class=\"wp-block-heading\">Qu\u00e8 \u00e9s?<\/h2>\n\n\n\n<p>Una sessi\u00f3 de contes, la tem\u00e0tica est\u00e0 relacionada amb la tardor, amb m\u00fasica en directe.<\/p>\n\n\n\n<h2 class=\"wp-block-heading\">A qui va dirigit?<\/h2>\n\n\n\n<p>A entitats tant p\u00fabliques com a privades: escoles, biblioteques, associacions, fires\u2026<\/p>\n\n\n\n<p>L\u2019edat recomanada \u00e9s d\u2019un a quatre anys, i es pot fer extensible fins als 6 anys.<\/p>\n\n\n\n<h2 class=\"wp-block-heading\">Que es fa?<\/h2>\n\n\n\n<p>Es prepara l\u2019escenari amb la maleta, les fulles d\u2019arbres i alguns llibres triats de la tem\u00e0tica concreta.<\/p>\n\n\n\n<p>Les fam\u00edlies amb els seus nens s\u00f3n rebudes amb les tonalitats de la m\u00fasica en directe mentre es van adequant a l\u2019espai.<\/p>\n\n\n\n<p>Les can\u00e7ons de la tardor juntament amb els seus contes es barregen amb la m\u00fasica d que m\u2019acompanya durant tota la sessi\u00f3.<\/p>\n\n\n\n<h2 class=\"wp-block-heading\">Materials i recursos utilizats<\/h2>\n\n\n\n<ul class=\"wp-block-list\">\n<li>M\u00fasica en directe.<\/li>\n\n\n\n<li>Llibres i contes seleccionats de la tem\u00e0tica concreta.<\/li>\n\n\n\n<li>Fulles d\u2019arbres.<\/li>\n\n\n\n<li>Paraig\u00fces de colors.<\/li>\n<\/ul>\n","protected":false},"excerpt":{"rendered":"<p>Una sessi\u00f3 de contes, la tem\u00e0tica est\u00e0 relacionada amb la tardor, amb m\u00fasica en directe.<\/p>\n","protected":false},"author":2,"featured_media":13662,"template":"","meta":{"_uag_custom_page_level_css":"","site-sidebar-layout":"default","site-content-layout":"","ast-site-content-layout":"default","site-content-style":"default","site-sidebar-style":"default","ast-global-header-display":"","ast-banner-title-visibility":"","ast-main-header-display":"","ast-hfb-above-header-display":"","ast-hfb-below-header-display":"","ast-hfb-mobile-header-display":"","site-post-title":"","ast-breadcrumbs-content":"","ast-featured-img":"","footer-sml-layout":"","ast-disable-related-posts":"","theme-transparent-header-meta":"","adv-header-id-meta":"","stick-header-meta":"","header-above-stick-meta":"","header-main-stick-meta":"","header-below-stick-meta":"","astra-migrate-meta-layouts":"set","ast-page-background-enabled":"default","ast-page-background-meta":{"desktop":{"background-color":"var(--ast-global-color-4)","background-image":"","background-repeat":"repeat","background-position":"center center","background-size":"auto","background-attachment":"scroll","background-type":"","background-media":"","overlay-type":"","overlay-color":"","overlay-opacity":"","overlay-gradient":""},"tablet":{"background-color":"","background-image":"","background-repeat":"repeat","background-position":"center center","background-size":"auto","background-attachment":"scroll","background-type":"","background-media":"","overlay-type":"","overlay-color":"","overlay-opacity":"","overlay-gradient":""},"mobile":{"background-color":"","background-image":"","background-repeat":"repeat","background-position":"center center","background-size":"auto","background-attachment":"scroll","background-type":"","background-media":"","overlay-type":"","overlay-color":"","overlay-opacity":"","overlay-gradient":""}},"ast-content-background-meta":{"desktop":{"background-color":"var(--ast-global-color-5)","background-image":"","background-repeat":"repeat","background-position":"center center","background-size":"auto","background-attachment":"scroll","background-type":"","background-media":"","overlay-type":"","overlay-color":"","overlay-opacity":"","overlay-gradient":""},"tablet":{"background-color":"var(--ast-global-color-5)","background-image":"","background-repeat":"repeat","background-position":"center center","background-size":"auto","background-attachment":"scroll","background-type":"","background-media":"","overlay-type":"","overlay-color":"","overlay-opacity":"","overlay-gradient":""},"mobile":{"background-color":"var(--ast-global-color-5)","background-image":"","background-repeat":"repeat","background-position":"center center","background-size":"auto","background-attachment":"scroll","background-type":"","background-media":"","overlay-type":"","overlay-color":"","overlay-opacity":"","overlay-gradient":""}},"footnotes":""},"catmqcuentos":[751],"class_list":["post-13276","masquecuentos","type-masquecuentos","status-publish","has-post-thumbnail","hentry","catmqcuentos-contes-musicals"],"yoast_head":"<!-- This site is optimized with the Yoast SEO plugin v27.4 - https:\/\/yoast.com\/product\/yoast-seo-wordpress\/ -->\n<title>Contes musicals de cargols i castanyes - La maleta de Lili<\/title>\n<meta name=\"description\" content=\"Sessi\u00f3 de contes de la tardor amb m\u00fasica en directe per infanst entre 1 a 4 anys ampliable fins als 6 anys\" \/>\n<meta name=\"robots\" content=\"index, follow, max-snippet:-1, max-image-preview:large, max-video-preview:-1\" \/>\n<link rel=\"canonical\" href=\"https:\/\/lamaletadelili.com\/ca\/masquecuentos\/contes-musicals-de-cargols-i-castanyes\/\" \/>\n<meta property=\"og:locale\" content=\"ca_ES\" \/>\n<meta property=\"og:type\" content=\"article\" \/>\n<meta property=\"og:title\" content=\"Contes musicals de cargols i castanyes - La maleta de Lili\" \/>\n<meta property=\"og:description\" content=\"Sessi\u00f3 de contes de la tardor amb m\u00fasica en directe per infanst entre 1 a 4 anys ampliable fins als 6 anys\" \/>\n<meta property=\"og:url\" content=\"https:\/\/lamaletadelili.com\/ca\/masquecuentos\/contes-musicals-de-cargols-i-castanyes\/\" \/>\n<meta property=\"og:site_name\" content=\"La maleta de Lili\" \/>\n<meta property=\"article:modified_time\" content=\"2025-06-18T08:44:56+00:00\" \/>\n<meta property=\"og:image\" content=\"https:\/\/lamaletadelili.com\/wp-content\/uploads\/2022\/09\/Contes-musicals-de-cargols-i-castanyes.jpg\" \/>\n\t<meta property=\"og:image:width\" content=\"800\" \/>\n\t<meta property=\"og:image:height\" content=\"450\" \/>\n\t<meta property=\"og:image:type\" content=\"image\/jpeg\" \/>\n<meta name=\"twitter:card\" content=\"summary_large_image\" \/>\n<meta name=\"twitter:label1\" content=\"Temps estimat de lectura\" \/>\n\t<meta name=\"twitter:data1\" content=\"1 minut\" \/>\n<script type=\"application\/ld+json\" class=\"yoast-schema-graph\">{\"@context\":\"https:\\\/\\\/schema.org\",\"@graph\":[{\"@type\":\"WebPage\",\"@id\":\"https:\\\/\\\/lamaletadelili.com\\\/ca\\\/masquecuentos\\\/contes-musicals-de-cargols-i-castanyes\\\/\",\"url\":\"https:\\\/\\\/lamaletadelili.com\\\/ca\\\/masquecuentos\\\/contes-musicals-de-cargols-i-castanyes\\\/\",\"name\":\"Contes musicals de cargols i castanyes - La maleta de Lili\",\"isPartOf\":{\"@id\":\"https:\\\/\\\/lamaletadelili.com\\\/#website\"},\"primaryImageOfPage\":{\"@id\":\"https:\\\/\\\/lamaletadelili.com\\\/ca\\\/masquecuentos\\\/contes-musicals-de-cargols-i-castanyes\\\/#primaryimage\"},\"image\":{\"@id\":\"https:\\\/\\\/lamaletadelili.com\\\/ca\\\/masquecuentos\\\/contes-musicals-de-cargols-i-castanyes\\\/#primaryimage\"},\"thumbnailUrl\":\"https:\\\/\\\/lamaletadelili.com\\\/wp-content\\\/uploads\\\/2022\\\/09\\\/Contes-musicals-de-cargols-i-castanyes.jpg\",\"datePublished\":\"2022-08-31T09:31:28+00:00\",\"dateModified\":\"2025-06-18T08:44:56+00:00\",\"description\":\"Sessi\u00f3 de contes de la tardor amb m\u00fasica en directe per infanst entre 1 a 4 anys ampliable fins als 6 anys\",\"breadcrumb\":{\"@id\":\"https:\\\/\\\/lamaletadelili.com\\\/ca\\\/masquecuentos\\\/contes-musicals-de-cargols-i-castanyes\\\/#breadcrumb\"},\"inLanguage\":\"ca\",\"potentialAction\":[{\"@type\":\"ReadAction\",\"target\":[\"https:\\\/\\\/lamaletadelili.com\\\/ca\\\/masquecuentos\\\/contes-musicals-de-cargols-i-castanyes\\\/\"]}]},{\"@type\":\"ImageObject\",\"inLanguage\":\"ca\",\"@id\":\"https:\\\/\\\/lamaletadelili.com\\\/ca\\\/masquecuentos\\\/contes-musicals-de-cargols-i-castanyes\\\/#primaryimage\",\"url\":\"https:\\\/\\\/lamaletadelili.com\\\/wp-content\\\/uploads\\\/2022\\\/09\\\/Contes-musicals-de-cargols-i-castanyes.jpg\",\"contentUrl\":\"https:\\\/\\\/lamaletadelili.com\\\/wp-content\\\/uploads\\\/2022\\\/09\\\/Contes-musicals-de-cargols-i-castanyes.jpg\",\"width\":800,\"height\":450,\"caption\":\"Contes musicals de cargols i castanyes. Imatge de la contacontes \u00c1ngeles rodejada de llibres\"},{\"@type\":\"BreadcrumbList\",\"@id\":\"https:\\\/\\\/lamaletadelili.com\\\/ca\\\/masquecuentos\\\/contes-musicals-de-cargols-i-castanyes\\\/#breadcrumb\",\"itemListElement\":[{\"@type\":\"ListItem\",\"position\":1,\"name\":\"Portada\",\"item\":\"https:\\\/\\\/lamaletadelili.com\\\/ca\\\/\"},{\"@type\":\"ListItem\",\"position\":2,\"name\":\"Contes musicals de cargols i castanyes\"}]},{\"@type\":\"WebSite\",\"@id\":\"https:\\\/\\\/lamaletadelili.com\\\/#website\",\"url\":\"https:\\\/\\\/lamaletadelili.com\\\/\",\"name\":\"La maleta de Lili\",\"description\":\"Cuenta cuentos\",\"publisher\":{\"@id\":\"https:\\\/\\\/lamaletadelili.com\\\/#organization\"},\"potentialAction\":[{\"@type\":\"SearchAction\",\"target\":{\"@type\":\"EntryPoint\",\"urlTemplate\":\"https:\\\/\\\/lamaletadelili.com\\\/?s={search_term_string}\"},\"query-input\":{\"@type\":\"PropertyValueSpecification\",\"valueRequired\":true,\"valueName\":\"search_term_string\"}}],\"inLanguage\":\"ca\"},{\"@type\":\"Organization\",\"@id\":\"https:\\\/\\\/lamaletadelili.com\\\/#organization\",\"name\":\"La maleta de Lili\",\"url\":\"https:\\\/\\\/lamaletadelili.com\\\/\",\"logo\":{\"@type\":\"ImageObject\",\"inLanguage\":\"ca\",\"@id\":\"https:\\\/\\\/lamaletadelili.com\\\/#\\\/schema\\\/logo\\\/image\\\/\",\"url\":\"https:\\\/\\\/lamaletadelili.com\\\/wp-content\\\/uploads\\\/2019\\\/07\\\/LOGO-La-maleta-de-Lili-catalan.png\",\"contentUrl\":\"https:\\\/\\\/lamaletadelili.com\\\/wp-content\\\/uploads\\\/2019\\\/07\\\/LOGO-La-maleta-de-Lili-catalan.png\",\"width\":450,\"height\":177,\"caption\":\"La maleta de Lili\"},\"image\":{\"@id\":\"https:\\\/\\\/lamaletadelili.com\\\/#\\\/schema\\\/logo\\\/image\\\/\"}}]}<\/script>\n<!-- \/ Yoast SEO plugin. -->","yoast_head_json":{"title":"Contes musicals de cargols i castanyes - La maleta de Lili","description":"Sessi\u00f3 de contes de la tardor amb m\u00fasica en directe per infanst entre 1 a 4 anys ampliable fins als 6 anys","robots":{"index":"index","follow":"follow","max-snippet":"max-snippet:-1","max-image-preview":"max-image-preview:large","max-video-preview":"max-video-preview:-1"},"canonical":"https:\/\/lamaletadelili.com\/ca\/masquecuentos\/contes-musicals-de-cargols-i-castanyes\/","og_locale":"ca_ES","og_type":"article","og_title":"Contes musicals de cargols i castanyes - La maleta de Lili","og_description":"Sessi\u00f3 de contes de la tardor amb m\u00fasica en directe per infanst entre 1 a 4 anys ampliable fins als 6 anys","og_url":"https:\/\/lamaletadelili.com\/ca\/masquecuentos\/contes-musicals-de-cargols-i-castanyes\/","og_site_name":"La maleta de Lili","article_modified_time":"2025-06-18T08:44:56+00:00","og_image":[{"width":800,"height":450,"url":"https:\/\/lamaletadelili.com\/wp-content\/uploads\/2022\/09\/Contes-musicals-de-cargols-i-castanyes.jpg","type":"image\/jpeg"}],"twitter_card":"summary_large_image","twitter_misc":{"Temps estimat de lectura":"1 minut"},"schema":{"@context":"https:\/\/schema.org","@graph":[{"@type":"WebPage","@id":"https:\/\/lamaletadelili.com\/ca\/masquecuentos\/contes-musicals-de-cargols-i-castanyes\/","url":"https:\/\/lamaletadelili.com\/ca\/masquecuentos\/contes-musicals-de-cargols-i-castanyes\/","name":"Contes musicals de cargols i castanyes - La maleta de Lili","isPartOf":{"@id":"https:\/\/lamaletadelili.com\/#website"},"primaryImageOfPage":{"@id":"https:\/\/lamaletadelili.com\/ca\/masquecuentos\/contes-musicals-de-cargols-i-castanyes\/#primaryimage"},"image":{"@id":"https:\/\/lamaletadelili.com\/ca\/masquecuentos\/contes-musicals-de-cargols-i-castanyes\/#primaryimage"},"thumbnailUrl":"https:\/\/lamaletadelili.com\/wp-content\/uploads\/2022\/09\/Contes-musicals-de-cargols-i-castanyes.jpg","datePublished":"2022-08-31T09:31:28+00:00","dateModified":"2025-06-18T08:44:56+00:00","description":"Sessi\u00f3 de contes de la tardor amb m\u00fasica en directe per infanst entre 1 a 4 anys ampliable fins als 6 anys","breadcrumb":{"@id":"https:\/\/lamaletadelili.com\/ca\/masquecuentos\/contes-musicals-de-cargols-i-castanyes\/#breadcrumb"},"inLanguage":"ca","potentialAction":[{"@type":"ReadAction","target":["https:\/\/lamaletadelili.com\/ca\/masquecuentos\/contes-musicals-de-cargols-i-castanyes\/"]}]},{"@type":"ImageObject","inLanguage":"ca","@id":"https:\/\/lamaletadelili.com\/ca\/masquecuentos\/contes-musicals-de-cargols-i-castanyes\/#primaryimage","url":"https:\/\/lamaletadelili.com\/wp-content\/uploads\/2022\/09\/Contes-musicals-de-cargols-i-castanyes.jpg","contentUrl":"https:\/\/lamaletadelili.com\/wp-content\/uploads\/2022\/09\/Contes-musicals-de-cargols-i-castanyes.jpg","width":800,"height":450,"caption":"Contes musicals de cargols i castanyes. Imatge de la contacontes \u00c1ngeles rodejada de llibres"},{"@type":"BreadcrumbList","@id":"https:\/\/lamaletadelili.com\/ca\/masquecuentos\/contes-musicals-de-cargols-i-castanyes\/#breadcrumb","itemListElement":[{"@type":"ListItem","position":1,"name":"Portada","item":"https:\/\/lamaletadelili.com\/ca\/"},{"@type":"ListItem","position":2,"name":"Contes musicals de cargols i castanyes"}]},{"@type":"WebSite","@id":"https:\/\/lamaletadelili.com\/#website","url":"https:\/\/lamaletadelili.com\/","name":"La maleta de Lili","description":"Cuenta cuentos","publisher":{"@id":"https:\/\/lamaletadelili.com\/#organization"},"potentialAction":[{"@type":"SearchAction","target":{"@type":"EntryPoint","urlTemplate":"https:\/\/lamaletadelili.com\/?s={search_term_string}"},"query-input":{"@type":"PropertyValueSpecification","valueRequired":true,"valueName":"search_term_string"}}],"inLanguage":"ca"},{"@type":"Organization","@id":"https:\/\/lamaletadelili.com\/#organization","name":"La maleta de Lili","url":"https:\/\/lamaletadelili.com\/","logo":{"@type":"ImageObject","inLanguage":"ca","@id":"https:\/\/lamaletadelili.com\/#\/schema\/logo\/image\/","url":"https:\/\/lamaletadelili.com\/wp-content\/uploads\/2019\/07\/LOGO-La-maleta-de-Lili-catalan.png","contentUrl":"https:\/\/lamaletadelili.com\/wp-content\/uploads\/2019\/07\/LOGO-La-maleta-de-Lili-catalan.png","width":450,"height":177,"caption":"La maleta de Lili"},"image":{"@id":"https:\/\/lamaletadelili.com\/#\/schema\/logo\/image\/"}}]}},"uagb_featured_image_src":{"full":["https:\/\/lamaletadelili.com\/wp-content\/uploads\/2022\/09\/Contes-musicals-de-cargols-i-castanyes.jpg",800,450,false],"thumbnail":["https:\/\/lamaletadelili.com\/wp-content\/uploads\/2022\/09\/Contes-musicals-de-cargols-i-castanyes-150x150.jpg",150,150,true],"medium":["https:\/\/lamaletadelili.com\/wp-content\/uploads\/2022\/09\/Contes-musicals-de-cargols-i-castanyes-380x215.jpg",380,215,true],"medium_large":["https:\/\/lamaletadelili.com\/wp-content\/uploads\/2022\/09\/Contes-musicals-de-cargols-i-castanyes-768x432.jpg",768,432,true],"large":["https:\/\/lamaletadelili.com\/wp-content\/uploads\/2022\/09\/Contes-musicals-de-cargols-i-castanyes-800x450.jpg",800,450,true],"1536x1536":["https:\/\/lamaletadelili.com\/wp-content\/uploads\/2022\/09\/Contes-musicals-de-cargols-i-castanyes.jpg",800,450,false],"2048x2048":["https:\/\/lamaletadelili.com\/wp-content\/uploads\/2022\/09\/Contes-musicals-de-cargols-i-castanyes.jpg",800,450,false]},"uagb_author_info":{"display_name":"Lili","author_link":"https:\/\/lamaletadelili.com\/ca\/author\/lili\/"},"uagb_comment_info":0,"uagb_excerpt":"Una sessi\u00f3 de contes, la tem\u00e0tica est\u00e0 relacionada amb la tardor, amb m\u00fasica en directe.","_links":{"self":[{"href":"https:\/\/lamaletadelili.com\/ca\/wp-json\/wp\/v2\/masquecuentos\/13276","targetHints":{"allow":["GET"]}}],"collection":[{"href":"https:\/\/lamaletadelili.com\/ca\/wp-json\/wp\/v2\/masquecuentos"}],"about":[{"href":"https:\/\/lamaletadelili.com\/ca\/wp-json\/wp\/v2\/types\/masquecuentos"}],"author":[{"embeddable":true,"href":"https:\/\/lamaletadelili.com\/ca\/wp-json\/wp\/v2\/users\/2"}],"version-history":[{"count":0,"href":"https:\/\/lamaletadelili.com\/ca\/wp-json\/wp\/v2\/masquecuentos\/13276\/revisions"}],"wp:featuredmedia":[{"embeddable":true,"href":"https:\/\/lamaletadelili.com\/ca\/wp-json\/wp\/v2\/media\/13662"}],"wp:attachment":[{"href":"https:\/\/lamaletadelili.com\/ca\/wp-json\/wp\/v2\/media?parent=13276"}],"wp:term":[{"taxonomy":"catmqcuentos","embeddable":true,"href":"https:\/\/lamaletadelili.com\/ca\/wp-json\/wp\/v2\/catmqcuentos?post=13276"}],"curies":[{"name":"wp","href":"https:\/\/api.w.org\/{rel}","templated":true}]}}