{"id":13267,"date":"2022-08-31T11:20:19","date_gmt":"2022-08-31T09:20:19","guid":{"rendered":"https:\/\/lamaletadelili.com\/?post_type=masquecuentos&#038;p=13267"},"modified":"2022-09-01T11:54:49","modified_gmt":"2022-09-01T09:54:49","slug":"holaaa-olaaa","status":"publish","type":"masquecuentos","link":"https:\/\/lamaletadelili.com\/ca\/masquecuentos\/holaaa-olaaa\/","title":{"rendered":"Holaaa olaaa!"},"content":{"rendered":"\n<h2 class=\"wp-block-heading\">Qu\u00e8 \u00e9s?<\/h2>\n\n\n\n<p>Una proposta que combina l\u2019escolta amb la il.lustraci\u00f3 definida per l\u2019\u00e0lbum <strong>\u201cLa Ola\u201d<\/strong> de <strong><a rel=\"noreferrer noopener\" href=\"http:\/\/www.suzyleebooks.com\/\" target=\"_blank\">Suzy Lee<\/a><\/strong>.<br>La part m\u00e9s activa i col.laborativa al moment en que els infants poden dibuixar i estampar amb el material proposat.<\/p>\n\n\n\n<h2 class=\"wp-block-heading\">A qui va dirigit?<\/h2>\n\n\n\n<ul class=\"wp-block-list\"><li>Biblioteques<\/li><li>Escola Bressol i Escola Infantil (Primer cicle)<\/li><\/ul>\n\n\n\n<ul class=\"wp-block-list\"><li>Associacions i entitats tant privades com p\u00fabliques<\/li><\/ul>\n\n\n\n<p>Infants de <strong>1 a 4 anys<\/strong> o de <strong>3 a 6 anys<\/strong>.<\/p>\n\n\n\n<h2 class=\"wp-block-heading\">Qu\u00e8 es fa?<\/h2>\n\n\n\n<p>Es prepara previament l\u2019espai:<\/p>\n\n\n\n<ul class=\"wp-block-list\"><li>Amb pufs, catifes i cadires per seure.<\/li><li>A sobre d\u2019una paret tan l\u2019\u00c1ngeles com la il.lustradora posen el paper d\u2019embalar blanc,<\/li><li>\u00c9s possible que ja estigui il.lustrada una mica d\u2019una escena de mesures grans relacionada amb la hist\u00f2ria.<\/li><li>Al costat del mural posaran tot el <strong>material necessari<\/strong> com:<ul><li><em>Esponges <\/em>en forma de peix, calamars, estrelles de mar<\/li><li><em>Pintura de dits<\/em><\/li><li><em>Pinzells.<\/em><\/li><\/ul><\/li><\/ul>\n\n\n\n<p>Jo, mestretant espero a que les fam\u00edlies arribin amb els seus petits.<\/p>\n\n\n\n<p>I, de sobte! tot comenca!: Surt de la maleta per con\u00e8ixer als infants, per explicar la hist\u00f2ria.<\/p>\n\n\n\n<p>Per\u00f2 espereu, NO marxeu que ara b\u00e9 la part m\u00e9s divertida anent junts a pintar, a estampar a sobre de la il.lustracci\u00f3!<\/p>\n\n\n\n<h2 class=\"wp-block-heading\">Materials i recursos utilitzats<\/h2>\n\n\n\n<p>Tot el material que s\u2019utilitza s\u2019ha tingut en compte per tal de que no sigui t\u00f2xic i adaptable a les edats a que va destinat:<\/p>\n\n\n\n<ul class=\"wp-block-list\"><li>Paper d\u2019embalar blanc.<\/li><li>Cartrons per folrar el terra.<\/li><li>Esponges de diferents formes relacionades amb el context del llibre escogit.<\/li><li>Pintura de dits blanca i blava.<\/li><li>Pincells.<\/li><li>Tovalloletes humides per rentar les mans.<\/li><\/ul>\n","protected":false},"excerpt":{"rendered":"<p>Una proposta que combina l\u2019escolta amb la il.lustraci\u00f3 definida per l\u2019\u00e0lbum \u201cLa Ola\u201d de Suzy Lee.<br \/>\nLa part m\u00e9s activa i col.laborativa al moment en que els infants poden dibuixar i estampar amb el material proposat.<\/p>\n","protected":false},"author":2,"featured_media":6205,"template":"","meta":{"_uag_custom_page_level_css":"","site-sidebar-layout":"default","site-content-layout":"","ast-site-content-layout":"default","site-content-style":"default","site-sidebar-style":"default","ast-global-header-display":"","ast-banner-title-visibility":"","ast-main-header-display":"","ast-hfb-above-header-display":"","ast-hfb-below-header-display":"","ast-hfb-mobile-header-display":"","site-post-title":"","ast-breadcrumbs-content":"","ast-featured-img":"","footer-sml-layout":"","ast-disable-related-posts":"","theme-transparent-header-meta":"","adv-header-id-meta":"","stick-header-meta":"","header-above-stick-meta":"","header-main-stick-meta":"","header-below-stick-meta":"","astra-migrate-meta-layouts":"default","ast-page-background-enabled":"default","ast-page-background-meta":{"desktop":{"background-color":"var(--ast-global-color-4)","background-image":"","background-repeat":"repeat","background-position":"center center","background-size":"auto","background-attachment":"scroll","background-type":"","background-media":"","overlay-type":"","overlay-color":"","overlay-opacity":"","overlay-gradient":""},"tablet":{"background-color":"","background-image":"","background-repeat":"repeat","background-position":"center center","background-size":"auto","background-attachment":"scroll","background-type":"","background-media":"","overlay-type":"","overlay-color":"","overlay-opacity":"","overlay-gradient":""},"mobile":{"background-color":"","background-image":"","background-repeat":"repeat","background-position":"center center","background-size":"auto","background-attachment":"scroll","background-type":"","background-media":"","overlay-type":"","overlay-color":"","overlay-opacity":"","overlay-gradient":""}},"ast-content-background-meta":{"desktop":{"background-color":"var(--ast-global-color-5)","background-image":"","background-repeat":"repeat","background-position":"center center","background-size":"auto","background-attachment":"scroll","background-type":"","background-media":"","overlay-type":"","overlay-color":"","overlay-opacity":"","overlay-gradient":""},"tablet":{"background-color":"var(--ast-global-color-5)","background-image":"","background-repeat":"repeat","background-position":"center center","background-size":"auto","background-attachment":"scroll","background-type":"","background-media":"","overlay-type":"","overlay-color":"","overlay-opacity":"","overlay-gradient":""},"mobile":{"background-color":"var(--ast-global-color-5)","background-image":"","background-repeat":"repeat","background-position":"center center","background-size":"auto","background-attachment":"scroll","background-type":"","background-media":"","overlay-type":"","overlay-color":"","overlay-opacity":"","overlay-gradient":""}},"footnotes":""},"catmqcuentos":[752],"class_list":["post-13267","masquecuentos","type-masquecuentos","status-publish","has-post-thumbnail","hentry","catmqcuentos-llibres-experimentals"],"yoast_head":"<!-- This site is optimized with the Yoast SEO plugin v27.4 - https:\/\/yoast.com\/product\/yoast-seo-wordpress\/ -->\n<title>Holaaa olaaa! - La maleta de Lili<\/title>\n<meta name=\"robots\" content=\"index, follow, max-snippet:-1, max-image-preview:large, max-video-preview:-1\" \/>\n<link rel=\"canonical\" href=\"https:\/\/lamaletadelili.com\/masquecuentos\/holaaa-olaaa\/\" \/>\n<meta property=\"og:locale\" content=\"ca_ES\" \/>\n<meta property=\"og:type\" content=\"article\" \/>\n<meta property=\"og:title\" content=\"Holaaa olaaa! - La maleta de Lili\" \/>\n<meta property=\"og:description\" content=\"Una proposta que combina l\u2019escolta amb la il.lustraci\u00f3 definida per l\u2019\u00e0lbum \u201cLa Ola\u201d de Suzy Lee. La part m\u00e9s activa i col.laborativa al moment en que els infants poden dibuixar i estampar amb el material proposat.\" \/>\n<meta property=\"og:url\" content=\"https:\/\/lamaletadelili.com\/masquecuentos\/holaaa-olaaa\/\" \/>\n<meta property=\"og:site_name\" content=\"La maleta de Lili\" \/>\n<meta property=\"article:modified_time\" content=\"2022-09-01T09:54:49+00:00\" \/>\n<meta property=\"og:image\" content=\"https:\/\/lamaletadelili.com\/wp-content\/uploads\/2019\/07\/La-Ola.jpg\" \/>\n\t<meta property=\"og:image:width\" content=\"800\" \/>\n\t<meta property=\"og:image:height\" content=\"443\" \/>\n\t<meta property=\"og:image:type\" content=\"image\/jpeg\" \/>\n<meta name=\"twitter:card\" content=\"summary_large_image\" \/>\n<meta name=\"twitter:label1\" content=\"Temps estimat de lectura\" \/>\n\t<meta name=\"twitter:data1\" content=\"1 minut\" \/>\n<script type=\"application\/ld+json\" class=\"yoast-schema-graph\">{\"@context\":\"https:\\\/\\\/schema.org\",\"@graph\":[{\"@type\":\"WebPage\",\"@id\":\"https:\\\/\\\/lamaletadelili.com\\\/masquecuentos\\\/holaaa-olaaa\\\/\",\"url\":\"https:\\\/\\\/lamaletadelili.com\\\/masquecuentos\\\/holaaa-olaaa\\\/\",\"name\":\"Holaaa olaaa! - La maleta de Lili\",\"isPartOf\":{\"@id\":\"https:\\\/\\\/lamaletadelili.com\\\/#website\"},\"primaryImageOfPage\":{\"@id\":\"https:\\\/\\\/lamaletadelili.com\\\/masquecuentos\\\/holaaa-olaaa\\\/#primaryimage\"},\"image\":{\"@id\":\"https:\\\/\\\/lamaletadelili.com\\\/masquecuentos\\\/holaaa-olaaa\\\/#primaryimage\"},\"thumbnailUrl\":\"https:\\\/\\\/lamaletadelili.com\\\/wp-content\\\/uploads\\\/2019\\\/07\\\/La-Ola.jpg\",\"datePublished\":\"2022-08-31T09:20:19+00:00\",\"dateModified\":\"2022-09-01T09:54:49+00:00\",\"breadcrumb\":{\"@id\":\"https:\\\/\\\/lamaletadelili.com\\\/masquecuentos\\\/holaaa-olaaa\\\/#breadcrumb\"},\"inLanguage\":\"ca\",\"potentialAction\":[{\"@type\":\"ReadAction\",\"target\":[\"https:\\\/\\\/lamaletadelili.com\\\/masquecuentos\\\/holaaa-olaaa\\\/\"]}]},{\"@type\":\"ImageObject\",\"inLanguage\":\"ca\",\"@id\":\"https:\\\/\\\/lamaletadelili.com\\\/masquecuentos\\\/holaaa-olaaa\\\/#primaryimage\",\"url\":\"https:\\\/\\\/lamaletadelili.com\\\/wp-content\\\/uploads\\\/2019\\\/07\\\/La-Ola.jpg\",\"contentUrl\":\"https:\\\/\\\/lamaletadelili.com\\\/wp-content\\\/uploads\\\/2019\\\/07\\\/La-Ola.jpg\",\"width\":800,\"height\":443},{\"@type\":\"BreadcrumbList\",\"@id\":\"https:\\\/\\\/lamaletadelili.com\\\/masquecuentos\\\/holaaa-olaaa\\\/#breadcrumb\",\"itemListElement\":[{\"@type\":\"ListItem\",\"position\":1,\"name\":\"Portada\",\"item\":\"https:\\\/\\\/lamaletadelili.com\\\/ca\\\/\"},{\"@type\":\"ListItem\",\"position\":2,\"name\":\"Holaaa olaaa!\"}]},{\"@type\":\"WebSite\",\"@id\":\"https:\\\/\\\/lamaletadelili.com\\\/#website\",\"url\":\"https:\\\/\\\/lamaletadelili.com\\\/\",\"name\":\"La maleta de Lili\",\"description\":\"Cuenta cuentos\",\"publisher\":{\"@id\":\"https:\\\/\\\/lamaletadelili.com\\\/#organization\"},\"potentialAction\":[{\"@type\":\"SearchAction\",\"target\":{\"@type\":\"EntryPoint\",\"urlTemplate\":\"https:\\\/\\\/lamaletadelili.com\\\/?s={search_term_string}\"},\"query-input\":{\"@type\":\"PropertyValueSpecification\",\"valueRequired\":true,\"valueName\":\"search_term_string\"}}],\"inLanguage\":\"ca\"},{\"@type\":\"Organization\",\"@id\":\"https:\\\/\\\/lamaletadelili.com\\\/#organization\",\"name\":\"La maleta de Lili\",\"url\":\"https:\\\/\\\/lamaletadelili.com\\\/\",\"logo\":{\"@type\":\"ImageObject\",\"inLanguage\":\"ca\",\"@id\":\"https:\\\/\\\/lamaletadelili.com\\\/#\\\/schema\\\/logo\\\/image\\\/\",\"url\":\"https:\\\/\\\/lamaletadelili.com\\\/wp-content\\\/uploads\\\/2019\\\/07\\\/LOGO-La-maleta-de-Lili-catalan.png\",\"contentUrl\":\"https:\\\/\\\/lamaletadelili.com\\\/wp-content\\\/uploads\\\/2019\\\/07\\\/LOGO-La-maleta-de-Lili-catalan.png\",\"width\":450,\"height\":177,\"caption\":\"La maleta de Lili\"},\"image\":{\"@id\":\"https:\\\/\\\/lamaletadelili.com\\\/#\\\/schema\\\/logo\\\/image\\\/\"}}]}<\/script>\n<!-- \/ Yoast SEO plugin. -->","yoast_head_json":{"title":"Holaaa olaaa! - La maleta de Lili","robots":{"index":"index","follow":"follow","max-snippet":"max-snippet:-1","max-image-preview":"max-image-preview:large","max-video-preview":"max-video-preview:-1"},"canonical":"https:\/\/lamaletadelili.com\/masquecuentos\/holaaa-olaaa\/","og_locale":"ca_ES","og_type":"article","og_title":"Holaaa olaaa! - La maleta de Lili","og_description":"Una proposta que combina l\u2019escolta amb la il.lustraci\u00f3 definida per l\u2019\u00e0lbum \u201cLa Ola\u201d de Suzy Lee. La part m\u00e9s activa i col.laborativa al moment en que els infants poden dibuixar i estampar amb el material proposat.","og_url":"https:\/\/lamaletadelili.com\/masquecuentos\/holaaa-olaaa\/","og_site_name":"La maleta de Lili","article_modified_time":"2022-09-01T09:54:49+00:00","og_image":[{"width":800,"height":443,"url":"https:\/\/lamaletadelili.com\/wp-content\/uploads\/2019\/07\/La-Ola.jpg","type":"image\/jpeg"}],"twitter_card":"summary_large_image","twitter_misc":{"Temps estimat de lectura":"1 minut"},"schema":{"@context":"https:\/\/schema.org","@graph":[{"@type":"WebPage","@id":"https:\/\/lamaletadelili.com\/masquecuentos\/holaaa-olaaa\/","url":"https:\/\/lamaletadelili.com\/masquecuentos\/holaaa-olaaa\/","name":"Holaaa olaaa! - La maleta de Lili","isPartOf":{"@id":"https:\/\/lamaletadelili.com\/#website"},"primaryImageOfPage":{"@id":"https:\/\/lamaletadelili.com\/masquecuentos\/holaaa-olaaa\/#primaryimage"},"image":{"@id":"https:\/\/lamaletadelili.com\/masquecuentos\/holaaa-olaaa\/#primaryimage"},"thumbnailUrl":"https:\/\/lamaletadelili.com\/wp-content\/uploads\/2019\/07\/La-Ola.jpg","datePublished":"2022-08-31T09:20:19+00:00","dateModified":"2022-09-01T09:54:49+00:00","breadcrumb":{"@id":"https:\/\/lamaletadelili.com\/masquecuentos\/holaaa-olaaa\/#breadcrumb"},"inLanguage":"ca","potentialAction":[{"@type":"ReadAction","target":["https:\/\/lamaletadelili.com\/masquecuentos\/holaaa-olaaa\/"]}]},{"@type":"ImageObject","inLanguage":"ca","@id":"https:\/\/lamaletadelili.com\/masquecuentos\/holaaa-olaaa\/#primaryimage","url":"https:\/\/lamaletadelili.com\/wp-content\/uploads\/2019\/07\/La-Ola.jpg","contentUrl":"https:\/\/lamaletadelili.com\/wp-content\/uploads\/2019\/07\/La-Ola.jpg","width":800,"height":443},{"@type":"BreadcrumbList","@id":"https:\/\/lamaletadelili.com\/masquecuentos\/holaaa-olaaa\/#breadcrumb","itemListElement":[{"@type":"ListItem","position":1,"name":"Portada","item":"https:\/\/lamaletadelili.com\/ca\/"},{"@type":"ListItem","position":2,"name":"Holaaa olaaa!"}]},{"@type":"WebSite","@id":"https:\/\/lamaletadelili.com\/#website","url":"https:\/\/lamaletadelili.com\/","name":"La maleta de Lili","description":"Cuenta cuentos","publisher":{"@id":"https:\/\/lamaletadelili.com\/#organization"},"potentialAction":[{"@type":"SearchAction","target":{"@type":"EntryPoint","urlTemplate":"https:\/\/lamaletadelili.com\/?s={search_term_string}"},"query-input":{"@type":"PropertyValueSpecification","valueRequired":true,"valueName":"search_term_string"}}],"inLanguage":"ca"},{"@type":"Organization","@id":"https:\/\/lamaletadelili.com\/#organization","name":"La maleta de Lili","url":"https:\/\/lamaletadelili.com\/","logo":{"@type":"ImageObject","inLanguage":"ca","@id":"https:\/\/lamaletadelili.com\/#\/schema\/logo\/image\/","url":"https:\/\/lamaletadelili.com\/wp-content\/uploads\/2019\/07\/LOGO-La-maleta-de-Lili-catalan.png","contentUrl":"https:\/\/lamaletadelili.com\/wp-content\/uploads\/2019\/07\/LOGO-La-maleta-de-Lili-catalan.png","width":450,"height":177,"caption":"La maleta de Lili"},"image":{"@id":"https:\/\/lamaletadelili.com\/#\/schema\/logo\/image\/"}}]}},"uagb_featured_image_src":{"full":["https:\/\/lamaletadelili.com\/wp-content\/uploads\/2019\/07\/La-Ola.jpg",800,443,false],"thumbnail":["https:\/\/lamaletadelili.com\/wp-content\/uploads\/2019\/07\/La-Ola-150x150.jpg",150,150,true],"medium":["https:\/\/lamaletadelili.com\/wp-content\/uploads\/2019\/07\/La-Ola-380x210.jpg",380,210,true],"medium_large":["https:\/\/lamaletadelili.com\/wp-content\/uploads\/2019\/07\/La-Ola-768x425.jpg",768,425,true],"large":["https:\/\/lamaletadelili.com\/wp-content\/uploads\/2019\/07\/La-Ola-800x443.jpg",800,443,true],"1536x1536":["https:\/\/lamaletadelili.com\/wp-content\/uploads\/2019\/07\/La-Ola.jpg",800,443,false],"2048x2048":["https:\/\/lamaletadelili.com\/wp-content\/uploads\/2019\/07\/La-Ola.jpg",800,443,false]},"uagb_author_info":{"display_name":"Lili","author_link":"https:\/\/lamaletadelili.com\/ca\/author\/lili\/"},"uagb_comment_info":0,"uagb_excerpt":"Una proposta que combina l\u2019escolta amb la il.lustraci\u00f3 definida per l\u2019\u00e0lbum \u201cLa Ola\u201d de Suzy Lee. La part m\u00e9s activa i col.laborativa al moment en que els infants poden dibuixar i estampar amb el material proposat.","_links":{"self":[{"href":"https:\/\/lamaletadelili.com\/ca\/wp-json\/wp\/v2\/masquecuentos\/13267","targetHints":{"allow":["GET"]}}],"collection":[{"href":"https:\/\/lamaletadelili.com\/ca\/wp-json\/wp\/v2\/masquecuentos"}],"about":[{"href":"https:\/\/lamaletadelili.com\/ca\/wp-json\/wp\/v2\/types\/masquecuentos"}],"author":[{"embeddable":true,"href":"https:\/\/lamaletadelili.com\/ca\/wp-json\/wp\/v2\/users\/2"}],"version-history":[{"count":0,"href":"https:\/\/lamaletadelili.com\/ca\/wp-json\/wp\/v2\/masquecuentos\/13267\/revisions"}],"wp:featuredmedia":[{"embeddable":true,"href":"https:\/\/lamaletadelili.com\/ca\/wp-json\/wp\/v2\/media\/6205"}],"wp:attachment":[{"href":"https:\/\/lamaletadelili.com\/ca\/wp-json\/wp\/v2\/media?parent=13267"}],"wp:term":[{"taxonomy":"catmqcuentos","embeddable":true,"href":"https:\/\/lamaletadelili.com\/ca\/wp-json\/wp\/v2\/catmqcuentos?post=13267"}],"curies":[{"name":"wp","href":"https:\/\/api.w.org\/{rel}","templated":true}]}}